{"id":25757,"date":"2026-03-24T10:34:38","date_gmt":"2026-03-24T09:34:38","guid":{"rendered":"https:\/\/turismo.elejido.es\/?post_type=mec-events&#038;p=25757"},"modified":"2026-03-24T10:35:26","modified_gmt":"2026-03-24T09:35:26","slug":"producciones-come-y-calla-las-amistades-peligrosas","status":"publish","type":"mec-events","link":"https:\/\/turismo.elejido.es\/index.php\/events\/producciones-come-y-calla-las-amistades-peligrosas\/","title":{"rendered":"Producciones Come y Calla \u00abLas amistades peligrosas\u00bb"},"content":{"rendered":"\n<div class=\"wp-block-nk-awb nk-awb alturaSlider is-layout-constrained wp-block-nk-awb-is-layout-constrained\"><div class=\"nk-awb-wrap\" data-awb-type=\"image\" data-awb-parallax=\"scroll\" data-awb-parallax-speed=\"0.5\" data-awb-parallax-mobile=\"false\" data-awb-image-background-size=\"cover\" data-awb-image-background-position=\"52% 0%\"><div class=\"nk-awb-inner\"><img loading=\"lazy\" decoding=\"async\" src=\"https:\/\/turismo.elejido.es\/wp-content\/uploads\/2026\/03\/CARTEL_LASAMISTADESPELIGROSAS_OK-Cropped.jpg\" class=\"wp-image-25759 jarallax-img\" width=\"600\" height=\"600\" srcset=\"https:\/\/turismo.elejido.es\/wp-content\/uploads\/2026\/03\/CARTEL_LASAMISTADESPELIGROSAS_OK-Cropped.jpg 600w, https:\/\/turismo.elejido.es\/wp-content\/uploads\/2026\/03\/CARTEL_LASAMISTADESPELIGROSAS_OK-Cropped-500x500.jpg 500w, https:\/\/turismo.elejido.es\/wp-content\/uploads\/2026\/03\/CARTEL_LASAMISTADESPELIGROSAS_OK-Cropped-150x150.jpg 150w, https:\/\/turismo.elejido.es\/wp-content\/uploads\/2026\/03\/CARTEL_LASAMISTADESPELIGROSAS_OK-Cropped-300x300.jpg 300w\" sizes=\"auto, (max-width: 600px) 100vw, 600px\" \/><\/div><\/div><div class=\"nk-awb-wrap-content\"><\/div><\/div>\n\n\n\n<div style=\"height:40px\" aria-hidden=\"true\" class=\"wp-block-spacer\"><\/div>\n\n\n<div class=\"breadcrumbs align  wp-block-bcn-breadcrumb-trail has-text-color has-background\" vocab=\"https:\/\/schema.org\/\" typeof=\"BreadcrumbList\">\n\t<span><\/span>\n\t<span property=\"itemListElement\" typeof=\"ListItem\"><a property=\"item\" typeof=\"WebPage\" title=\"Ir a Turismo El Ejido.\" href=\"https:\/\/turismo.elejido.es\" class=\"home\" aria-current=\"page\"><span property=\"name\">Turismo El Ejido<\/span><\/a><meta property=\"position\" content=\"1\"><\/span><\/div>\n\n\n\n<div style=\"height:50px\" aria-hidden=\"true\" class=\"wp-block-spacer\"><\/div>\n\n\n\n<h1 class=\"wp-block-heading\">Producciones Come y Calla \u00abLas amistades peligrosas\u00bb<\/h1>\n\n\n\n<div style=\"height:25px\" aria-hidden=\"true\" class=\"wp-block-spacer\"><\/div>\n\n\n\n<p>Evento de la 49\u00aa edici\u00f3n del Festival de Teatro El Ejido.<\/p>\n\n\n\n<p>\u201cLas amistades peligrosas\u201d es una obra de Christopher Hampton basada en la novela de Choderlos de Laclos que sigue m\u00e1s vigente que nunca. Valmont y Merteuil, dos personajes fascinantes y sin l\u00edmites morales, muestran c\u00f3mo el poder, el dinero y el deseo pueden manipular a los dem\u00e1s.<\/p>\n\n\n\n<p>La obra habla de abuso, manipulaci\u00f3n y esc\u00e1ndalos que siguen ocurriendo hoy, record\u00e1ndonos que, aunque pasen los siglos, la ambici\u00f3n y la falta de escr\u00fapulos contin\u00faan marcando la vida de muchos.<\/p>\n\n\n\n<p>M\u00e1s informaci\u00f3n en <a href=\"https:\/\/cultura.elejido.es\/?ai1ec_event=fte-2026-producciones-come-y-calla-las-amistades-peligrosas-sabado-23-de-mayo-auditorio-2030-h\">Cultura El Ejido<\/a><\/p>\n\n\n\n<iframe src=\"https:\/\/www.google.com\/maps\/embed?pb=!1m18!1m12!1m3!1d3195.9212430021626!2d-2.8138043237044963!3d36.772456769262206!2m3!1f0!2f0!3f0!3m2!1i1024!2i768!4f13.1!3m3!1m2!1s0xd7042e41b5ae8cf%3A0xde223dcab6eb62f3!2sTeatro%20Auditorio%20de%20El%20Ejido!5e0!3m2!1ses!2ses!4v1774344019363!5m2!1ses!2ses\" width=\"600\" height=\"450\" style=\"border:0;\" allowfullscreen=\"\" loading=\"lazy\" referrerpolicy=\"no-referrer-when-downgrade\"><\/iframe>\n\n\n\n<p><\/p>\n","protected":false},"excerpt":{"rendered":"<p>Producciones Come y Calla \u00abLas amistades peligrosas\u00bb Evento de la 49\u00aa edici\u00f3n del Festival de Teatro El Ejido. \u201cLas amistades peligrosas\u201d es una obra de Christopher Hampton basada en la novela de Choderlos de Laclos que sigue m\u00e1s vigente que nunca. Valmont y Merteuil, dos personajes fascinantes y sin l\u00edmites morales, muestran c\u00f3mo el poder, [&hellip;]<\/p>\n","protected":false},"author":5,"featured_media":25759,"comment_status":"closed","ping_status":"closed","template":"","tags":[],"mec_category":[101],"class_list":["post-25757","mec-events","type-mec-events","status-publish","has-post-thumbnail","hentry","mec_category-teatro","entry","has-media"],"yoast_head":"<!-- This site is optimized with the Yoast SEO plugin v27.4 - https:\/\/yoast.com\/product\/yoast-seo-wordpress\/ -->\n<title>Producciones Come y Calla &quot;Las amistades peligrosas&quot;<\/title>\n<meta name=\"description\" content=\"\u201cLas amistades peligrosas\u201d es una obra de Christopher Hampton basada en la novela de Choderlos de Laclos que sigue m\u00e1s vigente que nunca. Valmont y Merteuil, dos personajes fascinantes y sin l\u00edmites morales, muestran c\u00f3mo el poder, el dinero y el deseo pueden manipular a los dem\u00e1s.\" \/>\n<meta name=\"robots\" content=\"index, follow, max-snippet:-1, max-image-preview:large, max-video-preview:-1\" \/>\n<link rel=\"canonical\" href=\"https:\/\/turismo.elejido.es\/index.php\/events\/producciones-come-y-calla-las-amistades-peligrosas\/\" \/>\n<meta property=\"og:locale\" content=\"es_ES\" \/>\n<meta property=\"og:type\" content=\"article\" \/>\n<meta property=\"og:title\" content=\"Producciones Come y Calla &quot;Las amistades peligrosas&quot;\" \/>\n<meta property=\"og:description\" content=\"\u201cLas amistades peligrosas\u201d es una obra de Christopher Hampton basada en la novela de Choderlos de Laclos que sigue m\u00e1s vigente que nunca. Valmont y Merteuil, dos personajes fascinantes y sin l\u00edmites morales, muestran c\u00f3mo el poder, el dinero y el deseo pueden manipular a los dem\u00e1s.\" \/>\n<meta property=\"og:url\" content=\"https:\/\/turismo.elejido.es\/index.php\/events\/producciones-come-y-calla-las-amistades-peligrosas\/\" \/>\n<meta property=\"og:site_name\" content=\"Turismo El Ejido\" \/>\n<meta property=\"article:modified_time\" content=\"2026-03-24T09:35:26+00:00\" \/>\n<meta property=\"og:image\" content=\"https:\/\/turismo.elejido.es\/wp-content\/uploads\/2026\/03\/CARTEL_LASAMISTADESPELIGROSAS_OK-Cropped.jpg\" \/>\n\t<meta property=\"og:image:width\" content=\"600\" \/>\n\t<meta property=\"og:image:height\" content=\"600\" \/>\n\t<meta property=\"og:image:type\" content=\"image\/jpeg\" \/>\n<meta name=\"twitter:card\" content=\"summary_large_image\" \/>\n<meta name=\"twitter:label1\" content=\"Tiempo de lectura\" \/>\n\t<meta name=\"twitter:data1\" content=\"1 minuto\" \/>\n<script type=\"application\/ld+json\" class=\"yoast-schema-graph\">{\"@context\":\"https:\\\/\\\/schema.org\",\"@graph\":[{\"@type\":\"WebPage\",\"@id\":\"https:\\\/\\\/turismo.elejido.es\\\/index.php\\\/events\\\/producciones-come-y-calla-las-amistades-peligrosas\\\/\",\"url\":\"https:\\\/\\\/turismo.elejido.es\\\/index.php\\\/events\\\/producciones-come-y-calla-las-amistades-peligrosas\\\/\",\"name\":\"Producciones Come y Calla \\\"Las amistades peligrosas\\\"\",\"isPartOf\":{\"@id\":\"https:\\\/\\\/turismo.elejido.es\\\/#website\"},\"primaryImageOfPage\":{\"@id\":\"https:\\\/\\\/turismo.elejido.es\\\/index.php\\\/events\\\/producciones-come-y-calla-las-amistades-peligrosas\\\/#primaryimage\"},\"image\":{\"@id\":\"https:\\\/\\\/turismo.elejido.es\\\/index.php\\\/events\\\/producciones-come-y-calla-las-amistades-peligrosas\\\/#primaryimage\"},\"thumbnailUrl\":\"https:\\\/\\\/turismo.elejido.es\\\/wp-content\\\/uploads\\\/2026\\\/03\\\/CARTEL_LASAMISTADESPELIGROSAS_OK-Cropped.jpg\",\"datePublished\":\"2026-03-24T09:34:38+00:00\",\"dateModified\":\"2026-03-24T09:35:26+00:00\",\"description\":\"\u201cLas amistades peligrosas\u201d es una obra de Christopher Hampton basada en la novela de Choderlos de Laclos que sigue m\u00e1s vigente que nunca. Valmont y Merteuil, dos personajes fascinantes y sin l\u00edmites morales, muestran c\u00f3mo el poder, el dinero y el deseo pueden manipular a los dem\u00e1s.\",\"breadcrumb\":{\"@id\":\"https:\\\/\\\/turismo.elejido.es\\\/index.php\\\/events\\\/producciones-come-y-calla-las-amistades-peligrosas\\\/#breadcrumb\"},\"inLanguage\":\"es\",\"potentialAction\":[{\"@type\":\"ReadAction\",\"target\":[\"https:\\\/\\\/turismo.elejido.es\\\/index.php\\\/events\\\/producciones-come-y-calla-las-amistades-peligrosas\\\/\"]}]},{\"@type\":\"ImageObject\",\"inLanguage\":\"es\",\"@id\":\"https:\\\/\\\/turismo.elejido.es\\\/index.php\\\/events\\\/producciones-come-y-calla-las-amistades-peligrosas\\\/#primaryimage\",\"url\":\"https:\\\/\\\/turismo.elejido.es\\\/wp-content\\\/uploads\\\/2026\\\/03\\\/CARTEL_LASAMISTADESPELIGROSAS_OK-Cropped.jpg\",\"contentUrl\":\"https:\\\/\\\/turismo.elejido.es\\\/wp-content\\\/uploads\\\/2026\\\/03\\\/CARTEL_LASAMISTADESPELIGROSAS_OK-Cropped.jpg\",\"width\":600,\"height\":600},{\"@type\":\"BreadcrumbList\",\"@id\":\"https:\\\/\\\/turismo.elejido.es\\\/index.php\\\/events\\\/producciones-come-y-calla-las-amistades-peligrosas\\\/#breadcrumb\",\"itemListElement\":[{\"@type\":\"ListItem\",\"position\":1,\"name\":\"Inicio\",\"item\":\"https:\\\/\\\/turismo.elejido.es\\\/\"},{\"@type\":\"ListItem\",\"position\":2,\"name\":\"Eventos\",\"item\":\"https:\\\/\\\/turismo.elejido.es\\\/index.php\\\/events\\\/\"},{\"@type\":\"ListItem\",\"position\":3,\"name\":\"Producciones Come y Calla \u00abLas amistades peligrosas\u00bb\"}]},{\"@type\":\"WebSite\",\"@id\":\"https:\\\/\\\/turismo.elejido.es\\\/#website\",\"url\":\"https:\\\/\\\/turismo.elejido.es\\\/\",\"name\":\"Turismo El Ejido\",\"description\":\"Portal Oficial de Turismo del Municipio de El Ejido, Almerimar y Balerma situado en la costa de Almer\u00eda.\",\"publisher\":{\"@id\":\"https:\\\/\\\/turismo.elejido.es\\\/#organization\"},\"potentialAction\":[{\"@type\":\"SearchAction\",\"target\":{\"@type\":\"EntryPoint\",\"urlTemplate\":\"https:\\\/\\\/turismo.elejido.es\\\/?s={search_term_string}\"},\"query-input\":{\"@type\":\"PropertyValueSpecification\",\"valueRequired\":true,\"valueName\":\"search_term_string\"}}],\"inLanguage\":\"es\"},{\"@type\":\"Organization\",\"@id\":\"https:\\\/\\\/turismo.elejido.es\\\/#organization\",\"name\":\"Turismo El Ejido\",\"url\":\"https:\\\/\\\/turismo.elejido.es\\\/\",\"logo\":{\"@type\":\"ImageObject\",\"inLanguage\":\"es\",\"@id\":\"https:\\\/\\\/turismo.elejido.es\\\/#\\\/schema\\\/logo\\\/image\\\/\",\"url\":\"https:\\\/\\\/turismo.elejido.es\\\/wp-content\\\/uploads\\\/2020\\\/12\\\/elejidoNaranja.png\",\"contentUrl\":\"https:\\\/\\\/turismo.elejido.es\\\/wp-content\\\/uploads\\\/2020\\\/12\\\/elejidoNaranja.png\",\"width\":163,\"height\":92,\"caption\":\"Turismo El Ejido\"},\"image\":{\"@id\":\"https:\\\/\\\/turismo.elejido.es\\\/#\\\/schema\\\/logo\\\/image\\\/\"}}]}<\/script>\n<!-- \/ Yoast SEO plugin. -->","yoast_head_json":{"title":"Producciones Come y Calla \"Las amistades peligrosas\"","description":"\u201cLas amistades peligrosas\u201d es una obra de Christopher Hampton basada en la novela de Choderlos de Laclos que sigue m\u00e1s vigente que nunca. Valmont y Merteuil, dos personajes fascinantes y sin l\u00edmites morales, muestran c\u00f3mo el poder, el dinero y el deseo pueden manipular a los dem\u00e1s.","robots":{"index":"index","follow":"follow","max-snippet":"max-snippet:-1","max-image-preview":"max-image-preview:large","max-video-preview":"max-video-preview:-1"},"canonical":"https:\/\/turismo.elejido.es\/index.php\/events\/producciones-come-y-calla-las-amistades-peligrosas\/","og_locale":"es_ES","og_type":"article","og_title":"Producciones Come y Calla \"Las amistades peligrosas\"","og_description":"\u201cLas amistades peligrosas\u201d es una obra de Christopher Hampton basada en la novela de Choderlos de Laclos que sigue m\u00e1s vigente que nunca. Valmont y Merteuil, dos personajes fascinantes y sin l\u00edmites morales, muestran c\u00f3mo el poder, el dinero y el deseo pueden manipular a los dem\u00e1s.","og_url":"https:\/\/turismo.elejido.es\/index.php\/events\/producciones-come-y-calla-las-amistades-peligrosas\/","og_site_name":"Turismo El Ejido","article_modified_time":"2026-03-24T09:35:26+00:00","og_image":[{"width":600,"height":600,"url":"https:\/\/turismo.elejido.es\/wp-content\/uploads\/2026\/03\/CARTEL_LASAMISTADESPELIGROSAS_OK-Cropped.jpg","type":"image\/jpeg"}],"twitter_card":"summary_large_image","twitter_misc":{"Tiempo de lectura":"1 minuto"},"schema":{"@context":"https:\/\/schema.org","@graph":[{"@type":"WebPage","@id":"https:\/\/turismo.elejido.es\/index.php\/events\/producciones-come-y-calla-las-amistades-peligrosas\/","url":"https:\/\/turismo.elejido.es\/index.php\/events\/producciones-come-y-calla-las-amistades-peligrosas\/","name":"Producciones Come y Calla \"Las amistades peligrosas\"","isPartOf":{"@id":"https:\/\/turismo.elejido.es\/#website"},"primaryImageOfPage":{"@id":"https:\/\/turismo.elejido.es\/index.php\/events\/producciones-come-y-calla-las-amistades-peligrosas\/#primaryimage"},"image":{"@id":"https:\/\/turismo.elejido.es\/index.php\/events\/producciones-come-y-calla-las-amistades-peligrosas\/#primaryimage"},"thumbnailUrl":"https:\/\/turismo.elejido.es\/wp-content\/uploads\/2026\/03\/CARTEL_LASAMISTADESPELIGROSAS_OK-Cropped.jpg","datePublished":"2026-03-24T09:34:38+00:00","dateModified":"2026-03-24T09:35:26+00:00","description":"\u201cLas amistades peligrosas\u201d es una obra de Christopher Hampton basada en la novela de Choderlos de Laclos que sigue m\u00e1s vigente que nunca. Valmont y Merteuil, dos personajes fascinantes y sin l\u00edmites morales, muestran c\u00f3mo el poder, el dinero y el deseo pueden manipular a los dem\u00e1s.","breadcrumb":{"@id":"https:\/\/turismo.elejido.es\/index.php\/events\/producciones-come-y-calla-las-amistades-peligrosas\/#breadcrumb"},"inLanguage":"es","potentialAction":[{"@type":"ReadAction","target":["https:\/\/turismo.elejido.es\/index.php\/events\/producciones-come-y-calla-las-amistades-peligrosas\/"]}]},{"@type":"ImageObject","inLanguage":"es","@id":"https:\/\/turismo.elejido.es\/index.php\/events\/producciones-come-y-calla-las-amistades-peligrosas\/#primaryimage","url":"https:\/\/turismo.elejido.es\/wp-content\/uploads\/2026\/03\/CARTEL_LASAMISTADESPELIGROSAS_OK-Cropped.jpg","contentUrl":"https:\/\/turismo.elejido.es\/wp-content\/uploads\/2026\/03\/CARTEL_LASAMISTADESPELIGROSAS_OK-Cropped.jpg","width":600,"height":600},{"@type":"BreadcrumbList","@id":"https:\/\/turismo.elejido.es\/index.php\/events\/producciones-come-y-calla-las-amistades-peligrosas\/#breadcrumb","itemListElement":[{"@type":"ListItem","position":1,"name":"Inicio","item":"https:\/\/turismo.elejido.es\/"},{"@type":"ListItem","position":2,"name":"Eventos","item":"https:\/\/turismo.elejido.es\/index.php\/events\/"},{"@type":"ListItem","position":3,"name":"Producciones Come y Calla \u00abLas amistades peligrosas\u00bb"}]},{"@type":"WebSite","@id":"https:\/\/turismo.elejido.es\/#website","url":"https:\/\/turismo.elejido.es\/","name":"Turismo El Ejido","description":"Portal Oficial de Turismo del Municipio de El Ejido, Almerimar y Balerma situado en la costa de Almer\u00eda.","publisher":{"@id":"https:\/\/turismo.elejido.es\/#organization"},"potentialAction":[{"@type":"SearchAction","target":{"@type":"EntryPoint","urlTemplate":"https:\/\/turismo.elejido.es\/?s={search_term_string}"},"query-input":{"@type":"PropertyValueSpecification","valueRequired":true,"valueName":"search_term_string"}}],"inLanguage":"es"},{"@type":"Organization","@id":"https:\/\/turismo.elejido.es\/#organization","name":"Turismo El Ejido","url":"https:\/\/turismo.elejido.es\/","logo":{"@type":"ImageObject","inLanguage":"es","@id":"https:\/\/turismo.elejido.es\/#\/schema\/logo\/image\/","url":"https:\/\/turismo.elejido.es\/wp-content\/uploads\/2020\/12\/elejidoNaranja.png","contentUrl":"https:\/\/turismo.elejido.es\/wp-content\/uploads\/2020\/12\/elejidoNaranja.png","width":163,"height":92,"caption":"Turismo El Ejido"},"image":{"@id":"https:\/\/turismo.elejido.es\/#\/schema\/logo\/image\/"}}]}},"_links":{"self":[{"href":"https:\/\/turismo.elejido.es\/index.php\/wp-json\/wp\/v2\/mec-events\/25757","targetHints":{"allow":["GET"]}}],"collection":[{"href":"https:\/\/turismo.elejido.es\/index.php\/wp-json\/wp\/v2\/mec-events"}],"about":[{"href":"https:\/\/turismo.elejido.es\/index.php\/wp-json\/wp\/v2\/types\/mec-events"}],"author":[{"embeddable":true,"href":"https:\/\/turismo.elejido.es\/index.php\/wp-json\/wp\/v2\/users\/5"}],"replies":[{"embeddable":true,"href":"https:\/\/turismo.elejido.es\/index.php\/wp-json\/wp\/v2\/comments?post=25757"}],"wp:featuredmedia":[{"embeddable":true,"href":"https:\/\/turismo.elejido.es\/index.php\/wp-json\/wp\/v2\/media\/25759"}],"wp:attachment":[{"href":"https:\/\/turismo.elejido.es\/index.php\/wp-json\/wp\/v2\/media?parent=25757"}],"wp:term":[{"taxonomy":"post_tag","embeddable":true,"href":"https:\/\/turismo.elejido.es\/index.php\/wp-json\/wp\/v2\/tags?post=25757"},{"taxonomy":"mec_category","embeddable":true,"href":"https:\/\/turismo.elejido.es\/index.php\/wp-json\/wp\/v2\/mec_category?post=25757"}],"curies":[{"name":"wp","href":"https:\/\/api.w.org\/{rel}","templated":true}]}}