{"id":25765,"date":"2026-03-24T10:56:13","date_gmt":"2026-03-24T09:56:13","guid":{"rendered":"https:\/\/turismo.elejido.es\/?post_type=mec-events&#038;p=25765"},"modified":"2026-03-24T10:56:51","modified_gmt":"2026-03-24T09:56:51","slug":"els-joglars-el-retablo-de-las-maravillas","status":"publish","type":"mec-events","link":"https:\/\/turismo.elejido.es\/index.php\/events\/els-joglars-el-retablo-de-las-maravillas\/","title":{"rendered":"Els Joglars \u00abEl retablo de las maravillas\u00bb"},"content":{"rendered":"\n<div class=\"wp-block-nk-awb nk-awb alturaSlider is-layout-constrained wp-block-nk-awb-is-layout-constrained\"><div class=\"nk-awb-wrap\" data-awb-type=\"image\" data-awb-parallax=\"scroll\" data-awb-parallax-speed=\"0.5\" data-awb-parallax-mobile=\"false\" data-awb-image-background-size=\"cover\" data-awb-image-background-position=\"51% 56%\"><div class=\"nk-awb-inner\"><img loading=\"lazy\" decoding=\"async\" src=\"https:\/\/turismo.elejido.es\/wp-content\/uploads\/2026\/03\/cartel-joglars_conlogo_ok-Cropped.jpg\" class=\"wp-image-25767 jarallax-img\" width=\"840\" height=\"840\" srcset=\"https:\/\/turismo.elejido.es\/wp-content\/uploads\/2026\/03\/cartel-joglars_conlogo_ok-Cropped.jpg 840w, https:\/\/turismo.elejido.es\/wp-content\/uploads\/2026\/03\/cartel-joglars_conlogo_ok-Cropped-500x500.jpg 500w, https:\/\/turismo.elejido.es\/wp-content\/uploads\/2026\/03\/cartel-joglars_conlogo_ok-Cropped-150x150.jpg 150w, https:\/\/turismo.elejido.es\/wp-content\/uploads\/2026\/03\/cartel-joglars_conlogo_ok-Cropped-768x768.jpg 768w, https:\/\/turismo.elejido.es\/wp-content\/uploads\/2026\/03\/cartel-joglars_conlogo_ok-Cropped-300x300.jpg 300w, https:\/\/turismo.elejido.es\/wp-content\/uploads\/2026\/03\/cartel-joglars_conlogo_ok-Cropped-600x600.jpg 600w, https:\/\/turismo.elejido.es\/wp-content\/uploads\/2026\/03\/cartel-joglars_conlogo_ok-Cropped-800x800.jpg 800w\" sizes=\"auto, (max-width: 840px) 100vw, 840px\" \/><\/div><\/div><div class=\"nk-awb-wrap-content\"><\/div><\/div>\n\n\n\n<div style=\"height:40px\" aria-hidden=\"true\" class=\"wp-block-spacer\"><\/div>\n\n\n<div class=\"breadcrumbs align  wp-block-bcn-breadcrumb-trail has-text-color has-background\" vocab=\"https:\/\/schema.org\/\" typeof=\"BreadcrumbList\">\n\t<span><\/span>\n\t<span property=\"itemListElement\" typeof=\"ListItem\"><a property=\"item\" typeof=\"WebPage\" title=\"Ir a Turismo El Ejido.\" href=\"https:\/\/turismo.elejido.es\" class=\"home\" aria-current=\"page\"><span property=\"name\">Turismo El Ejido<\/span><\/a><meta property=\"position\" content=\"1\"><\/span><\/div>\n\n\n\n<div style=\"height:50px\" aria-hidden=\"true\" class=\"wp-block-spacer\"><\/div>\n\n\n\n<h1 class=\"wp-block-heading\">Els Joglars                 \u00abEl retablo de las maravillas\u00bb<\/h1>\n\n\n\n<div style=\"height:25px\" aria-hidden=\"true\" class=\"wp-block-spacer\"><\/div>\n\n\n\n<p>Evento de la 49\u00aa edici\u00f3n del Festival de Teatro El Ejido.<\/p>\n\n\n\n<p>\u201cEl Retablo de las Maravillas\u201d de Cervantes sigue siendo sorprendentemente actual. La obra muestra c\u00f3mo el miedo a no seguir la opini\u00f3n de la mayor\u00eda permite que farsantes y p\u00edcaros nos vendan \u201cnada\u201d como si fuera valioso.<\/p>\n\n\n\n<p>Hoy, redes sociales, medios de comunicaci\u00f3n y figuras de poder multiplican estas situaciones: seguimos dej\u00e1ndonos enga\u00f1ar por miedo a ser distintos, mientras los m\u00e1s honestos quedan ignorados. Con humor y cr\u00edtica, la obra refleja c\u00f3mo la vanidad, la presi\u00f3n social y la superstici\u00f3n siguen dominando comportamientos humanos, igual que en tiempos cervantinos, record\u00e1ndonos que la estupidez y la manipulaci\u00f3n no tienen fecha de caducidad.<\/p>\n\n\n\n<p>M\u00e1s informaci\u00f3n en <a href=\"https:\/\/cultura.elejido.es\/?ai1ec_event=fte-2026-els-joglars-el-retablo-de-las-maravillas-domingo-24-de-mayo-auditorio-2030-h\">Cultura El Ejido<\/a><\/p>\n\n\n\n<iframe src=\"https:\/\/www.google.com\/maps\/embed?pb=!1m18!1m12!1m3!1d3195.9212430021626!2d-2.8138043237044963!3d36.772456769262206!2m3!1f0!2f0!3f0!3m2!1i1024!2i768!4f13.1!3m3!1m2!1s0xd7042e41b5ae8cf%3A0xde223dcab6eb62f3!2sTeatro%20Auditorio%20de%20El%20Ejido!5e0!3m2!1ses!2ses!4v1774346014576!5m2!1ses!2ses\" width=\"600\" height=\"450\" style=\"border:0;\" allowfullscreen=\"\" loading=\"lazy\" referrerpolicy=\"no-referrer-when-downgrade\"><\/iframe>\n\n\n\n<p><\/p>\n","protected":false},"excerpt":{"rendered":"<p>Els Joglars \u00abEl retablo de las maravillas\u00bb Evento de la 49\u00aa edici\u00f3n del Festival de Teatro El Ejido. \u201cEl Retablo de las Maravillas\u201d de Cervantes sigue siendo sorprendentemente actual. La obra muestra c\u00f3mo el miedo a no seguir la opini\u00f3n de la mayor\u00eda permite que farsantes y p\u00edcaros nos vendan \u201cnada\u201d como si fuera valioso. [&hellip;]<\/p>\n","protected":false},"author":5,"featured_media":25767,"comment_status":"closed","ping_status":"closed","template":"","tags":[],"mec_category":[101],"class_list":["post-25765","mec-events","type-mec-events","status-publish","has-post-thumbnail","hentry","mec_category-teatro","entry","has-media"],"yoast_head":"<!-- This site is optimized with the Yoast SEO plugin v27.4 - https:\/\/yoast.com\/product\/yoast-seo-wordpress\/ -->\n<title>Els Joglars &quot;El retablo de las maravillas&quot;<\/title>\n<meta name=\"description\" content=\"\u201cEl Retablo de las Maravillas\u201d de Cervantes sigue siendo sorprendentemente actual. La obra muestra c\u00f3mo el miedo a no seguir la opini\u00f3n de la mayor\u00eda permite que farsantes y p\u00edcaros nos vendan \u201cnada\u201d como si fuera valioso.\" \/>\n<meta name=\"robots\" content=\"index, follow, max-snippet:-1, max-image-preview:large, max-video-preview:-1\" \/>\n<link rel=\"canonical\" href=\"https:\/\/turismo.elejido.es\/index.php\/events\/els-joglars-el-retablo-de-las-maravillas\/\" \/>\n<meta property=\"og:locale\" content=\"es_ES\" \/>\n<meta property=\"og:type\" content=\"article\" \/>\n<meta property=\"og:title\" content=\"Els Joglars &quot;El retablo de las maravillas&quot;\" \/>\n<meta property=\"og:description\" content=\"\u201cEl Retablo de las Maravillas\u201d de Cervantes sigue siendo sorprendentemente actual. La obra muestra c\u00f3mo el miedo a no seguir la opini\u00f3n de la mayor\u00eda permite que farsantes y p\u00edcaros nos vendan \u201cnada\u201d como si fuera valioso.\" \/>\n<meta property=\"og:url\" content=\"https:\/\/turismo.elejido.es\/index.php\/events\/els-joglars-el-retablo-de-las-maravillas\/\" \/>\n<meta property=\"og:site_name\" content=\"Turismo El Ejido\" \/>\n<meta property=\"article:modified_time\" content=\"2026-03-24T09:56:51+00:00\" \/>\n<meta property=\"og:image\" content=\"https:\/\/turismo.elejido.es\/wp-content\/uploads\/2026\/03\/cartel-joglars_conlogo_ok-Cropped.jpg\" \/>\n\t<meta property=\"og:image:width\" content=\"840\" \/>\n\t<meta property=\"og:image:height\" content=\"840\" \/>\n\t<meta property=\"og:image:type\" content=\"image\/jpeg\" \/>\n<meta name=\"twitter:card\" content=\"summary_large_image\" \/>\n<meta name=\"twitter:label1\" content=\"Tiempo de lectura\" \/>\n\t<meta name=\"twitter:data1\" content=\"1 minuto\" \/>\n<script type=\"application\/ld+json\" class=\"yoast-schema-graph\">{\"@context\":\"https:\\\/\\\/schema.org\",\"@graph\":[{\"@type\":\"WebPage\",\"@id\":\"https:\\\/\\\/turismo.elejido.es\\\/index.php\\\/events\\\/els-joglars-el-retablo-de-las-maravillas\\\/\",\"url\":\"https:\\\/\\\/turismo.elejido.es\\\/index.php\\\/events\\\/els-joglars-el-retablo-de-las-maravillas\\\/\",\"name\":\"Els Joglars \\\"El retablo de las maravillas\\\"\",\"isPartOf\":{\"@id\":\"https:\\\/\\\/turismo.elejido.es\\\/#website\"},\"primaryImageOfPage\":{\"@id\":\"https:\\\/\\\/turismo.elejido.es\\\/index.php\\\/events\\\/els-joglars-el-retablo-de-las-maravillas\\\/#primaryimage\"},\"image\":{\"@id\":\"https:\\\/\\\/turismo.elejido.es\\\/index.php\\\/events\\\/els-joglars-el-retablo-de-las-maravillas\\\/#primaryimage\"},\"thumbnailUrl\":\"https:\\\/\\\/turismo.elejido.es\\\/wp-content\\\/uploads\\\/2026\\\/03\\\/cartel-joglars_conlogo_ok-Cropped.jpg\",\"datePublished\":\"2026-03-24T09:56:13+00:00\",\"dateModified\":\"2026-03-24T09:56:51+00:00\",\"description\":\"\u201cEl Retablo de las Maravillas\u201d de Cervantes sigue siendo sorprendentemente actual. La obra muestra c\u00f3mo el miedo a no seguir la opini\u00f3n de la mayor\u00eda permite que farsantes y p\u00edcaros nos vendan \u201cnada\u201d como si fuera valioso.\",\"breadcrumb\":{\"@id\":\"https:\\\/\\\/turismo.elejido.es\\\/index.php\\\/events\\\/els-joglars-el-retablo-de-las-maravillas\\\/#breadcrumb\"},\"inLanguage\":\"es\",\"potentialAction\":[{\"@type\":\"ReadAction\",\"target\":[\"https:\\\/\\\/turismo.elejido.es\\\/index.php\\\/events\\\/els-joglars-el-retablo-de-las-maravillas\\\/\"]}]},{\"@type\":\"ImageObject\",\"inLanguage\":\"es\",\"@id\":\"https:\\\/\\\/turismo.elejido.es\\\/index.php\\\/events\\\/els-joglars-el-retablo-de-las-maravillas\\\/#primaryimage\",\"url\":\"https:\\\/\\\/turismo.elejido.es\\\/wp-content\\\/uploads\\\/2026\\\/03\\\/cartel-joglars_conlogo_ok-Cropped.jpg\",\"contentUrl\":\"https:\\\/\\\/turismo.elejido.es\\\/wp-content\\\/uploads\\\/2026\\\/03\\\/cartel-joglars_conlogo_ok-Cropped.jpg\",\"width\":840,\"height\":840},{\"@type\":\"BreadcrumbList\",\"@id\":\"https:\\\/\\\/turismo.elejido.es\\\/index.php\\\/events\\\/els-joglars-el-retablo-de-las-maravillas\\\/#breadcrumb\",\"itemListElement\":[{\"@type\":\"ListItem\",\"position\":1,\"name\":\"Inicio\",\"item\":\"https:\\\/\\\/turismo.elejido.es\\\/\"},{\"@type\":\"ListItem\",\"position\":2,\"name\":\"Eventos\",\"item\":\"https:\\\/\\\/turismo.elejido.es\\\/index.php\\\/events\\\/\"},{\"@type\":\"ListItem\",\"position\":3,\"name\":\"Els Joglars \u00abEl retablo de las maravillas\u00bb\"}]},{\"@type\":\"WebSite\",\"@id\":\"https:\\\/\\\/turismo.elejido.es\\\/#website\",\"url\":\"https:\\\/\\\/turismo.elejido.es\\\/\",\"name\":\"Turismo El Ejido\",\"description\":\"Portal Oficial de Turismo del Municipio de El Ejido, Almerimar y Balerma situado en la costa de Almer\u00eda.\",\"publisher\":{\"@id\":\"https:\\\/\\\/turismo.elejido.es\\\/#organization\"},\"potentialAction\":[{\"@type\":\"SearchAction\",\"target\":{\"@type\":\"EntryPoint\",\"urlTemplate\":\"https:\\\/\\\/turismo.elejido.es\\\/?s={search_term_string}\"},\"query-input\":{\"@type\":\"PropertyValueSpecification\",\"valueRequired\":true,\"valueName\":\"search_term_string\"}}],\"inLanguage\":\"es\"},{\"@type\":\"Organization\",\"@id\":\"https:\\\/\\\/turismo.elejido.es\\\/#organization\",\"name\":\"Turismo El Ejido\",\"url\":\"https:\\\/\\\/turismo.elejido.es\\\/\",\"logo\":{\"@type\":\"ImageObject\",\"inLanguage\":\"es\",\"@id\":\"https:\\\/\\\/turismo.elejido.es\\\/#\\\/schema\\\/logo\\\/image\\\/\",\"url\":\"https:\\\/\\\/turismo.elejido.es\\\/wp-content\\\/uploads\\\/2020\\\/12\\\/elejidoNaranja.png\",\"contentUrl\":\"https:\\\/\\\/turismo.elejido.es\\\/wp-content\\\/uploads\\\/2020\\\/12\\\/elejidoNaranja.png\",\"width\":163,\"height\":92,\"caption\":\"Turismo El Ejido\"},\"image\":{\"@id\":\"https:\\\/\\\/turismo.elejido.es\\\/#\\\/schema\\\/logo\\\/image\\\/\"}}]}<\/script>\n<!-- \/ Yoast SEO plugin. -->","yoast_head_json":{"title":"Els Joglars \"El retablo de las maravillas\"","description":"\u201cEl Retablo de las Maravillas\u201d de Cervantes sigue siendo sorprendentemente actual. La obra muestra c\u00f3mo el miedo a no seguir la opini\u00f3n de la mayor\u00eda permite que farsantes y p\u00edcaros nos vendan \u201cnada\u201d como si fuera valioso.","robots":{"index":"index","follow":"follow","max-snippet":"max-snippet:-1","max-image-preview":"max-image-preview:large","max-video-preview":"max-video-preview:-1"},"canonical":"https:\/\/turismo.elejido.es\/index.php\/events\/els-joglars-el-retablo-de-las-maravillas\/","og_locale":"es_ES","og_type":"article","og_title":"Els Joglars \"El retablo de las maravillas\"","og_description":"\u201cEl Retablo de las Maravillas\u201d de Cervantes sigue siendo sorprendentemente actual. La obra muestra c\u00f3mo el miedo a no seguir la opini\u00f3n de la mayor\u00eda permite que farsantes y p\u00edcaros nos vendan \u201cnada\u201d como si fuera valioso.","og_url":"https:\/\/turismo.elejido.es\/index.php\/events\/els-joglars-el-retablo-de-las-maravillas\/","og_site_name":"Turismo El Ejido","article_modified_time":"2026-03-24T09:56:51+00:00","og_image":[{"width":840,"height":840,"url":"https:\/\/turismo.elejido.es\/wp-content\/uploads\/2026\/03\/cartel-joglars_conlogo_ok-Cropped.jpg","type":"image\/jpeg"}],"twitter_card":"summary_large_image","twitter_misc":{"Tiempo de lectura":"1 minuto"},"schema":{"@context":"https:\/\/schema.org","@graph":[{"@type":"WebPage","@id":"https:\/\/turismo.elejido.es\/index.php\/events\/els-joglars-el-retablo-de-las-maravillas\/","url":"https:\/\/turismo.elejido.es\/index.php\/events\/els-joglars-el-retablo-de-las-maravillas\/","name":"Els Joglars \"El retablo de las maravillas\"","isPartOf":{"@id":"https:\/\/turismo.elejido.es\/#website"},"primaryImageOfPage":{"@id":"https:\/\/turismo.elejido.es\/index.php\/events\/els-joglars-el-retablo-de-las-maravillas\/#primaryimage"},"image":{"@id":"https:\/\/turismo.elejido.es\/index.php\/events\/els-joglars-el-retablo-de-las-maravillas\/#primaryimage"},"thumbnailUrl":"https:\/\/turismo.elejido.es\/wp-content\/uploads\/2026\/03\/cartel-joglars_conlogo_ok-Cropped.jpg","datePublished":"2026-03-24T09:56:13+00:00","dateModified":"2026-03-24T09:56:51+00:00","description":"\u201cEl Retablo de las Maravillas\u201d de Cervantes sigue siendo sorprendentemente actual. La obra muestra c\u00f3mo el miedo a no seguir la opini\u00f3n de la mayor\u00eda permite que farsantes y p\u00edcaros nos vendan \u201cnada\u201d como si fuera valioso.","breadcrumb":{"@id":"https:\/\/turismo.elejido.es\/index.php\/events\/els-joglars-el-retablo-de-las-maravillas\/#breadcrumb"},"inLanguage":"es","potentialAction":[{"@type":"ReadAction","target":["https:\/\/turismo.elejido.es\/index.php\/events\/els-joglars-el-retablo-de-las-maravillas\/"]}]},{"@type":"ImageObject","inLanguage":"es","@id":"https:\/\/turismo.elejido.es\/index.php\/events\/els-joglars-el-retablo-de-las-maravillas\/#primaryimage","url":"https:\/\/turismo.elejido.es\/wp-content\/uploads\/2026\/03\/cartel-joglars_conlogo_ok-Cropped.jpg","contentUrl":"https:\/\/turismo.elejido.es\/wp-content\/uploads\/2026\/03\/cartel-joglars_conlogo_ok-Cropped.jpg","width":840,"height":840},{"@type":"BreadcrumbList","@id":"https:\/\/turismo.elejido.es\/index.php\/events\/els-joglars-el-retablo-de-las-maravillas\/#breadcrumb","itemListElement":[{"@type":"ListItem","position":1,"name":"Inicio","item":"https:\/\/turismo.elejido.es\/"},{"@type":"ListItem","position":2,"name":"Eventos","item":"https:\/\/turismo.elejido.es\/index.php\/events\/"},{"@type":"ListItem","position":3,"name":"Els Joglars \u00abEl retablo de las maravillas\u00bb"}]},{"@type":"WebSite","@id":"https:\/\/turismo.elejido.es\/#website","url":"https:\/\/turismo.elejido.es\/","name":"Turismo El Ejido","description":"Portal Oficial de Turismo del Municipio de El Ejido, Almerimar y Balerma situado en la costa de Almer\u00eda.","publisher":{"@id":"https:\/\/turismo.elejido.es\/#organization"},"potentialAction":[{"@type":"SearchAction","target":{"@type":"EntryPoint","urlTemplate":"https:\/\/turismo.elejido.es\/?s={search_term_string}"},"query-input":{"@type":"PropertyValueSpecification","valueRequired":true,"valueName":"search_term_string"}}],"inLanguage":"es"},{"@type":"Organization","@id":"https:\/\/turismo.elejido.es\/#organization","name":"Turismo El Ejido","url":"https:\/\/turismo.elejido.es\/","logo":{"@type":"ImageObject","inLanguage":"es","@id":"https:\/\/turismo.elejido.es\/#\/schema\/logo\/image\/","url":"https:\/\/turismo.elejido.es\/wp-content\/uploads\/2020\/12\/elejidoNaranja.png","contentUrl":"https:\/\/turismo.elejido.es\/wp-content\/uploads\/2020\/12\/elejidoNaranja.png","width":163,"height":92,"caption":"Turismo El Ejido"},"image":{"@id":"https:\/\/turismo.elejido.es\/#\/schema\/logo\/image\/"}}]}},"_links":{"self":[{"href":"https:\/\/turismo.elejido.es\/index.php\/wp-json\/wp\/v2\/mec-events\/25765","targetHints":{"allow":["GET"]}}],"collection":[{"href":"https:\/\/turismo.elejido.es\/index.php\/wp-json\/wp\/v2\/mec-events"}],"about":[{"href":"https:\/\/turismo.elejido.es\/index.php\/wp-json\/wp\/v2\/types\/mec-events"}],"author":[{"embeddable":true,"href":"https:\/\/turismo.elejido.es\/index.php\/wp-json\/wp\/v2\/users\/5"}],"replies":[{"embeddable":true,"href":"https:\/\/turismo.elejido.es\/index.php\/wp-json\/wp\/v2\/comments?post=25765"}],"wp:featuredmedia":[{"embeddable":true,"href":"https:\/\/turismo.elejido.es\/index.php\/wp-json\/wp\/v2\/media\/25767"}],"wp:attachment":[{"href":"https:\/\/turismo.elejido.es\/index.php\/wp-json\/wp\/v2\/media?parent=25765"}],"wp:term":[{"taxonomy":"post_tag","embeddable":true,"href":"https:\/\/turismo.elejido.es\/index.php\/wp-json\/wp\/v2\/tags?post=25765"},{"taxonomy":"mec_category","embeddable":true,"href":"https:\/\/turismo.elejido.es\/index.php\/wp-json\/wp\/v2\/mec_category?post=25765"}],"curies":[{"name":"wp","href":"https:\/\/api.w.org\/{rel}","templated":true}]}}