{"id":25769,"date":"2026-03-24T12:38:16","date_gmt":"2026-03-24T11:38:16","guid":{"rendered":"https:\/\/turismo.elejido.es\/?post_type=mec-events&#038;p=25769"},"modified":"2026-03-24T12:38:56","modified_gmt":"2026-03-24T11:38:56","slug":"fran-avila-distribucion-constelaciones","status":"publish","type":"mec-events","link":"https:\/\/turismo.elejido.es\/index.php\/events\/fran-avila-distribucion-constelaciones\/","title":{"rendered":"Fran \u00c1vila Distribuci\u00f3n             \u00abConstelaciones\u00bb"},"content":{"rendered":"\n<div class=\"wp-block-nk-awb nk-awb alturaSlider is-layout-constrained wp-block-nk-awb-is-layout-constrained\"><div class=\"nk-awb-wrap\" data-awb-type=\"image\" data-awb-parallax=\"scroll\" data-awb-parallax-speed=\"0.5\" data-awb-parallax-mobile=\"false\" data-awb-image-background-size=\"cover\" data-awb-image-background-position=\"57% 53%\"><div class=\"nk-awb-inner\"><img loading=\"lazy\" decoding=\"async\" src=\"https:\/\/turismo.elejido.es\/wp-content\/uploads\/2026\/03\/CARTEL_CONSTELACIONES_MR_conlogo_ok-scaled-Cropped.jpg\" class=\"wp-image-25771 jarallax-img\" width=\"1766\" height=\"1766\" srcset=\"https:\/\/turismo.elejido.es\/wp-content\/uploads\/2026\/03\/CARTEL_CONSTELACIONES_MR_conlogo_ok-scaled-Cropped.jpg 1766w, https:\/\/turismo.elejido.es\/wp-content\/uploads\/2026\/03\/CARTEL_CONSTELACIONES_MR_conlogo_ok-scaled-Cropped-500x500.jpg 500w, https:\/\/turismo.elejido.es\/wp-content\/uploads\/2026\/03\/CARTEL_CONSTELACIONES_MR_conlogo_ok-scaled-Cropped-1080x1080.jpg 1080w, https:\/\/turismo.elejido.es\/wp-content\/uploads\/2026\/03\/CARTEL_CONSTELACIONES_MR_conlogo_ok-scaled-Cropped-150x150.jpg 150w, https:\/\/turismo.elejido.es\/wp-content\/uploads\/2026\/03\/CARTEL_CONSTELACIONES_MR_conlogo_ok-scaled-Cropped-768x768.jpg 768w, https:\/\/turismo.elejido.es\/wp-content\/uploads\/2026\/03\/CARTEL_CONSTELACIONES_MR_conlogo_ok-scaled-Cropped-300x300.jpg 300w, https:\/\/turismo.elejido.es\/wp-content\/uploads\/2026\/03\/CARTEL_CONSTELACIONES_MR_conlogo_ok-scaled-Cropped-1536x1536.jpg 1536w, https:\/\/turismo.elejido.es\/wp-content\/uploads\/2026\/03\/CARTEL_CONSTELACIONES_MR_conlogo_ok-scaled-Cropped-600x600.jpg 600w, https:\/\/turismo.elejido.es\/wp-content\/uploads\/2026\/03\/CARTEL_CONSTELACIONES_MR_conlogo_ok-scaled-Cropped-800x800.jpg 800w, https:\/\/turismo.elejido.es\/wp-content\/uploads\/2026\/03\/CARTEL_CONSTELACIONES_MR_conlogo_ok-scaled-Cropped-1280x1280.jpg 1280w\" sizes=\"auto, (max-width: 1766px) 100vw, 1766px\" \/><\/div><\/div><div class=\"nk-awb-wrap-content\"><\/div><\/div>\n\n\n\n<div style=\"height:40px\" aria-hidden=\"true\" class=\"wp-block-spacer\"><\/div>\n\n\n<div class=\"breadcrumbs align  wp-block-bcn-breadcrumb-trail has-text-color has-background\" vocab=\"https:\/\/schema.org\/\" typeof=\"BreadcrumbList\">\n\t<span><\/span>\n\t<span property=\"itemListElement\" typeof=\"ListItem\"><a property=\"item\" typeof=\"WebPage\" title=\"Ir a Turismo El Ejido.\" href=\"https:\/\/turismo.elejido.es\" class=\"home\" aria-current=\"page\"><span property=\"name\">Turismo El Ejido<\/span><\/a><meta property=\"position\" content=\"1\"><\/span><\/div>\n\n\n\n<div style=\"height:50px\" aria-hidden=\"true\" class=\"wp-block-spacer\"><\/div>\n\n\n\n<h1 class=\"wp-block-heading\">Fran \u00c1vila Distribuci\u00f3n \u00abConstelaciones\u00bb<\/h1>\n\n\n\n<div style=\"height:25px\" aria-hidden=\"true\" class=\"wp-block-spacer\"><\/div>\n\n\n\n<p>Evento de la 49\u00aa edici\u00f3n del Festival de Teatro El Ejido.<\/p>\n\n\n\n<p>\u201cConstelaciones\u201d de Nick Payne es una obra innovadora que convierte una historia de amor en un viaje por m\u00faltiples universos, donde cada decisi\u00f3n puede cambiarlo todo.<\/p>\n\n\n\n<p>Con una estructura po\u00e9tica y fragmentada, la obra aborda el amor, la vida, la enfermedad, la p\u00e9rdida y la esperanza. Intima y profunda, conecta con cualquier espectador mostrando lo m\u00e1s humano de manera sorprendente y fresca, rompiendo la linealidad del teatro tradicional.<\/p>\n\n\n\n<p>M\u00e1s informaci\u00f3n en <a href=\"https:\/\/cultura.elejido.es\/?ai1ec_event=fte-2026-fran-avila-distribucion-constelaciones-jueves-28-de-mayo-auditorio-2030-h\">Cultura El Ejido<\/a><\/p>\n\n\n\n<iframe src=\"https:\/\/www.google.com\/maps\/embed?pb=!1m18!1m12!1m3!1d3195.9212430021626!2d-2.8138043237044963!3d36.772456769262206!2m3!1f0!2f0!3f0!3m2!1i1024!2i768!4f13.1!3m3!1m2!1s0xd7042e41b5ae8cf%3A0xde223dcab6eb62f3!2sTeatro%20Auditorio%20de%20El%20Ejido!5e0!3m2!1ses!2ses!4v1774352128958!5m2!1ses!2ses\" width=\"600\" height=\"450\" style=\"border:0;\" allowfullscreen=\"\" loading=\"lazy\" referrerpolicy=\"no-referrer-when-downgrade\"><\/iframe>\n\n\n\n<p><\/p>\n","protected":false},"excerpt":{"rendered":"<p>Fran \u00c1vila Distribuci\u00f3n \u00abConstelaciones\u00bb Evento de la 49\u00aa edici\u00f3n del Festival de Teatro El Ejido. \u201cConstelaciones\u201d de Nick Payne es una obra innovadora que convierte una historia de amor en un viaje por m\u00faltiples universos, donde cada decisi\u00f3n puede cambiarlo todo. Con una estructura po\u00e9tica y fragmentada, la obra aborda el amor, la vida, la [&hellip;]<\/p>\n","protected":false},"author":5,"featured_media":25771,"comment_status":"closed","ping_status":"closed","template":"","tags":[],"mec_category":[101],"class_list":["post-25769","mec-events","type-mec-events","status-publish","has-post-thumbnail","hentry","mec_category-teatro","entry","has-media"],"yoast_head":"<!-- This site is optimized with the Yoast SEO plugin v27.4 - https:\/\/yoast.com\/product\/yoast-seo-wordpress\/ -->\n<title>Fran \u00c1vila Distribuci\u00f3n       &quot;Constelaciones&quot;<\/title>\n<meta name=\"description\" content=\"\u201cConstelaciones\u201d de Nick Payne es una obra innovadora que convierte una historia de amor en un viaje por m\u00faltiples universos, donde cada decisi\u00f3n puede cambiarlo todo.\" \/>\n<meta name=\"robots\" content=\"index, follow, max-snippet:-1, max-image-preview:large, max-video-preview:-1\" \/>\n<link rel=\"canonical\" href=\"https:\/\/turismo.elejido.es\/index.php\/events\/fran-avila-distribucion-constelaciones\/\" \/>\n<meta property=\"og:locale\" content=\"es_ES\" \/>\n<meta property=\"og:type\" content=\"article\" \/>\n<meta property=\"og:title\" content=\"Fran \u00c1vila Distribuci\u00f3n       &quot;Constelaciones&quot;\" \/>\n<meta property=\"og:description\" content=\"\u201cConstelaciones\u201d de Nick Payne es una obra innovadora que convierte una historia de amor en un viaje por m\u00faltiples universos, donde cada decisi\u00f3n puede cambiarlo todo.\" \/>\n<meta property=\"og:url\" content=\"https:\/\/turismo.elejido.es\/index.php\/events\/fran-avila-distribucion-constelaciones\/\" \/>\n<meta property=\"og:site_name\" content=\"Turismo El Ejido\" \/>\n<meta property=\"article:modified_time\" content=\"2026-03-24T11:38:56+00:00\" \/>\n<meta property=\"og:image\" content=\"https:\/\/turismo.elejido.es\/wp-content\/uploads\/2026\/03\/CARTEL_CONSTELACIONES_MR_conlogo_ok-scaled-Cropped.jpg\" \/>\n\t<meta property=\"og:image:width\" content=\"1766\" \/>\n\t<meta property=\"og:image:height\" content=\"1766\" \/>\n\t<meta property=\"og:image:type\" content=\"image\/jpeg\" \/>\n<meta name=\"twitter:card\" content=\"summary_large_image\" \/>\n<meta name=\"twitter:label1\" content=\"Tiempo de lectura\" \/>\n\t<meta name=\"twitter:data1\" content=\"1 minuto\" \/>\n<script type=\"application\/ld+json\" class=\"yoast-schema-graph\">{\"@context\":\"https:\\\/\\\/schema.org\",\"@graph\":[{\"@type\":\"WebPage\",\"@id\":\"https:\\\/\\\/turismo.elejido.es\\\/index.php\\\/events\\\/fran-avila-distribucion-constelaciones\\\/\",\"url\":\"https:\\\/\\\/turismo.elejido.es\\\/index.php\\\/events\\\/fran-avila-distribucion-constelaciones\\\/\",\"name\":\"Fran \u00c1vila Distribuci\u00f3n \\\"Constelaciones\\\"\",\"isPartOf\":{\"@id\":\"https:\\\/\\\/turismo.elejido.es\\\/#website\"},\"primaryImageOfPage\":{\"@id\":\"https:\\\/\\\/turismo.elejido.es\\\/index.php\\\/events\\\/fran-avila-distribucion-constelaciones\\\/#primaryimage\"},\"image\":{\"@id\":\"https:\\\/\\\/turismo.elejido.es\\\/index.php\\\/events\\\/fran-avila-distribucion-constelaciones\\\/#primaryimage\"},\"thumbnailUrl\":\"https:\\\/\\\/turismo.elejido.es\\\/wp-content\\\/uploads\\\/2026\\\/03\\\/CARTEL_CONSTELACIONES_MR_conlogo_ok-scaled-Cropped.jpg\",\"datePublished\":\"2026-03-24T11:38:16+00:00\",\"dateModified\":\"2026-03-24T11:38:56+00:00\",\"description\":\"\u201cConstelaciones\u201d de Nick Payne es una obra innovadora que convierte una historia de amor en un viaje por m\u00faltiples universos, donde cada decisi\u00f3n puede cambiarlo todo.\",\"breadcrumb\":{\"@id\":\"https:\\\/\\\/turismo.elejido.es\\\/index.php\\\/events\\\/fran-avila-distribucion-constelaciones\\\/#breadcrumb\"},\"inLanguage\":\"es\",\"potentialAction\":[{\"@type\":\"ReadAction\",\"target\":[\"https:\\\/\\\/turismo.elejido.es\\\/index.php\\\/events\\\/fran-avila-distribucion-constelaciones\\\/\"]}]},{\"@type\":\"ImageObject\",\"inLanguage\":\"es\",\"@id\":\"https:\\\/\\\/turismo.elejido.es\\\/index.php\\\/events\\\/fran-avila-distribucion-constelaciones\\\/#primaryimage\",\"url\":\"https:\\\/\\\/turismo.elejido.es\\\/wp-content\\\/uploads\\\/2026\\\/03\\\/CARTEL_CONSTELACIONES_MR_conlogo_ok-scaled-Cropped.jpg\",\"contentUrl\":\"https:\\\/\\\/turismo.elejido.es\\\/wp-content\\\/uploads\\\/2026\\\/03\\\/CARTEL_CONSTELACIONES_MR_conlogo_ok-scaled-Cropped.jpg\",\"width\":1766,\"height\":1766},{\"@type\":\"BreadcrumbList\",\"@id\":\"https:\\\/\\\/turismo.elejido.es\\\/index.php\\\/events\\\/fran-avila-distribucion-constelaciones\\\/#breadcrumb\",\"itemListElement\":[{\"@type\":\"ListItem\",\"position\":1,\"name\":\"Inicio\",\"item\":\"https:\\\/\\\/turismo.elejido.es\\\/\"},{\"@type\":\"ListItem\",\"position\":2,\"name\":\"Eventos\",\"item\":\"https:\\\/\\\/turismo.elejido.es\\\/index.php\\\/events\\\/\"},{\"@type\":\"ListItem\",\"position\":3,\"name\":\"Fran \u00c1vila Distribuci\u00f3n \u00abConstelaciones\u00bb\"}]},{\"@type\":\"WebSite\",\"@id\":\"https:\\\/\\\/turismo.elejido.es\\\/#website\",\"url\":\"https:\\\/\\\/turismo.elejido.es\\\/\",\"name\":\"Turismo El Ejido\",\"description\":\"Portal Oficial de Turismo del Municipio de El Ejido, Almerimar y Balerma situado en la costa de Almer\u00eda.\",\"publisher\":{\"@id\":\"https:\\\/\\\/turismo.elejido.es\\\/#organization\"},\"potentialAction\":[{\"@type\":\"SearchAction\",\"target\":{\"@type\":\"EntryPoint\",\"urlTemplate\":\"https:\\\/\\\/turismo.elejido.es\\\/?s={search_term_string}\"},\"query-input\":{\"@type\":\"PropertyValueSpecification\",\"valueRequired\":true,\"valueName\":\"search_term_string\"}}],\"inLanguage\":\"es\"},{\"@type\":\"Organization\",\"@id\":\"https:\\\/\\\/turismo.elejido.es\\\/#organization\",\"name\":\"Turismo El Ejido\",\"url\":\"https:\\\/\\\/turismo.elejido.es\\\/\",\"logo\":{\"@type\":\"ImageObject\",\"inLanguage\":\"es\",\"@id\":\"https:\\\/\\\/turismo.elejido.es\\\/#\\\/schema\\\/logo\\\/image\\\/\",\"url\":\"https:\\\/\\\/turismo.elejido.es\\\/wp-content\\\/uploads\\\/2020\\\/12\\\/elejidoNaranja.png\",\"contentUrl\":\"https:\\\/\\\/turismo.elejido.es\\\/wp-content\\\/uploads\\\/2020\\\/12\\\/elejidoNaranja.png\",\"width\":163,\"height\":92,\"caption\":\"Turismo El Ejido\"},\"image\":{\"@id\":\"https:\\\/\\\/turismo.elejido.es\\\/#\\\/schema\\\/logo\\\/image\\\/\"}}]}<\/script>\n<!-- \/ Yoast SEO plugin. -->","yoast_head_json":{"title":"Fran \u00c1vila Distribuci\u00f3n       \"Constelaciones\"","description":"\u201cConstelaciones\u201d de Nick Payne es una obra innovadora que convierte una historia de amor en un viaje por m\u00faltiples universos, donde cada decisi\u00f3n puede cambiarlo todo.","robots":{"index":"index","follow":"follow","max-snippet":"max-snippet:-1","max-image-preview":"max-image-preview:large","max-video-preview":"max-video-preview:-1"},"canonical":"https:\/\/turismo.elejido.es\/index.php\/events\/fran-avila-distribucion-constelaciones\/","og_locale":"es_ES","og_type":"article","og_title":"Fran \u00c1vila Distribuci\u00f3n       \"Constelaciones\"","og_description":"\u201cConstelaciones\u201d de Nick Payne es una obra innovadora que convierte una historia de amor en un viaje por m\u00faltiples universos, donde cada decisi\u00f3n puede cambiarlo todo.","og_url":"https:\/\/turismo.elejido.es\/index.php\/events\/fran-avila-distribucion-constelaciones\/","og_site_name":"Turismo El Ejido","article_modified_time":"2026-03-24T11:38:56+00:00","og_image":[{"width":1766,"height":1766,"url":"https:\/\/turismo.elejido.es\/wp-content\/uploads\/2026\/03\/CARTEL_CONSTELACIONES_MR_conlogo_ok-scaled-Cropped.jpg","type":"image\/jpeg"}],"twitter_card":"summary_large_image","twitter_misc":{"Tiempo de lectura":"1 minuto"},"schema":{"@context":"https:\/\/schema.org","@graph":[{"@type":"WebPage","@id":"https:\/\/turismo.elejido.es\/index.php\/events\/fran-avila-distribucion-constelaciones\/","url":"https:\/\/turismo.elejido.es\/index.php\/events\/fran-avila-distribucion-constelaciones\/","name":"Fran \u00c1vila Distribuci\u00f3n \"Constelaciones\"","isPartOf":{"@id":"https:\/\/turismo.elejido.es\/#website"},"primaryImageOfPage":{"@id":"https:\/\/turismo.elejido.es\/index.php\/events\/fran-avila-distribucion-constelaciones\/#primaryimage"},"image":{"@id":"https:\/\/turismo.elejido.es\/index.php\/events\/fran-avila-distribucion-constelaciones\/#primaryimage"},"thumbnailUrl":"https:\/\/turismo.elejido.es\/wp-content\/uploads\/2026\/03\/CARTEL_CONSTELACIONES_MR_conlogo_ok-scaled-Cropped.jpg","datePublished":"2026-03-24T11:38:16+00:00","dateModified":"2026-03-24T11:38:56+00:00","description":"\u201cConstelaciones\u201d de Nick Payne es una obra innovadora que convierte una historia de amor en un viaje por m\u00faltiples universos, donde cada decisi\u00f3n puede cambiarlo todo.","breadcrumb":{"@id":"https:\/\/turismo.elejido.es\/index.php\/events\/fran-avila-distribucion-constelaciones\/#breadcrumb"},"inLanguage":"es","potentialAction":[{"@type":"ReadAction","target":["https:\/\/turismo.elejido.es\/index.php\/events\/fran-avila-distribucion-constelaciones\/"]}]},{"@type":"ImageObject","inLanguage":"es","@id":"https:\/\/turismo.elejido.es\/index.php\/events\/fran-avila-distribucion-constelaciones\/#primaryimage","url":"https:\/\/turismo.elejido.es\/wp-content\/uploads\/2026\/03\/CARTEL_CONSTELACIONES_MR_conlogo_ok-scaled-Cropped.jpg","contentUrl":"https:\/\/turismo.elejido.es\/wp-content\/uploads\/2026\/03\/CARTEL_CONSTELACIONES_MR_conlogo_ok-scaled-Cropped.jpg","width":1766,"height":1766},{"@type":"BreadcrumbList","@id":"https:\/\/turismo.elejido.es\/index.php\/events\/fran-avila-distribucion-constelaciones\/#breadcrumb","itemListElement":[{"@type":"ListItem","position":1,"name":"Inicio","item":"https:\/\/turismo.elejido.es\/"},{"@type":"ListItem","position":2,"name":"Eventos","item":"https:\/\/turismo.elejido.es\/index.php\/events\/"},{"@type":"ListItem","position":3,"name":"Fran \u00c1vila Distribuci\u00f3n \u00abConstelaciones\u00bb"}]},{"@type":"WebSite","@id":"https:\/\/turismo.elejido.es\/#website","url":"https:\/\/turismo.elejido.es\/","name":"Turismo El Ejido","description":"Portal Oficial de Turismo del Municipio de El Ejido, Almerimar y Balerma situado en la costa de Almer\u00eda.","publisher":{"@id":"https:\/\/turismo.elejido.es\/#organization"},"potentialAction":[{"@type":"SearchAction","target":{"@type":"EntryPoint","urlTemplate":"https:\/\/turismo.elejido.es\/?s={search_term_string}"},"query-input":{"@type":"PropertyValueSpecification","valueRequired":true,"valueName":"search_term_string"}}],"inLanguage":"es"},{"@type":"Organization","@id":"https:\/\/turismo.elejido.es\/#organization","name":"Turismo El Ejido","url":"https:\/\/turismo.elejido.es\/","logo":{"@type":"ImageObject","inLanguage":"es","@id":"https:\/\/turismo.elejido.es\/#\/schema\/logo\/image\/","url":"https:\/\/turismo.elejido.es\/wp-content\/uploads\/2020\/12\/elejidoNaranja.png","contentUrl":"https:\/\/turismo.elejido.es\/wp-content\/uploads\/2020\/12\/elejidoNaranja.png","width":163,"height":92,"caption":"Turismo El Ejido"},"image":{"@id":"https:\/\/turismo.elejido.es\/#\/schema\/logo\/image\/"}}]}},"_links":{"self":[{"href":"https:\/\/turismo.elejido.es\/index.php\/wp-json\/wp\/v2\/mec-events\/25769","targetHints":{"allow":["GET"]}}],"collection":[{"href":"https:\/\/turismo.elejido.es\/index.php\/wp-json\/wp\/v2\/mec-events"}],"about":[{"href":"https:\/\/turismo.elejido.es\/index.php\/wp-json\/wp\/v2\/types\/mec-events"}],"author":[{"embeddable":true,"href":"https:\/\/turismo.elejido.es\/index.php\/wp-json\/wp\/v2\/users\/5"}],"replies":[{"embeddable":true,"href":"https:\/\/turismo.elejido.es\/index.php\/wp-json\/wp\/v2\/comments?post=25769"}],"wp:featuredmedia":[{"embeddable":true,"href":"https:\/\/turismo.elejido.es\/index.php\/wp-json\/wp\/v2\/media\/25771"}],"wp:attachment":[{"href":"https:\/\/turismo.elejido.es\/index.php\/wp-json\/wp\/v2\/media?parent=25769"}],"wp:term":[{"taxonomy":"post_tag","embeddable":true,"href":"https:\/\/turismo.elejido.es\/index.php\/wp-json\/wp\/v2\/tags?post=25769"},{"taxonomy":"mec_category","embeddable":true,"href":"https:\/\/turismo.elejido.es\/index.php\/wp-json\/wp\/v2\/mec_category?post=25769"}],"curies":[{"name":"wp","href":"https:\/\/api.w.org\/{rel}","templated":true}]}}