{"id":10969,"date":"2021-04-28T08:05:14","date_gmt":"2021-04-28T06:05:14","guid":{"rendered":"https:\/\/turismo.elejido.es\/?page_id=10969"},"modified":"2026-03-30T10:42:55","modified_gmt":"2026-03-30T08:42:55","slug":"el-ejido-destino-sicted","status":"publish","type":"page","link":"https:\/\/turismo.elejido.es\/index.php\/profesional\/el-ejido-destino-sicted\/","title":{"rendered":"El Ejido destino SICTED"},"content":{"rendered":"\n<div class=\"wp-block-nk-awb nk-awb alturaSlider is-layout-constrained wp-block-nk-awb-is-layout-constrained\"><div class=\"nk-awb-wrap\" data-awb-type=\"image\" data-awb-parallax=\"scroll\" data-awb-parallax-speed=\"0.5\" data-awb-parallax-mobile=\"false\" data-awb-image-background-size=\"cover\" data-awb-image-background-position=\"48% 61%\"><div class=\"nk-awb-inner\"><img loading=\"lazy\" decoding=\"async\" src=\"https:\/\/turismo.elejido.es\/wp-content\/uploads\/2021\/04\/fotoElEjido.jpeg\" class=\"wp-image-9788 jarallax-img\" width=\"1400\" height=\"650\" srcset=\"https:\/\/turismo.elejido.es\/wp-content\/uploads\/2021\/04\/fotoElEjido.jpeg 1400w, https:\/\/turismo.elejido.es\/wp-content\/uploads\/2021\/04\/fotoElEjido-300x139.jpeg 300w, https:\/\/turismo.elejido.es\/wp-content\/uploads\/2021\/04\/fotoElEjido-768x357.jpeg 768w, https:\/\/turismo.elejido.es\/wp-content\/uploads\/2021\/04\/fotoElEjido-500x232.jpeg 500w, https:\/\/turismo.elejido.es\/wp-content\/uploads\/2021\/04\/fotoElEjido-800x371.jpeg 800w, https:\/\/turismo.elejido.es\/wp-content\/uploads\/2021\/04\/fotoElEjido-1280x594.jpeg 1280w\" sizes=\"auto, (max-width: 1400px) 100vw, 1400px\" \/><\/div><\/div><div class=\"nk-awb-wrap-content\"><\/div><\/div>\n\n\n\n<div style=\"height:25px\" aria-hidden=\"true\" class=\"wp-block-spacer\"><\/div>\n\n\n<div class=\"breadcrumbs align container wp-block-bcn-breadcrumb-trail has-text-color has-background\" vocab=\"https:\/\/schema.org\/\" typeof=\"BreadcrumbList\">\n\t<span><\/span>\n\t<span property=\"itemListElement\" typeof=\"ListItem\"><a property=\"item\" typeof=\"WebPage\" title=\"Ir a Turismo El Ejido.\" href=\"https:\/\/turismo.elejido.es\" class=\"home\" aria-current=\"page\"><span property=\"name\">Turismo El Ejido<\/span><\/a><meta property=\"position\" content=\"1\"><\/span><\/div>\n\n\n\n<div style=\"height:100px\" aria-hidden=\"true\" class=\"wp-block-spacer\"><\/div>\n\n\n\n<h2 class=\"wp-block-heading has-text-align-center animated zoomIn duration1 eds-on-scroll\">El Ejido destino SICTED<\/h2>\n\n\n\n<hr class=\"wp-block-separator has-text-color has-css-opacity has-background\" style=\"background-color:#ffaf26;color:#ffaf26\"\/>\n\n\n\n<div style=\"height:50px\" aria-hidden=\"true\" class=\"wp-block-spacer\"><\/div>\n\n\n\n<div class=\"wp-block-group container\"><div class=\"wp-block-group__inner-container is-layout-flow wp-block-group-is-layout-flow\">\n<figure class=\"wp-block-video\"><video height=\"1080\" style=\"aspect-ratio: 1920 \/ 1080;\" width=\"1920\" autoplay controls src=\"https:\/\/app.elejido.es\/turismo\/wp-content\/uploads\/2026\/02\/Empresas-SICTED.mp4\"><\/video><\/figure>\n\n\n\n<h2 class=\"wp-block-heading\">SICTED<\/h2>\n\n\n\n<p>El SICTED (Sistema Integral de Calidad Tur\u00edstica en Destino), es un proyecto impulsado por la Secretar\u00eda Estado de Turismo (SET), junto con la Federaci\u00f3n Espa\u00f1ola de Municipios y Provincias (FEMP) y financiado \u00edntegramente por el Ayuntamiento de El Ejido. <\/p>\n\n\n\n<p>Est\u00e1 dirigido a empresas y servicios tur\u00edsticos, bas\u00e1ndose en unos Manuales espec\u00edficos de Buenas Pr\u00e1cticas, seg\u00fan el sector, y, con el cumplimiento de los mismos, se concede el distintivo de \u00abCompromiso de Calidad Tur\u00edstica\u00bb.<\/p>\n\n\n\n<p>El SICTED significa mucho m\u00e1s que una simple distinci\u00f3n o certificaci\u00f3n individual, ya que su objetivo principal, es establecer un m\u00ednimo de calidad homog\u00e9neo en todo el Destino El Ejido y estrechar la colaboraci\u00f3n entre empresa privada y la administraci\u00f3n, a fin de impulsar el tejido empresarial y la satisfacci\u00f3n de los clientes\/turistas. <\/p>\n\n\n\n<p>Existen 37 sectores donde tienen cabida pr\u00e1cticamente todos los servicios y empresas de nuestro municipio: Playas, Restaurantes, Alojamientos, Comercios, AA.VV, Cafeter\u00edas-Bares, Museos, Artesanos, etc. <\/p>\n\n\n\n<p>En Espa\u00f1a existen 269 Destinos SICTED, con casi 10.000 empresas adheridas al programa y m\u00e1s de 7.000 empresas que ya lucen en su entrada el distintivo. Cabe resaltar, que 64 destinos se encuentran en Andaluc\u00eda con m\u00e1s de 1.400 empresas ya certificadas. A d\u00eda de hoy, El Ejido se encuentra en el cuarto puesto en el ranking de destinos de Andaluc\u00eda con m\u00e1s empresas certificadas.<\/p>\n\n\n\n<p>Desde el a\u00f1o 2015, a\u00f1o en el que el Ayuntamiento de El Ejido se dio de alta como \u00abDestino Tur\u00edstico El Ejido\u00bb hasta el a\u00f1o 2025, se han ido adhiriendo empresas al programa, form\u00e1ndolas y asesor\u00e1ndolas para homogeneizar la calidad en los distintos sectores de todo el municipio. Actualmente, se cuenta con 60 empresas distinguidas de los sectores: playas, restaurantes, bares-cafeter\u00edas, campos de golf, oficina de turismo, alojamientos, comercios, entre otros. <\/p>\n\n\n\n<p>Para m\u00e1s informaci\u00f3n, puedes consultar la p\u00e1gina web oficial del <a href=\"https:\/\/www.calidadendestino.es\/\">SICTED<\/a>: <a href=\"https:\/\/www.calidadendestino.es\/\">www.calidadendestino.es<\/a><\/p>\n\n\n\n<div style=\"height:50px\" aria-hidden=\"true\" class=\"wp-block-spacer\"><\/div>\n\n\n<div\n\t\t\t\n\t\t\tclass=\"so-widget-sow-slider so-widget-sow-slider-default-6ff177adc870\"\n\t\t\t\n\t\t>\t\t\t\t<div class=\"sow-slider-base\" style=\"display: none\" tabindex=\"0\">\n\t\t\t\t\t<ul\n\t\t\t\t\tclass=\"sow-slider-images\"\n\t\t\t\t\tdata-settings=\"{&quot;pagination&quot;:true,&quot;speed&quot;:800,&quot;timeout&quot;:5000,&quot;paused&quot;:false,&quot;pause_on_hover&quot;:false,&quot;swipe&quot;:true,&quot;nav_always_show_desktop&quot;:&quot;&quot;,&quot;nav_always_show_mobile&quot;:&quot;&quot;,&quot;breakpoint&quot;:&quot;780px&quot;,&quot;unmute&quot;:false,&quot;anchor&quot;:null}\"\n\t\t\t\t\t\t\t\t\t\tdata-anchor-id=\"\"\n\t\t\t\t>\t\t<li class=\"sow-slider-image\" style=\"visibility: visible;;cursor: pointer;\" data-url=\"{&quot;url&quot;:&quot;https:\\\/\\\/app.elejido.es\\\/turismo\\\/wp-content\\\/uploads\\\/2021\\\/04\\\/Triptico-SICTED_final.pdf&quot;,&quot;new_window&quot;:true}\" >\n\t\t\t\t\t\t<div class=\"sow-slider-image-container\">\n\t\t\t\t<div class=\"sow-slider-image-wrapper\" style=\"max-width: 1200px\">\n\t\t\t\t\t\t\t\t\t\t\t<a href=\"https:\/\/app.elejido.es\/turismo\/wp-content\/uploads\/2021\/04\/Triptico-SICTED_final.pdf\"\n\t\t\t\t\t\t\t\t\t\t\t\t\t\t\t\t\t\t\t\t\ttarget=\"_blank\" \t\t\t\t\t\t\t\t\t\t\t\t\t\t\t\t\t\t\t\t\t\t\t\t\t\t\t\trel=\"noopener noreferrer\" \t\t\t\t\t\t\t\t\t\t\t\t\t>\n\t\t\t\t\t\t\t\t\t\t<div class=\"sow-slider-image-foreground-wrapper\">\n\t\t\t\t\t\t<img loading=\"lazy\" decoding=\"async\" width=\"1200\" height=\"400\" src=\"https:\/\/turismo.elejido.es\/wp-content\/uploads\/2021\/05\/Pulsa-aqui-8.png\" class=\"sow-slider-foreground-image\" alt=\"\" style=\"\" srcset=\"https:\/\/turismo.elejido.es\/wp-content\/uploads\/2021\/05\/Pulsa-aqui-8.png 1200w, https:\/\/turismo.elejido.es\/wp-content\/uploads\/2021\/05\/Pulsa-aqui-8-300x100.png 300w, https:\/\/turismo.elejido.es\/wp-content\/uploads\/2021\/05\/Pulsa-aqui-8-768x256.png 768w, https:\/\/turismo.elejido.es\/wp-content\/uploads\/2021\/05\/Pulsa-aqui-8-500x167.png 500w, https:\/\/turismo.elejido.es\/wp-content\/uploads\/2021\/05\/Pulsa-aqui-8-800x267.png 800w\" sizes=\"auto, (max-width: 1200px) 100vw, 1200px\" \/>\t\t\t\t\t<\/div>\n\t\t\t\t\t\t\t\t\t\t\t<\/a>\n\t\t\t\t\t\t\t\t\t<\/div>\n\t\t\t<\/div>\n\t\t\t\t\t<\/li>\n\t\t<\/ul>\t\t\t\t<ol class=\"sow-slider-pagination\">\n\t\t\t\t\t\t\t\t\t\t\t<li><a href=\"#\" data-goto=\"0\" aria-label=\"mostrar diapositiva 1\"><\/a><\/li>\n\t\t\t\t\t\t\t\t\t<\/ol>\n\n\t\t\t\t<div class=\"sow-slide-nav sow-slide-nav-next\">\n\t\t\t\t\t<a href=\"#\" data-goto=\"next\" aria-label=\"diapositiva siguiente\" data-action=\"next\">\n\t\t\t\t\t\t<em class=\"sow-sld-icon-thin-right\"><\/em>\n\t\t\t\t\t<\/a>\n\t\t\t\t<\/div>\n\n\t\t\t\t<div class=\"sow-slide-nav sow-slide-nav-prev\">\n\t\t\t\t\t<a href=\"#\" data-goto=\"previous\" aria-label=\"diapositiva anterior\" data-action=\"prev\">\n\t\t\t\t\t\t<em class=\"sow-sld-icon-thin-left\"><\/em>\n\t\t\t\t\t<\/a>\n\t\t\t\t<\/div>\n\t\t\t\t<\/div><\/div>\n\n\n<div style=\"height:50px\" aria-hidden=\"true\" class=\"wp-block-spacer\"><\/div>\n\n\n\n<h2 class=\"wp-block-heading\">Beneficios para las empresas: <\/h2>\n\n\n\n<ul class=\"wp-block-list\">\n<li>Sin coste.<\/li>\n\n\n\n<li>Mejora la gesti\u00f3n interna.<\/li>\n\n\n\n<li>Incrementa la cualificaci\u00f3n y motivaci\u00f3n del personal.<\/li>\n\n\n\n<li>Recibe asistencia t\u00e9cnica de apoyo para la mejora en la empresa. <\/li>\n\n\n\n<li>Promoci\u00f3n y difusi\u00f3n a nivel nacional e internacional, tanto por parte del SICTED Espa\u00f1a como las promociones realizadas desde el propio Destino El Ejido: gu\u00edas de turismo, prensa, ferias, etc.<\/li>\n\n\n\n<li>Diferenciarse de la competencia por el Distintivo.<\/li>\n\n\n\n<li>Facilita la obtenci\u00f3n de subvenciones.<\/li>\n\n\n\n<li>Se tiene la posibilidad de recibir cursos t\u00e9cnicos de nivel subvencionados por la Secretar\u00eda de Estado de Turismo, Junta de Andaluc\u00eda, la Uni\u00f3n Europea y el Ayuntamiento. <\/li>\n<\/ul>\n\n\n\n<div style=\"height:50px\" aria-hidden=\"true\" class=\"wp-block-spacer\"><\/div>\n\n\n\n<h2 class=\"wp-block-heading\">Beneficios que el SICTED proporciona al Destino El Ejido: <\/h2>\n\n\n\n<ul class=\"wp-block-list\">\n<li>Calidad homog\u00e9nea en servicios y empresas tur\u00edsticas.<\/li>\n\n\n\n<li>Incrementa la satisfacci\u00f3n de turistas\/clientes.<\/li>\n\n\n\n<li>Fomenta la fidelizaci\u00f3n.<\/li>\n\n\n\n<li>Incrementa la implicaci\u00f3n y participaci\u00f3n de empresarios en el desarrollo tur\u00edstico del Destino El Ejido. <\/li>\n<\/ul>\n\n\n\n<div style=\"height:50px\" aria-hidden=\"true\" class=\"wp-block-spacer\"><\/div>\n\n\n\n<h2 class=\"wp-block-heading\">Contacta con nosotros:<\/h2>\n\n\n\n<p>\u00c1rea de Turismo del Ayuntamiento de El Ejido<\/p>\n\n\n\n<p>Email: infoturismo@elejido.es<\/p>\n\n\n\n<p>Tel\u00e9fono: 950 54 10 27<\/p>\n\n\n\n<p>Si quieres contactar de forma directa con el SICTED puedes hacerlo a trav\u00e9s de su web: <a href=\"https:\/\/www.calidadendestino.es\/\">www.calidadendestino.es<\/a><\/p>\n\n\n\n<div style=\"height:50px\" aria-hidden=\"true\" class=\"wp-block-spacer\"><\/div>\n\n\n\n<h3 class=\"wp-block-heading\">Haz clic en play para ver el v\u00eddeo de El Ejido destino SICTED:<\/h3>\n\n\n\n<figure class=\"wp-block-video\"><video height=\"1080\" style=\"aspect-ratio: 1920 \/ 1080;\" width=\"1920\" controls src=\"https:\/\/app.elejido.es\/turismo\/wp-content\/uploads\/2025\/01\/SICTED2025.mp4\"><\/video><\/figure>\n\n\n\n<div style=\"height:100px\" aria-hidden=\"true\" class=\"wp-block-spacer\"><\/div>\n\n\n\n<h2 class=\"wp-block-heading\">Empresas SICTED en El Ejido 2024\/25<\/h2>\n\n\n\n<div style=\"height:50px\" aria-hidden=\"true\" class=\"wp-block-spacer\"><\/div>\n\n\n\n<p class=\"has-text-align-center\">Elige una categor\u00eda o haz clic en ver todo para ver la <a href=\"https:\/\/app.elejido.es\/turismo\/?page_id=19423\">lista completa de empresas<\/a>.<\/p>\n\n\n\n<p class=\"has-text-align-center\"><a href=\"https:\/\/app.elejido.es\/turismo\/?page_id=19423\">Ver todo<\/a><\/p>\n\n\n\n<div style=\"height:25px\" aria-hidden=\"true\" class=\"wp-block-spacer\"><\/div>\n\n\n\n<div id=\"empresasSicted\" class=\"wp-block-group\"><div class=\"wp-block-group__inner-container is-layout-flow wp-block-group-is-layout-flow\"><div id=\"pl-gb10969-69f512f34f953\"  class=\"panel-layout wp-block-siteorigin-panels-layout-block\" ><div id=\"pg-gb10969-69f512f34f953-0\"  class=\"panel-grid panel-no-style\" ><div id=\"pgc-gb10969-69f512f34f953-0-0\"  class=\"panel-grid-cell\" ><div id=\"panel-gb10969-69f512f34f953-0-0-0\" class=\"so-panel widget widget_sow-features panel-first-child\" data-index=\"0\" ><div\n\t\t\t\n\t\t\tclass=\"so-widget-sow-features so-widget-sow-features-default-67d35938a64d-10969\"\n\t\t\t\n\t\t><ul\n\tclass=\"sow-features-list\n\tsow-features-responsive\">\n\n\t\t\t<li\n\t\t\tclass=\"sow-features-feature sow-icon-container-position-top\"\n\t\t\tstyle=\"display: flex; flex-direction: column; width: calc(25% - 25px);\"\n\t\t>\n\t\t\t\n\t\t\t\t\t\t<a\t\t\t\tclass=\"sow-icon-container sow-container-none\"\n\t\t\t\tstyle=\"color: #ffffff; \"\n\t\t\t\t\n\t\t\t\t\t\t\t\t\thref=\"https:\/\/app.elejido.es\/turismo\/?page_id=19423#alojamientos\"\n\t\t\t\t\t\t\t\t>\n\t\t\t\t<span class=\"sow-icon-fontawesome sow-fas\" data-sow-icon=\"&#xf236;\"\n\t\tstyle=\"font-size: 50px; color: #000000\" \n\t\taria-hidden=\"true\"><\/span>\t\t\t<\/a>\n\n\t\t\t<div class=\"textwidget\">\n\t\t\t\t\n\t\t\t\t\n\t\t\t\t\t\t\t\t\t<div class=\"sow-features-feature-text\">\n\t\t\t\t\t<h3 style=\"text-align: center\"><a href=\"https:\/\/app.elejido.es\/turismo\/?page_id=19423#alojamientos\">Alojamientos<\/a><\/h3>\n\t\t\t\t\t<\/div>\n\t\t\t\t\t\t\t\t<\/div>\n\t\t\t\t\t\t\t\t<\/li>\n\n\t\t\t<li\n\t\t\tclass=\"sow-features-feature sow-icon-container-position-top\"\n\t\t\tstyle=\"display: flex; flex-direction: column; width: calc(25% - 25px);\"\n\t\t>\n\t\t\t\n\t\t\t\t\t\t<a\t\t\t\tclass=\"sow-icon-container sow-container-none\"\n\t\t\t\tstyle=\"color: #ffffff; \"\n\t\t\t\t\n\t\t\t\t\t\t\t\t\thref=\"https:\/\/app.elejido.es\/turismo\/?page_id=19423#turismoactivo\"\n\t\t\t\t\t\t\t\t>\n\t\t\t\t<span class=\"sow-icon-fontawesome sow-fas\" data-sow-icon=\"&#xf7ce;\"\n\t\tstyle=\"font-size: 50px; color: #000000\" \n\t\taria-hidden=\"true\"><\/span>\t\t\t<\/a>\n\n\t\t\t<div class=\"textwidget\">\n\t\t\t\t\n\t\t\t\t\n\t\t\t\t\t\t\t\t\t<div class=\"sow-features-feature-text\">\n\t\t\t\t\t<h3 style=\"text-align: center\"><a href=\"https:\/\/app.elejido.es\/turismo\/?page_id=19423#turismoactivo\">Turismo activo, industrial, museos, experiencias y talleres tur\u00edsticos<\/a><\/h3>\n\t\t\t\t\t<\/div>\n\t\t\t\t\t\t\t\t<\/div>\n\t\t\t\t\t\t\t\t<\/li>\n\n\t\t\t<li\n\t\t\tclass=\"sow-features-feature sow-icon-container-position-top\"\n\t\t\tstyle=\"display: flex; flex-direction: column; width: calc(25% - 25px);\"\n\t\t>\n\t\t\t\n\t\t\t\t\t\t<a\t\t\t\tclass=\"sow-icon-container sow-container-none\"\n\t\t\t\tstyle=\"color: #ffffff; \"\n\t\t\t\t\n\t\t\t\t\t\t\t\t\thref=\"https:\/\/app.elejido.es\/turismo\/?page_id=19423#comercios\"\n\t\t\t\t\t\t\t\t>\n\t\t\t\t<span class=\"sow-icon-fontawesome sow-fas\" data-sow-icon=\"&#xf290;\"\n\t\tstyle=\"font-size: 50px; color: #000000\" \n\t\taria-hidden=\"true\"><\/span>\t\t\t<\/a>\n\n\t\t\t<div class=\"textwidget\">\n\t\t\t\t\n\t\t\t\t\n\t\t\t\t\t\t\t\t\t<div class=\"sow-features-feature-text\">\n\t\t\t\t\t<h3 style=\"text-align: center\"><a href=\"https:\/\/app.elejido.es\/turismo\/?page_id=19423#comercios\">Comercios y agencias de viaje<\/a><\/h3>\n\t\t\t\t\t<\/div>\n\t\t\t\t\t\t\t\t<\/div>\n\t\t\t\t\t\t\t\t<\/li>\n\n\t\t\t<li\n\t\t\tclass=\"sow-features-feature sow-icon-container-position-top\"\n\t\t\tstyle=\"display: flex; flex-direction: column; width: calc(25% - 25px);\"\n\t\t>\n\t\t\t\n\t\t\t\t\t\t<a\t\t\t\tclass=\"sow-icon-container sow-container-none\"\n\t\t\t\tstyle=\"color: #ffffff; \"\n\t\t\t\t\n\t\t\t\t\t\t\t\t\thref=\"https:\/\/app.elejido.es\/turismo\/?page_id=19423#bares\"\n\t\t\t\t\t\t\t\t>\n\t\t\t\t<span class=\"sow-icon-fontawesome sow-fas\" data-sow-icon=\"&#xf2e7;\"\n\t\tstyle=\"font-size: 50px; color: #000000\" \n\t\taria-hidden=\"true\"><\/span>\t\t\t<\/a>\n\n\t\t\t<div class=\"textwidget\">\n\t\t\t\t\n\t\t\t\t\n\t\t\t\t\t\t\t\t\t<div class=\"sow-features-feature-text\">\n\t\t\t\t\t<h3 style=\"text-align: center\"><a href=\"https:\/\/app.elejido.es\/turismo\/?page_id=19423#bares\">Bares, cafeter\u00edas y restaurantes<\/a><\/h3>\n\t\t\t\t\t<\/div>\n\t\t\t\t\t\t\t\t<\/div>\n\t\t\t\t\t\t\t\t<\/li>\n\n\t<\/ul>\n<\/div><\/div><div id=\"panel-gb10969-69f512f34f953-0-0-1\" class=\"so-panel widget widget_sow-features\" data-index=\"1\" ><div\n\t\t\t\n\t\t\tclass=\"so-widget-sow-features so-widget-sow-features-default-67d35938a64d-10969\"\n\t\t\t\n\t\t><ul\n\tclass=\"sow-features-list\n\tsow-features-responsive\">\n\n\t\t\t<li\n\t\t\tclass=\"sow-features-feature sow-icon-container-position-top\"\n\t\t\tstyle=\"display: flex; flex-direction: column; width: calc(25% - 25px);\"\n\t\t>\n\t\t\t\n\t\t\t\t\t\t<a\t\t\t\tclass=\"sow-icon-container sow-container-none\"\n\t\t\t\tstyle=\"color: #ffffff; \"\n\t\t\t\t\n\t\t\t\t\t\t\t\t\thref=\"https:\/\/app.elejido.es\/turismo\/?page_id=19423#playas\"\n\t\t\t\t\t\t\t\t>\n\t\t\t\t<span class=\"sow-icon-fontawesome sow-fas\" data-sow-icon=\"&#xf129;\"\n\t\tstyle=\"font-size: 50px; color: #000000\" \n\t\taria-hidden=\"true\"><\/span>\t\t\t<\/a>\n\n\t\t\t<div class=\"textwidget\">\n\t\t\t\t\n\t\t\t\t\n\t\t\t\t\t\t\t\t\t<div class=\"sow-features-feature-text\">\n\t\t\t\t\t<h3 style=\"text-align: center\"><a href=\"https:\/\/app.elejido.es\/turismo\/?page_id=19423#playas\">Playas y oficina de informaci\u00f3n tur\u00edstica<\/a><\/h3>\n\t\t\t\t\t<\/div>\n\t\t\t\t\t\t\t\t<\/div>\n\t\t\t\t\t\t\t\t<\/li>\n\n\t\t\t<li\n\t\t\tclass=\"sow-features-feature sow-icon-container-position-top\"\n\t\t\tstyle=\"display: flex; flex-direction: column; width: calc(25% - 25px);\"\n\t\t>\n\t\t\t\n\t\t\t\t\t\t<a\t\t\t\tclass=\"sow-icon-container sow-container-none\"\n\t\t\t\tstyle=\"color: #ffffff; \"\n\t\t\t\t\n\t\t\t\t\t\t\t\t\thref=\"https:\/\/app.elejido.es\/turismo\/?page_id=19423#transporte\"\n\t\t\t\t\t\t\t\t>\n\t\t\t\t<span class=\"sow-icon-fontawesome sow-fas\" data-sow-icon=\"&#xf1b9;\"\n\t\tstyle=\"font-size: 50px; color: #000000\" \n\t\taria-hidden=\"true\"><\/span>\t\t\t<\/a>\n\n\t\t\t<div class=\"textwidget\">\n\t\t\t\t\n\t\t\t\t\n\t\t\t\t\t\t\t\t\t<div class=\"sow-features-feature-text\">\n\t\t\t\t\t<h3 style=\"text-align: center\"><a href=\"https:\/\/app.elejido.es\/turismo\/?page_id=19423#transporte\">Transporte tur\u00edstico<\/a><\/h3>\n\t\t\t\t\t<\/div>\n\t\t\t\t\t\t\t\t<\/div>\n\t\t\t\t\t\t\t\t<\/li>\n\n\t\t\t<li\n\t\t\tclass=\"sow-features-feature sow-icon-container-position-top\"\n\t\t\tstyle=\"display: flex; flex-direction: column; width: calc(25% - 25px);\"\n\t\t>\n\t\t\t\n\t\t\t\t\t\t<a\t\t\t\tclass=\"sow-icon-container sow-container-none\"\n\t\t\t\tstyle=\"color: #ffffff; \"\n\t\t\t\t\n\t\t\t\t\t\t\t\t\thref=\"https:\/\/app.elejido.es\/turismo\/?page_id=19423#bienestar\"\n\t\t\t\t\t\t\t\t>\n\t\t\t\t<span class=\"sow-icon-fontawesome sow-fas\" data-sow-icon=\"&#xf5bb;\"\n\t\tstyle=\"font-size: 50px; color: #000000\" \n\t\taria-hidden=\"true\"><\/span>\t\t\t<\/a>\n\n\t\t\t<div class=\"textwidget\">\n\t\t\t\t\n\t\t\t\t\n\t\t\t\t\t\t\t\t\t<div class=\"sow-features-feature-text\">\n\t\t\t\t\t<h3 style=\"text-align: center\"><a href=\"https:\/\/app.elejido.es\/turismo\/?page_id=19423#bienestar\">Turismo de bienestar<\/a><\/h3>\n\t\t\t\t\t<\/div>\n\t\t\t\t\t\t\t\t<\/div>\n\t\t\t\t\t\t\t\t<\/li>\n\n\t\t\t<li\n\t\t\tclass=\"sow-features-feature sow-icon-container-position-top\"\n\t\t\tstyle=\"display: flex; flex-direction: column; width: calc(25% - 25px);\"\n\t\t>\n\t\t\t\n\t\t\t\t\t\t<a\t\t\t\tclass=\"sow-icon-container sow-container-none\"\n\t\t\t\tstyle=\"color: #ffffff; \"\n\t\t\t\t\n\t\t\t\t\t\t\t\t\thref=\"https:\/\/app.elejido.es\/turismo\/?page_id=19423#artesanos\"\n\t\t\t\t\t\t\t\t>\n\t\t\t\t<span class=\"sow-icon-fontawesome sow-fas\" data-sow-icon=\"&#xf53f;\"\n\t\tstyle=\"font-size: 50px; color: #000000\" \n\t\taria-hidden=\"true\"><\/span>\t\t\t<\/a>\n\n\t\t\t<div class=\"textwidget\">\n\t\t\t\t\n\t\t\t\t\n\t\t\t\t\t\t\t\t\t<div class=\"sow-features-feature-text\">\n\t\t\t\t\t<h3 style=\"text-align: center\"><a href=\"https:\/\/app.elejido.es\/turismo\/?page_id=19423#artesanos\">Artesanos<\/a><\/h3>\n\t\t\t\t\t<\/div>\n\t\t\t\t\t\t\t\t<\/div>\n\t\t\t\t\t\t\t\t<\/li>\n\n\t<\/ul>\n<\/div><\/div><div id=\"panel-gb10969-69f512f34f953-0-0-2\" class=\"so-panel widget widget_sow-features panel-last-child\" data-index=\"2\" ><div\n\t\t\t\n\t\t\tclass=\"so-widget-sow-features so-widget-sow-features-default-67d35938a64d-10969\"\n\t\t\t\n\t\t><ul\n\tclass=\"sow-features-list\n\tsow-features-responsive\">\n\n\t\t\t<li\n\t\t\tclass=\"sow-features-feature sow-icon-container-position-top\"\n\t\t\tstyle=\"display: flex; flex-direction: column; width: calc(25% - 25px);\"\n\t\t>\n\t\t\t\n\t\t\t\t\t\t<a\t\t\t\tclass=\"sow-icon-container sow-container-none\"\n\t\t\t\tstyle=\"color: #ffffff; \"\n\t\t\t\t\n\t\t\t\t\t\t\t\t\thref=\"https:\/\/app.elejido.es\/turismo\/?page_id=19423#espa\u00f1ol\"\n\t\t\t\t\t\t\t\t>\n\t\t\t\t<span class=\"sow-icon-fontawesome sow-fas\" data-sow-icon=\"&#xf19d;\"\n\t\tstyle=\"font-size: 50px; color: #000000\" \n\t\taria-hidden=\"true\"><\/span>\t\t\t<\/a>\n\n\t\t\t<div class=\"textwidget\">\n\t\t\t\t\n\t\t\t\t\n\t\t\t\t\t\t\t\t\t<div class=\"sow-features-feature-text\">\n\t\t\t\t\t<h3 style=\"text-align: center\"><a href=\"https:\/\/app.elejido.es\/turismo\/?page_id=19423#espa\u00f1ol\">Academia de espa\u00f1ol para extranjeros<\/a><\/h3>\n\t\t\t\t\t<\/div>\n\t\t\t\t\t\t\t\t<\/div>\n\t\t\t\t\t\t\t\t<\/li>\n\n\t\t\t<li\n\t\t\tclass=\"sow-features-feature sow-icon-container-position-top\"\n\t\t\tstyle=\"display: flex; flex-direction: column; width: calc(25% - 25px);\"\n\t\t>\n\t\t\t\n\t\t\t\t\t\t<a\t\t\t\tclass=\"sow-icon-container sow-container-none\"\n\t\t\t\tstyle=\"color: #ffffff; \"\n\t\t\t\t\n\t\t\t\t\t\t\t\t\thref=\"https:\/\/app.elejido.es\/turismo\/?page_id=19423#limpieza\"\n\t\t\t\t\t\t\t\t>\n\t\t\t\t<span class=\"sow-icon-fontawesome sow-fas\" data-sow-icon=\"&#xf1b8;\"\n\t\tstyle=\"font-size: 50px; color: #000000\" \n\t\taria-hidden=\"true\"><\/span>\t\t\t<\/a>\n\n\t\t\t<div class=\"textwidget\">\n\t\t\t\t\n\t\t\t\t\n\t\t\t\t\t\t\t\t\t<div class=\"sow-features-feature-text\">\n\t\t\t\t\t<h3 style=\"text-align: center\"><a href=\"https:\/\/app.elejido.es\/turismo\/?page_id=19423#limpieza\">Servicios de limpieza<\/a><\/h3>\n\t\t\t\t\t<\/div>\n\t\t\t\t\t\t\t\t<\/div>\n\t\t\t\t\t\t\t\t<\/li>\n\n\t\t\t<li\n\t\t\tclass=\"sow-features-feature sow-icon-container-position-top\"\n\t\t\tstyle=\"display: flex; flex-direction: column; width: calc(25% - 25px);\"\n\t\t>\n\t\t\t\n\t\t\t\t\t\t<a\t\t\t\tclass=\"sow-icon-container sow-container-none\"\n\t\t\t\tstyle=\"color: #ffffff; \"\n\t\t\t\t\n\t\t\t\t\t\t\t\t\thref=\"https:\/\/app.elejido.es\/turismo\/?page_id=19423#limpieza\"\n\t\t\t\t\t\t\t\t>\n\t\t\t\t<span class=\"sow-icon-fontawesome sow-fas\" data-sow-icon=\"&#xf5b0;\"\n\t\tstyle=\"font-size: 50px; color: #000000\" \n\t\taria-hidden=\"true\"><\/span>\t\t\t<\/a>\n\n\t\t\t<div class=\"textwidget\">\n\t\t\t\t\n\t\t\t\t\n\t\t\t\t\t\t\t\t\t<div class=\"sow-features-feature-text\">\n\t\t\t\t\t<h3 style=\"text-align: center\"><a href=\"https:\/\/app.elejido.es\/turismo\/?page_id=19423#agencias\">Agencias de Viajes<\/a><\/h3>\n\t\t\t\t\t<\/div>\n\t\t\t\t\t\t\t\t<\/div>\n\t\t\t\t\t\t\t\t<\/li>\n\n\t<\/ul>\n<\/div><\/div><\/div><\/div><\/div><\/div><\/div>\n\n\n\n<div style=\"height:100px\" aria-hidden=\"true\" class=\"wp-block-spacer\"><\/div>\n\n\n\n<iframe loading=\"lazy\" src=\"https:\/\/www.google.com\/maps\/d\/u\/0\/embed?mid=1unusjYV6jqjudAipLPZRhS0b3xDJa14&amp;ehbc=2E312F\" width=\"640\" height=\"480\"><\/iframe>\n\n\n\n<div style=\"height:100px\" aria-hidden=\"true\" class=\"wp-block-spacer\"><\/div>\n\n\n<div\n\t\t\t\n\t\t\tclass=\"so-widget-sow-slider so-widget-sow-slider-default-6ff177adc870\"\n\t\t\t\n\t\t>\t\t\t\t<div class=\"sow-slider-base\" style=\"display: none\" tabindex=\"0\">\n\t\t\t\t\t<ul\n\t\t\t\t\tclass=\"sow-slider-images\"\n\t\t\t\t\tdata-settings=\"{&quot;pagination&quot;:true,&quot;speed&quot;:800,&quot;timeout&quot;:5000,&quot;paused&quot;:false,&quot;pause_on_hover&quot;:false,&quot;swipe&quot;:true,&quot;nav_always_show_desktop&quot;:&quot;&quot;,&quot;nav_always_show_mobile&quot;:&quot;&quot;,&quot;breakpoint&quot;:&quot;780px&quot;,&quot;unmute&quot;:false,&quot;anchor&quot;:null}\"\n\t\t\t\t\t\t\t\t\t\tdata-anchor-id=\"\"\n\t\t\t\t>\t\t<li class=\"sow-slider-image\" style=\"visibility: visible;\" >\n\t\t\t\t\t\t<div class=\"sow-slider-image-container\">\n\t\t\t\t<div class=\"sow-slider-image-wrapper\" style=\"max-width: 1200px\">\n\t\t\t\t\t\t\t\t\t\t<div class=\"sow-slider-image-foreground-wrapper\">\n\t\t\t\t\t\t<img loading=\"lazy\" decoding=\"async\" width=\"1200\" height=\"200\" src=\"https:\/\/turismo.elejido.es\/wp-content\/uploads\/2023\/02\/Newsletter-SICTED-El-Ejido.png\" class=\"sow-slider-foreground-image\" alt=\"\" style=\"\" srcset=\"https:\/\/turismo.elejido.es\/wp-content\/uploads\/2023\/02\/Newsletter-SICTED-El-Ejido.png 1200w, https:\/\/turismo.elejido.es\/wp-content\/uploads\/2023\/02\/Newsletter-SICTED-El-Ejido-500x83.png 500w, https:\/\/turismo.elejido.es\/wp-content\/uploads\/2023\/02\/Newsletter-SICTED-El-Ejido-768x128.png 768w, https:\/\/turismo.elejido.es\/wp-content\/uploads\/2023\/02\/Newsletter-SICTED-El-Ejido-800x133.png 800w\" sizes=\"auto, (max-width: 1200px) 100vw, 1200px\" \/>\t\t\t\t\t<\/div>\n\t\t\t\t\t\t\t\t\t<\/div>\n\t\t\t<\/div>\n\t\t\t\t\t<\/li>\n\t\t<\/ul>\t\t\t\t<ol class=\"sow-slider-pagination\">\n\t\t\t\t\t\t\t\t\t\t\t<li><a href=\"#\" data-goto=\"0\" aria-label=\"mostrar diapositiva 1\"><\/a><\/li>\n\t\t\t\t\t\t\t\t\t<\/ol>\n\n\t\t\t\t<div class=\"sow-slide-nav sow-slide-nav-next\">\n\t\t\t\t\t<a href=\"#\" data-goto=\"next\" aria-label=\"diapositiva siguiente\" data-action=\"next\">\n\t\t\t\t\t\t<em class=\"sow-sld-icon-thin-right\"><\/em>\n\t\t\t\t\t<\/a>\n\t\t\t\t<\/div>\n\n\t\t\t\t<div class=\"sow-slide-nav sow-slide-nav-prev\">\n\t\t\t\t\t<a href=\"#\" data-goto=\"previous\" aria-label=\"diapositiva anterior\" data-action=\"prev\">\n\t\t\t\t\t\t<em class=\"sow-sld-icon-thin-left\"><\/em>\n\t\t\t\t\t<\/a>\n\t\t\t\t<\/div>\n\t\t\t\t<\/div><\/div>\n\n\n<div style=\"height:100px\" aria-hidden=\"true\" class=\"wp-block-spacer\"><\/div>\n\n\n\n<h2 class=\"wp-block-heading has-text-align-center\">Noticias SICTED<\/h2>\n\n\n\n<div style=\"height:20px\" aria-hidden=\"true\" class=\"wp-block-spacer\"><\/div>\n\n\n\n<div class=\"wp-block-group noticias\"><div class=\"wp-block-group__inner-container is-layout-flow wp-block-group-is-layout-flow\"><div  class=\"ultp-post-grid-block wp-block-ultimate-post-post-grid-2 ultp-block-dea785\"><div class=\"ultp-block-wrapper\"><div class=\"ultp-loading\"><div class=\"ultp-loading-blocks\" style=\"width:100%;height:100%;\"><div style=\"left: 0;top: 0;animation-delay:0s;\"><\/div><div style=\"left: 21px;top: 0;animation-delay:0.125s;\"><\/div><div style=\"left: 42px;top: 0;animation-delay:0.25s;\"><\/div><div style=\"left: 0;top: 21px;animation-delay:0.875s;\"><\/div><div style=\"left: 42px;top: 21px;animation-delay:0.375s;\"><\/div><div style=\"left: 0;top: 42px;animation-delay:0.75s;\"><\/div><div style=\"left: 42px;top: 42px;animation-delay:0.625s;\"><\/div><div style=\"left: 21px;top: 42px;animation-delay:0.5s;\"><\/div><\/div><\/div><div class=\"ultp-heading-filter\"><div class=\"ultp-heading-filter-in\"><div class=\"ultp-filter-navigation\"><\/div><\/div><\/div><div class=\"ultp-block-items-wrap ultp-block-row\"><div class=\"ultp-block-item post-id-24733\"><div class=\"ultp-block-content-wrap ultp-block-content-overlay\"><div class=\"ultp-block-image ultp-block-image-slideLeft ultp-block-image-overlay ultp-block-image-custom\"><a href=\"https:\/\/turismo.elejido.es\/index.php\/11-nuevas-empresas-del-municipio-reciben-la-certificacion-sicted-como-sinonimo-de-garantia-de-calidad-turistica\/\" ><img decoding=\"async\"  alt=\"11 nuevas empresas del municipio reciben la certificaci\u00f3n SICTED como sin\u00f3nimo de garant\u00eda de calidad tur\u00edstica\"  src=\"https:\/\/turismo.elejido.es\/wp-content\/uploads\/2025\/04\/CERTIFICACION-SICTED_cuadrada-768x768.jpg\" \/><\/a><\/div><div class=\"ultp-block-content ultp-block-content-middlePosition\"><div class=\"ultp-block-content-inner\"><div class=\"ultp-category-grid ultp-category-classic ultp-category-aboveTitle\"><div class=\"ultp-category-in\"><a class=\"ultp-cat-noticias\" href=\"https:\/\/turismo.elejido.es\/index.php\/category\/noticias\/\"  >Noticias<\/a><\/div><\/div><h3 class=\"ultp-block-title \"><a href=\"https:\/\/turismo.elejido.es\/index.php\/11-nuevas-empresas-del-municipio-reciben-la-certificacion-sicted-como-sinonimo-de-garantia-de-calidad-turistica\/\" >11 nuevas empresas del municipio reciben la certificaci\u00f3n SICTED como sin\u00f3nimo de garant\u00eda de calidad tur\u00edstica<\/a><\/h3><div class=\"ultp-block-meta ultp-block-meta-dot ultp-block-meta-icon\"><span class=\"ultp-block-date ultp-block-meta-element\"><svg xmlns=\"http:\/\/www.w3.org\/2000\/svg\" fill=\"none\" viewBox=\"0 0 24 24\">\n  <path stroke=\"currentColor\" stroke-linecap=\"round\" stroke-linejoin=\"round\" stroke-width=\"1.5\" d=\"M3 5.5a2 2 0 0 1 2-2h14a2 2 0 0 1 2 2v14a2 2 0 0 1-2 2H5a2 2 0 0 1-2-2v-14ZM8 2v3m8-3v3M3 9h18\"\/>\n<\/svg>\nAbr 2, 2025<\/span><span class=\"ultp-post-view ultp-block-meta-element\"><svg xmlns=\"http:\/\/www.w3.org\/2000\/svg\" fill=\"none\" viewBox=\"0 0 24 24\">\n  <path stroke=\"currentColor\" stroke-linecap=\"round\" stroke-linejoin=\"round\" stroke-width=\"1.5\" d=\"M1 12s4-8 11-8 11 8 11 8-4 8-11 8-11-8-11-8Z\"\/>\n  <path stroke=\"currentColor\" stroke-linecap=\"round\" stroke-linejoin=\"round\" stroke-width=\"1.5\" d=\"M12 15a3 3 0 1 0 0-6 3 3 0 0 0 0 6Z\"\/>\n<\/svg>\n3712<\/span><span class=\"ultp-post-read ultp-block-meta-element\"><svg xmlns=\"http:\/\/www.w3.org\/2000\/svg\" fill=\"none\" viewBox=\"0 0 24 24\">\n  <path stroke=\"currentColor\" stroke-linecap=\"round\" stroke-linejoin=\"round\" stroke-width=\"1.5\" d=\"M4 5v14a3 3 0 0 0 3 3h13V8H7a3 3 0 0 1-3-3Zm0 0a3 3 0 0 1 3-3h13M7 5h10\"\/>\n  <path stroke=\"currentColor\" stroke-linecap=\"round\" stroke-linejoin=\"round\" stroke-width=\"1.5\" d=\"M9.5 18.5v-3.092a3 3 0 0 1 .504-1.664l1.219-1.828a.934.934 0 0 1 1.554 0l1.22 1.828a3 3 0 0 1 .503 1.664V18.5m-5-2.5h5\"\/>\n<\/svg>\n5 min read<\/span><\/div><div class=\"ultp-block-readmore\"><a aria-label=\"11 nuevas empresas del municipio reciben la certificaci\u00f3n SICTED como sin\u00f3nimo de garant\u00eda de calidad tur\u00edstica\" href=\"https:\/\/turismo.elejido.es\/index.php\/11-nuevas-empresas-del-municipio-reciben-la-certificacion-sicted-como-sinonimo-de-garantia-de-calidad-turistica\/\" >Leer m\u00e1s<svg xmlns=\"http:\/\/www.w3.org\/2000\/svg\" fill=\"none\" viewBox=\"0 0 24 24\">\n  <path stroke=\"currentColor\" stroke-linecap=\"round\" stroke-linejoin=\"round\" stroke-width=\"1.5\" d=\"m9 18 6-6-6-6\"\/>\n<\/svg>\n<\/a><\/div><\/div><\/div><\/div><\/div><div class=\"ultp-block-item post-id-24478\"><div class=\"ultp-block-content-wrap ultp-block-content-overlay\"><div class=\"ultp-block-image ultp-block-image-slideLeft ultp-block-image-overlay ultp-block-image-custom\"><a href=\"https:\/\/turismo.elejido.es\/index.php\/el-ejido-cierra-2024-con-67-empresas-certificadas-con-el-programa-de-calidad-turistica-sicted\/\" ><img decoding=\"async\"  alt=\"El Ejido cierra 2024 con 67 empresas certificadas con el programa de Calidad Tur\u00edstica SICTED\"  src=\"https:\/\/turismo.elejido.es\/wp-content\/uploads\/2025\/01\/ENTREGA-PLACAS-SICTED-768x768.jpg\" \/><\/a><\/div><div class=\"ultp-block-content ultp-block-content-middlePosition\"><div class=\"ultp-block-content-inner\"><div class=\"ultp-category-grid ultp-category-classic ultp-category-aboveTitle\"><div class=\"ultp-category-in\"><a class=\"ultp-cat-noticias\" href=\"https:\/\/turismo.elejido.es\/index.php\/category\/noticias\/\"  >Noticias<\/a><\/div><\/div><h3 class=\"ultp-block-title \"><a href=\"https:\/\/turismo.elejido.es\/index.php\/el-ejido-cierra-2024-con-67-empresas-certificadas-con-el-programa-de-calidad-turistica-sicted\/\" >El Ejido cierra 2024 con 67 empresas certificadas con el programa de Calidad Tur\u00edstica SICTED<\/a><\/h3><div class=\"ultp-block-meta ultp-block-meta-dot ultp-block-meta-icon\"><span class=\"ultp-block-date ultp-block-meta-element\"><svg xmlns=\"http:\/\/www.w3.org\/2000\/svg\" fill=\"none\" viewBox=\"0 0 24 24\">\n  <path stroke=\"currentColor\" stroke-linecap=\"round\" stroke-linejoin=\"round\" stroke-width=\"1.5\" d=\"M3 5.5a2 2 0 0 1 2-2h14a2 2 0 0 1 2 2v14a2 2 0 0 1-2 2H5a2 2 0 0 1-2-2v-14ZM8 2v3m8-3v3M3 9h18\"\/>\n<\/svg>\nEne 7, 2025<\/span><span class=\"ultp-post-view ultp-block-meta-element\"><svg xmlns=\"http:\/\/www.w3.org\/2000\/svg\" fill=\"none\" viewBox=\"0 0 24 24\">\n  <path stroke=\"currentColor\" stroke-linecap=\"round\" stroke-linejoin=\"round\" stroke-width=\"1.5\" d=\"M1 12s4-8 11-8 11 8 11 8-4 8-11 8-11-8-11-8Z\"\/>\n  <path stroke=\"currentColor\" stroke-linecap=\"round\" stroke-linejoin=\"round\" stroke-width=\"1.5\" d=\"M12 15a3 3 0 1 0 0-6 3 3 0 0 0 0 6Z\"\/>\n<\/svg>\n3708<\/span><span class=\"ultp-post-read ultp-block-meta-element\"><svg xmlns=\"http:\/\/www.w3.org\/2000\/svg\" fill=\"none\" viewBox=\"0 0 24 24\">\n  <path stroke=\"currentColor\" stroke-linecap=\"round\" stroke-linejoin=\"round\" stroke-width=\"1.5\" d=\"M4 5v14a3 3 0 0 0 3 3h13V8H7a3 3 0 0 1-3-3Zm0 0a3 3 0 0 1 3-3h13M7 5h10\"\/>\n  <path stroke=\"currentColor\" stroke-linecap=\"round\" stroke-linejoin=\"round\" stroke-width=\"1.5\" d=\"M9.5 18.5v-3.092a3 3 0 0 1 .504-1.664l1.219-1.828a.934.934 0 0 1 1.554 0l1.22 1.828a3 3 0 0 1 .503 1.664V18.5m-5-2.5h5\"\/>\n<\/svg>\n3 min read<\/span><\/div><div class=\"ultp-block-readmore\"><a aria-label=\"El Ejido cierra 2024 con 67 empresas certificadas con el programa de Calidad Tur\u00edstica SICTED\" href=\"https:\/\/turismo.elejido.es\/index.php\/el-ejido-cierra-2024-con-67-empresas-certificadas-con-el-programa-de-calidad-turistica-sicted\/\" >Leer m\u00e1s<svg xmlns=\"http:\/\/www.w3.org\/2000\/svg\" fill=\"none\" viewBox=\"0 0 24 24\">\n  <path stroke=\"currentColor\" stroke-linecap=\"round\" stroke-linejoin=\"round\" stroke-width=\"1.5\" d=\"m9 18 6-6-6-6\"\/>\n<\/svg>\n<\/a><\/div><\/div><\/div><\/div><\/div><div class=\"ultp-block-item post-id-24410\"><div class=\"ultp-block-content-wrap ultp-block-content-overlay\"><div class=\"ultp-block-image ultp-block-image-slideLeft ultp-block-image-overlay ultp-block-image-custom\"><a href=\"https:\/\/turismo.elejido.es\/index.php\/el-ejido-cerrara-este-ano-con-la-adhesion-de-una-decena-de-nuevas-empresas-al-programa-de-calidad-turistica-sicted\/\" ><img decoding=\"async\"  alt=\"El Ejido cerrar\u00e1 este a\u00f1o con la adhesi\u00f3n de una decena de nuevas empresas al programa de Calidad Tur\u00edstica SICTED\"  src=\"https:\/\/turismo.elejido.es\/wp-content\/uploads\/2024\/12\/241115-MESA-CALIDAD-SICTED-768x768.jpg\" \/><\/a><\/div><div class=\"ultp-block-content ultp-block-content-middlePosition\"><div class=\"ultp-block-content-inner\"><div class=\"ultp-category-grid ultp-category-classic ultp-category-aboveTitle\"><div class=\"ultp-category-in\"><a class=\"ultp-cat-noticias\" href=\"https:\/\/turismo.elejido.es\/index.php\/category\/noticias\/\"  >Noticias<\/a><\/div><\/div><h3 class=\"ultp-block-title \"><a href=\"https:\/\/turismo.elejido.es\/index.php\/el-ejido-cerrara-este-ano-con-la-adhesion-de-una-decena-de-nuevas-empresas-al-programa-de-calidad-turistica-sicted\/\" >El Ejido cerrar\u00e1 este a\u00f1o con la adhesi\u00f3n de una decena de nuevas empresas al programa de Calidad Tur\u00edstica SICTED<\/a><\/h3><div class=\"ultp-block-meta ultp-block-meta-dot ultp-block-meta-icon\"><span class=\"ultp-block-date ultp-block-meta-element\"><svg xmlns=\"http:\/\/www.w3.org\/2000\/svg\" fill=\"none\" viewBox=\"0 0 24 24\">\n  <path stroke=\"currentColor\" stroke-linecap=\"round\" stroke-linejoin=\"round\" stroke-width=\"1.5\" d=\"M3 5.5a2 2 0 0 1 2-2h14a2 2 0 0 1 2 2v14a2 2 0 0 1-2 2H5a2 2 0 0 1-2-2v-14ZM8 2v3m8-3v3M3 9h18\"\/>\n<\/svg>\nNov 15, 2024<\/span><span class=\"ultp-post-view ultp-block-meta-element\"><svg xmlns=\"http:\/\/www.w3.org\/2000\/svg\" fill=\"none\" viewBox=\"0 0 24 24\">\n  <path stroke=\"currentColor\" stroke-linecap=\"round\" stroke-linejoin=\"round\" stroke-width=\"1.5\" d=\"M1 12s4-8 11-8 11 8 11 8-4 8-11 8-11-8-11-8Z\"\/>\n  <path stroke=\"currentColor\" stroke-linecap=\"round\" stroke-linejoin=\"round\" stroke-width=\"1.5\" d=\"M12 15a3 3 0 1 0 0-6 3 3 0 0 0 0 6Z\"\/>\n<\/svg>\n3626<\/span><span class=\"ultp-post-read ultp-block-meta-element\"><svg xmlns=\"http:\/\/www.w3.org\/2000\/svg\" fill=\"none\" viewBox=\"0 0 24 24\">\n  <path stroke=\"currentColor\" stroke-linecap=\"round\" stroke-linejoin=\"round\" stroke-width=\"1.5\" d=\"M4 5v14a3 3 0 0 0 3 3h13V8H7a3 3 0 0 1-3-3Zm0 0a3 3 0 0 1 3-3h13M7 5h10\"\/>\n  <path stroke=\"currentColor\" stroke-linecap=\"round\" stroke-linejoin=\"round\" stroke-width=\"1.5\" d=\"M9.5 18.5v-3.092a3 3 0 0 1 .504-1.664l1.219-1.828a.934.934 0 0 1 1.554 0l1.22 1.828a3 3 0 0 1 .503 1.664V18.5m-5-2.5h5\"\/>\n<\/svg>\n4 min read<\/span><\/div><div class=\"ultp-block-readmore\"><a aria-label=\"El Ejido cerrar\u00e1 este a\u00f1o con la adhesi\u00f3n de una decena de nuevas empresas al programa de Calidad Tur\u00edstica SICTED\" href=\"https:\/\/turismo.elejido.es\/index.php\/el-ejido-cerrara-este-ano-con-la-adhesion-de-una-decena-de-nuevas-empresas-al-programa-de-calidad-turistica-sicted\/\" >Leer m\u00e1s<svg xmlns=\"http:\/\/www.w3.org\/2000\/svg\" fill=\"none\" viewBox=\"0 0 24 24\">\n  <path stroke=\"currentColor\" stroke-linecap=\"round\" stroke-linejoin=\"round\" stroke-width=\"1.5\" d=\"m9 18 6-6-6-6\"\/>\n<\/svg>\n<\/a><\/div><\/div><\/div><\/div><\/div><div class=\"ultp-block-item post-id-22522\"><div class=\"ultp-block-content-wrap ultp-block-content-overlay\"><div class=\"ultp-block-image ultp-block-image-slideLeft ultp-block-image-overlay ultp-block-image-custom\"><a href=\"https:\/\/turismo.elejido.es\/index.php\/el-ejido-se-sube-al-podio-del-ranking-de-andalucia-con-mayor-numero-de-empresas-distinguidas-con-el-sello-de-calidad-sicted\/\" ><img decoding=\"async\"  alt=\"El Ejido se sube al podio del ranking de Andaluc\u00eda con mayor n\u00famero de empresas distinguidas con el sello de calidad SICTED\"  src=\"https:\/\/turismo.elejido.es\/wp-content\/uploads\/2024\/04\/240403-ENTREGAS-PLACAS-SICTED-1-768x768.jpg\" \/><\/a><\/div><div class=\"ultp-block-content ultp-block-content-middlePosition\"><div class=\"ultp-block-content-inner\"><div class=\"ultp-category-grid ultp-category-classic ultp-category-aboveTitle\"><div class=\"ultp-category-in\"><a class=\"ultp-cat-noticias\" href=\"https:\/\/turismo.elejido.es\/index.php\/category\/noticias\/\"  >Noticias<\/a><\/div><\/div><h3 class=\"ultp-block-title \"><a href=\"https:\/\/turismo.elejido.es\/index.php\/el-ejido-se-sube-al-podio-del-ranking-de-andalucia-con-mayor-numero-de-empresas-distinguidas-con-el-sello-de-calidad-sicted\/\" >El Ejido se sube al podio del ranking de Andaluc\u00eda con mayor n\u00famero de empresas distinguidas con el sello de calidad SICTED<\/a><\/h3><div class=\"ultp-block-meta ultp-block-meta-dot ultp-block-meta-icon\"><span class=\"ultp-block-date ultp-block-meta-element\"><svg xmlns=\"http:\/\/www.w3.org\/2000\/svg\" fill=\"none\" viewBox=\"0 0 24 24\">\n  <path stroke=\"currentColor\" stroke-linecap=\"round\" stroke-linejoin=\"round\" stroke-width=\"1.5\" d=\"M3 5.5a2 2 0 0 1 2-2h14a2 2 0 0 1 2 2v14a2 2 0 0 1-2 2H5a2 2 0 0 1-2-2v-14ZM8 2v3m8-3v3M3 9h18\"\/>\n<\/svg>\nAbr 4, 2024<\/span><span class=\"ultp-post-view ultp-block-meta-element\"><svg xmlns=\"http:\/\/www.w3.org\/2000\/svg\" fill=\"none\" viewBox=\"0 0 24 24\">\n  <path stroke=\"currentColor\" stroke-linecap=\"round\" stroke-linejoin=\"round\" stroke-width=\"1.5\" d=\"M1 12s4-8 11-8 11 8 11 8-4 8-11 8-11-8-11-8Z\"\/>\n  <path stroke=\"currentColor\" stroke-linecap=\"round\" stroke-linejoin=\"round\" stroke-width=\"1.5\" d=\"M12 15a3 3 0 1 0 0-6 3 3 0 0 0 0 6Z\"\/>\n<\/svg>\n9543<\/span><span class=\"ultp-post-read ultp-block-meta-element\"><svg xmlns=\"http:\/\/www.w3.org\/2000\/svg\" fill=\"none\" viewBox=\"0 0 24 24\">\n  <path stroke=\"currentColor\" stroke-linecap=\"round\" stroke-linejoin=\"round\" stroke-width=\"1.5\" d=\"M4 5v14a3 3 0 0 0 3 3h13V8H7a3 3 0 0 1-3-3Zm0 0a3 3 0 0 1 3-3h13M7 5h10\"\/>\n  <path stroke=\"currentColor\" stroke-linecap=\"round\" stroke-linejoin=\"round\" stroke-width=\"1.5\" d=\"M9.5 18.5v-3.092a3 3 0 0 1 .504-1.664l1.219-1.828a.934.934 0 0 1 1.554 0l1.22 1.828a3 3 0 0 1 .503 1.664V18.5m-5-2.5h5\"\/>\n<\/svg>\n5 min read<\/span><\/div><div class=\"ultp-block-readmore\"><a aria-label=\"El Ejido se sube al podio del ranking de Andaluc\u00eda con mayor n\u00famero de empresas distinguidas con el sello de calidad SICTED\" href=\"https:\/\/turismo.elejido.es\/index.php\/el-ejido-se-sube-al-podio-del-ranking-de-andalucia-con-mayor-numero-de-empresas-distinguidas-con-el-sello-de-calidad-sicted\/\" >Leer m\u00e1s<svg xmlns=\"http:\/\/www.w3.org\/2000\/svg\" fill=\"none\" viewBox=\"0 0 24 24\">\n  <path stroke=\"currentColor\" stroke-linecap=\"round\" stroke-linejoin=\"round\" stroke-width=\"1.5\" d=\"m9 18 6-6-6-6\"\/>\n<\/svg>\n<\/a><\/div><\/div><\/div><\/div><\/div><div class=\"ultp-block-item post-id-22445\"><div class=\"ultp-block-content-wrap ultp-block-content-overlay\"><div class=\"ultp-block-image ultp-block-image-slideLeft ultp-block-image-overlay ultp-block-image-custom\"><a href=\"https:\/\/turismo.elejido.es\/index.php\/el-ayuntamiento-difunde-entre-el-empresariado-los-beneficios-del-distintivo-de-calidad-turistica-en-destino-sicted\/\" ><img decoding=\"async\"  alt=\"El Ayuntamiento difunde entre el empresariado los beneficios del distintivo de calidad tur\u00edstica en destino SICTED\"  src=\"https:\/\/turismo.elejido.es\/wp-content\/uploads\/2024\/03\/Formacion-SICTED-Cropped-768x768.jpg\" \/><\/a><\/div><div class=\"ultp-block-content ultp-block-content-middlePosition\"><div class=\"ultp-block-content-inner\"><div class=\"ultp-category-grid ultp-category-classic ultp-category-aboveTitle\"><div class=\"ultp-category-in\"><a class=\"ultp-cat-noticias\" href=\"https:\/\/turismo.elejido.es\/index.php\/category\/noticias\/\"  >Noticias<\/a><\/div><\/div><h3 class=\"ultp-block-title \"><a href=\"https:\/\/turismo.elejido.es\/index.php\/el-ayuntamiento-difunde-entre-el-empresariado-los-beneficios-del-distintivo-de-calidad-turistica-en-destino-sicted\/\" >El Ayuntamiento difunde entre el empresariado los beneficios del distintivo de calidad tur\u00edstica en destino SICTED<\/a><\/h3><div class=\"ultp-block-meta ultp-block-meta-dot ultp-block-meta-icon\"><span class=\"ultp-block-date ultp-block-meta-element\"><svg xmlns=\"http:\/\/www.w3.org\/2000\/svg\" fill=\"none\" viewBox=\"0 0 24 24\">\n  <path stroke=\"currentColor\" stroke-linecap=\"round\" stroke-linejoin=\"round\" stroke-width=\"1.5\" d=\"M3 5.5a2 2 0 0 1 2-2h14a2 2 0 0 1 2 2v14a2 2 0 0 1-2 2H5a2 2 0 0 1-2-2v-14ZM8 2v3m8-3v3M3 9h18\"\/>\n<\/svg>\nMar 27, 2024<\/span><span class=\"ultp-post-view ultp-block-meta-element\"><svg xmlns=\"http:\/\/www.w3.org\/2000\/svg\" fill=\"none\" viewBox=\"0 0 24 24\">\n  <path stroke=\"currentColor\" stroke-linecap=\"round\" stroke-linejoin=\"round\" stroke-width=\"1.5\" d=\"M1 12s4-8 11-8 11 8 11 8-4 8-11 8-11-8-11-8Z\"\/>\n  <path stroke=\"currentColor\" stroke-linecap=\"round\" stroke-linejoin=\"round\" stroke-width=\"1.5\" d=\"M12 15a3 3 0 1 0 0-6 3 3 0 0 0 0 6Z\"\/>\n<\/svg>\n9240<\/span><span class=\"ultp-post-read ultp-block-meta-element\"><svg xmlns=\"http:\/\/www.w3.org\/2000\/svg\" fill=\"none\" viewBox=\"0 0 24 24\">\n  <path stroke=\"currentColor\" stroke-linecap=\"round\" stroke-linejoin=\"round\" stroke-width=\"1.5\" d=\"M4 5v14a3 3 0 0 0 3 3h13V8H7a3 3 0 0 1-3-3Zm0 0a3 3 0 0 1 3-3h13M7 5h10\"\/>\n  <path stroke=\"currentColor\" stroke-linecap=\"round\" stroke-linejoin=\"round\" stroke-width=\"1.5\" d=\"M9.5 18.5v-3.092a3 3 0 0 1 .504-1.664l1.219-1.828a.934.934 0 0 1 1.554 0l1.22 1.828a3 3 0 0 1 .503 1.664V18.5m-5-2.5h5\"\/>\n<\/svg>\n3 min read<\/span><\/div><div class=\"ultp-block-readmore\"><a aria-label=\"El Ayuntamiento difunde entre el empresariado los beneficios del distintivo de calidad tur\u00edstica en destino SICTED\" href=\"https:\/\/turismo.elejido.es\/index.php\/el-ayuntamiento-difunde-entre-el-empresariado-los-beneficios-del-distintivo-de-calidad-turistica-en-destino-sicted\/\" >Leer m\u00e1s<svg xmlns=\"http:\/\/www.w3.org\/2000\/svg\" fill=\"none\" viewBox=\"0 0 24 24\">\n  <path stroke=\"currentColor\" stroke-linecap=\"round\" stroke-linejoin=\"round\" stroke-width=\"1.5\" d=\"m9 18 6-6-6-6\"\/>\n<\/svg>\n<\/a><\/div><\/div><\/div><\/div><\/div><div class=\"ultp-block-item post-id-21892\"><div class=\"ultp-block-content-wrap ultp-block-content-overlay\"><div class=\"ultp-block-image ultp-block-image-slideLeft ultp-block-image-overlay ultp-block-image-custom\"><a href=\"https:\/\/turismo.elejido.es\/index.php\/el-ejido-sigue-sumando-empresas-distinguidas-en-el-programa-de-calidad-turistica-sicted-ya-son-60\/\" ><img decoding=\"async\"  alt=\"El Ejido sigue sumando empresas distinguidas en el programa de calidad tur\u00edstica SICTED: ya son 60\"  src=\"https:\/\/turismo.elejido.es\/wp-content\/uploads\/2023\/11\/231127-MESA-CALIDAD-SICTED-2-Cropped-768x768.jpg\" \/><\/a><\/div><div class=\"ultp-block-content ultp-block-content-middlePosition\"><div class=\"ultp-block-content-inner\"><div class=\"ultp-category-grid ultp-category-classic ultp-category-aboveTitle\"><div class=\"ultp-category-in\"><a class=\"ultp-cat-noticias\" href=\"https:\/\/turismo.elejido.es\/index.php\/category\/noticias\/\"  >Noticias<\/a><\/div><\/div><h3 class=\"ultp-block-title \"><a href=\"https:\/\/turismo.elejido.es\/index.php\/el-ejido-sigue-sumando-empresas-distinguidas-en-el-programa-de-calidad-turistica-sicted-ya-son-60\/\" >El Ejido sigue sumando empresas distinguidas en el programa de calidad tur\u00edstica SICTED: ya son 60<\/a><\/h3><div class=\"ultp-block-meta ultp-block-meta-dot ultp-block-meta-icon\"><span class=\"ultp-block-date ultp-block-meta-element\"><svg xmlns=\"http:\/\/www.w3.org\/2000\/svg\" fill=\"none\" viewBox=\"0 0 24 24\">\n  <path stroke=\"currentColor\" stroke-linecap=\"round\" stroke-linejoin=\"round\" stroke-width=\"1.5\" d=\"M3 5.5a2 2 0 0 1 2-2h14a2 2 0 0 1 2 2v14a2 2 0 0 1-2 2H5a2 2 0 0 1-2-2v-14ZM8 2v3m8-3v3M3 9h18\"\/>\n<\/svg>\nNov 27, 2023<\/span><span class=\"ultp-post-view ultp-block-meta-element\"><svg xmlns=\"http:\/\/www.w3.org\/2000\/svg\" fill=\"none\" viewBox=\"0 0 24 24\">\n  <path stroke=\"currentColor\" stroke-linecap=\"round\" stroke-linejoin=\"round\" stroke-width=\"1.5\" d=\"M1 12s4-8 11-8 11 8 11 8-4 8-11 8-11-8-11-8Z\"\/>\n  <path stroke=\"currentColor\" stroke-linecap=\"round\" stroke-linejoin=\"round\" stroke-width=\"1.5\" d=\"M12 15a3 3 0 1 0 0-6 3 3 0 0 0 0 6Z\"\/>\n<\/svg>\n9268<\/span><span class=\"ultp-post-read ultp-block-meta-element\"><svg xmlns=\"http:\/\/www.w3.org\/2000\/svg\" fill=\"none\" viewBox=\"0 0 24 24\">\n  <path stroke=\"currentColor\" stroke-linecap=\"round\" stroke-linejoin=\"round\" stroke-width=\"1.5\" d=\"M4 5v14a3 3 0 0 0 3 3h13V8H7a3 3 0 0 1-3-3Zm0 0a3 3 0 0 1 3-3h13M7 5h10\"\/>\n  <path stroke=\"currentColor\" stroke-linecap=\"round\" stroke-linejoin=\"round\" stroke-width=\"1.5\" d=\"M9.5 18.5v-3.092a3 3 0 0 1 .504-1.664l1.219-1.828a.934.934 0 0 1 1.554 0l1.22 1.828a3 3 0 0 1 .503 1.664V18.5m-5-2.5h5\"\/>\n<\/svg>\n5 min read<\/span><\/div><div class=\"ultp-block-readmore\"><a aria-label=\"El Ejido sigue sumando empresas distinguidas en el programa de calidad tur\u00edstica SICTED: ya son 60\" href=\"https:\/\/turismo.elejido.es\/index.php\/el-ejido-sigue-sumando-empresas-distinguidas-en-el-programa-de-calidad-turistica-sicted-ya-son-60\/\" >Leer m\u00e1s<svg xmlns=\"http:\/\/www.w3.org\/2000\/svg\" fill=\"none\" viewBox=\"0 0 24 24\">\n  <path stroke=\"currentColor\" stroke-linecap=\"round\" stroke-linejoin=\"round\" stroke-width=\"1.5\" d=\"m9 18 6-6-6-6\"\/>\n<\/svg>\n<\/a><\/div><\/div><\/div><\/div><\/div><\/div><div class=\"ultp-pagination-wrap ultp-pagination-ajax-action\" data-paged=\"1\" data-expost=\"\"  data-blockid=\"dea785\" data-postid=\"10969\" data-pages=\"3\" data-blockname=\"ultimate-post_post-grid-2\" data-selfpostid=\"yes\"><ul class=\"ultp-pagination\"><li class=\"ultp-prev-page-numbers\" style=\"display:none\"><a href=\"https:\/\/turismo.elejido.es\/index.php\/wp-json\/wp\/v2\/pages\/10969\/\"><svg xmlns=\"http:\/\/www.w3.org\/2000\/svg\" fill=\"none\" viewBox=\"0 0 24 24\">\n  <path stroke=\"currentColor\" stroke-linecap=\"round\" stroke-linejoin=\"round\" stroke-width=\"1.5\" d=\"m15 18-6-6 6-6\"\/>\n<\/svg>\n <\/a><\/li><li class=\"ultp-center-item pagination-active\" data-current=\"1\"><a href=\"https:\/\/turismo.elejido.es\/index.php\/wp-json\/wp\/v2\/pages\/10969\/\">1<\/a><\/li><li class=\"ultp-center-item\" data-current=\"2\" ><a href=\"https:\/\/turismo.elejido.es\/index.php\/wp-json\/wp\/v2\/pages\/10969\/page\/2\/\">2<\/a><\/li><li class=\"ultp-center-item\" data-current=\"3\" ><a href=\"https:\/\/turismo.elejido.es\/index.php\/wp-json\/wp\/v2\/pages\/10969\/page\/3\/\">3<\/a><\/li><li class=\"ultp-next-page-numbers\"><a href=\"https:\/\/turismo.elejido.es\/index.php\/wp-json\/wp\/v2\/pages\/10969\/page\/2\/\"><svg xmlns=\"http:\/\/www.w3.org\/2000\/svg\" fill=\"none\" viewBox=\"0 0 24 24\">\n  <path stroke=\"currentColor\" stroke-linecap=\"round\" stroke-linejoin=\"round\" stroke-width=\"1.5\" d=\"m9 18 6-6-6-6\"\/>\n<\/svg>\n<\/a><\/li><\/ul><\/div><\/div><div class=\"pagination-block-html\" aria-hidden=\"true\" style=\"display: none;\"><\/div><\/div><\/div><\/div>\n\n\n\n<div style=\"height:100px\" aria-hidden=\"true\" class=\"wp-block-spacer\"><\/div>\n\n\n\n<h2 class=\"wp-block-heading has-text-align-center\">Similares<\/h2>\n\n\n\n<div style=\"height:20px\" aria-hidden=\"true\" class=\"wp-block-spacer\"><\/div>\n\n\n<div\n\t\t\t\n\t\t\tclass=\"so-widget-lsow-posts-carousel so-widget-lsow-posts-carousel-default-3dd089290af6\"\n\t\t\t\n\t\t><div id=\"lsow-posts-carousel-69f512f362b58\" class=\"lsow-posts-carousel lsow-container\" data-settings='{\"arrows\":true,\"dots\":false,\"autoplay\":false,\"autoplay_speed\":3000,\"animation_speed\":300,\"pause_on_hover\":true,\"display_columns\":3,\"scroll_columns\":3,\"gutter\":10,\"so_field_container_state\":\"open\",\"customize\":\"\",\"tablet_width\":800,\"tablet_display_columns\":2,\"tablet_scroll_columns\":2,\"mobile_width\":480,\"mobile_display_columns\":1,\"mobile_scroll_columns\":1}'><div data-id=\"id-24977\" class=\"lsow-posts-carousel-item\"><article id=\"post-24977\" class=\"post-24977 post type-post status-publish format-standard has-post-thumbnail hentry category-lugares entry has-media\"><div class=\"lsow-project-image\"><a href=\"https:\/\/turismo.elejido.es\/index.php\/centro-de-experiencias-gastronomicas-mar-tierra\/\" target=\"_self\"><img loading=\"lazy\" decoding=\"async\" width=\"500\" height=\"500\" src=\"https:\/\/turismo.elejido.es\/wp-content\/uploads\/2025\/07\/CentroExperienciasGastronomicas-1-500x500.png\" class=\"attachment-awb_sm size-awb_sm wp-post-image\" alt=\"\" srcset=\"https:\/\/turismo.elejido.es\/wp-content\/uploads\/2025\/07\/CentroExperienciasGastronomicas-1-500x500.png 500w, https:\/\/turismo.elejido.es\/wp-content\/uploads\/2025\/07\/CentroExperienciasGastronomicas-1-150x150.png 150w, https:\/\/turismo.elejido.es\/wp-content\/uploads\/2025\/07\/CentroExperienciasGastronomicas-1-768x768.png 768w, https:\/\/turismo.elejido.es\/wp-content\/uploads\/2025\/07\/CentroExperienciasGastronomicas-1-300x300.png 300w, https:\/\/turismo.elejido.es\/wp-content\/uploads\/2025\/07\/CentroExperienciasGastronomicas-1-800x800.png 800w, https:\/\/turismo.elejido.es\/wp-content\/uploads\/2025\/07\/CentroExperienciasGastronomicas-1-600x600.png 600w, https:\/\/turismo.elejido.es\/wp-content\/uploads\/2025\/07\/CentroExperienciasGastronomicas-1.png 1080w\" sizes=\"auto, (max-width: 500px) 100vw, 500px\" \/><\/a><div class=\"lsow-image-info\"><div class=\"lsow-entry-info\"><h3 class=\"lsow-post-title\"><a href=\"https:\/\/turismo.elejido.es\/index.php\/centro-de-experiencias-gastronomicas-mar-tierra\/\" title=\"Centro de experiencias gastron\u00f3micas Mar &#038; Tierra  (Apertura 2026)\" target=\"_self\" rel=\"bookmark\">Centro de experiencias gastron\u00f3micas Mar &#038; Tierra  (Apertura 2026)<\/a><\/h3><\/div><\/div><!-- .lsow-image-info --><\/div><div class=\"lsow-entry-text-wrap \"><h3 class=\"entry-title\"><a href=\"https:\/\/turismo.elejido.es\/index.php\/centro-de-experiencias-gastronomicas-mar-tierra\/\" title=\"Centro de experiencias gastron\u00f3micas Mar &#038; Tierra  (Apertura 2026)\" target=\"_self\" rel=\"bookmark\">Centro de experiencias gastron\u00f3micas Mar &#038; Tierra  (Apertura 2026)<\/a><\/h3><\/div><\/article><!-- .hentry --><\/div><!-- .lsow-posts-carousel-item --><div data-id=\"id-24935\" class=\"lsow-posts-carousel-item\"><article id=\"post-24935\" class=\"post-24935 post type-post status-publish format-standard has-post-thumbnail hentry category-lugares entry has-media\"><div class=\"lsow-project-image\"><a href=\"https:\/\/turismo.elejido.es\/index.php\/jardin-mediterraneo\/\" target=\"_self\"><img loading=\"lazy\" decoding=\"async\" width=\"500\" height=\"500\" src=\"https:\/\/turismo.elejido.es\/wp-content\/uploads\/2025\/07\/JardinMediterraneo-1-500x500.png\" class=\"attachment-awb_sm size-awb_sm wp-post-image\" alt=\"\" srcset=\"https:\/\/turismo.elejido.es\/wp-content\/uploads\/2025\/07\/JardinMediterraneo-1-500x500.png 500w, https:\/\/turismo.elejido.es\/wp-content\/uploads\/2025\/07\/JardinMediterraneo-1-150x150.png 150w, https:\/\/turismo.elejido.es\/wp-content\/uploads\/2025\/07\/JardinMediterraneo-1-768x768.png 768w, https:\/\/turismo.elejido.es\/wp-content\/uploads\/2025\/07\/JardinMediterraneo-1-300x300.png 300w, https:\/\/turismo.elejido.es\/wp-content\/uploads\/2025\/07\/JardinMediterraneo-1-800x800.png 800w, https:\/\/turismo.elejido.es\/wp-content\/uploads\/2025\/07\/JardinMediterraneo-1-600x600.png 600w, https:\/\/turismo.elejido.es\/wp-content\/uploads\/2025\/07\/JardinMediterraneo-1.png 1080w\" sizes=\"auto, (max-width: 500px) 100vw, 500px\" \/><\/a><div class=\"lsow-image-info\"><div class=\"lsow-entry-info\"><h3 class=\"lsow-post-title\"><a href=\"https:\/\/turismo.elejido.es\/index.php\/jardin-mediterraneo\/\" title=\"Jard\u00edn Mediterr\u00e1neo (Apertura 2026)\" target=\"_self\" rel=\"bookmark\">Jard\u00edn Mediterr\u00e1neo (Apertura 2026)<\/a><\/h3><\/div><\/div><!-- .lsow-image-info --><\/div><div class=\"lsow-entry-text-wrap \"><h3 class=\"entry-title\"><a href=\"https:\/\/turismo.elejido.es\/index.php\/jardin-mediterraneo\/\" title=\"Jard\u00edn Mediterr\u00e1neo (Apertura 2026)\" target=\"_self\" rel=\"bookmark\">Jard\u00edn Mediterr\u00e1neo (Apertura 2026)<\/a><\/h3><\/div><\/article><!-- .hentry --><\/div><!-- .lsow-posts-carousel-item --><div data-id=\"id-8950\" class=\"lsow-posts-carousel-item\"><article id=\"post-8950\" class=\"post-8950 post type-post status-publish format-standard has-post-thumbnail hentry category-accommodation tag-2-star tag-beach tag-tourist-apartment entry has-media\"><div class=\"lsow-project-image\"><a href=\"https:\/\/turismo.elejido.es\/index.php\/en\/spirit-mar-2\/\" target=\"_self\"><img loading=\"lazy\" decoding=\"async\" width=\"500\" height=\"500\" src=\"https:\/\/turismo.elejido.es\/wp-content\/uploads\/2021\/03\/spiritmarportada.jpg\" class=\"attachment-awb_sm size-awb_sm wp-post-image\" alt=\"\" srcset=\"https:\/\/turismo.elejido.es\/wp-content\/uploads\/2021\/03\/spiritmarportada.jpg 500w, https:\/\/turismo.elejido.es\/wp-content\/uploads\/2021\/03\/spiritmarportada-300x300.jpg 300w, https:\/\/turismo.elejido.es\/wp-content\/uploads\/2021\/03\/spiritmarportada-150x150.jpg 150w\" sizes=\"auto, (max-width: 500px) 100vw, 500px\" \/><\/a><div class=\"lsow-image-info\"><div class=\"lsow-entry-info\"><h3 class=\"lsow-post-title\"><a href=\"https:\/\/turismo.elejido.es\/index.php\/en\/spirit-mar-2\/\" title=\"Spirit Mar\" target=\"_self\" rel=\"bookmark\">Spirit Mar<\/a><\/h3><\/div><\/div><!-- .lsow-image-info --><\/div><div class=\"lsow-entry-text-wrap \"><h3 class=\"entry-title\"><a href=\"https:\/\/turismo.elejido.es\/index.php\/en\/spirit-mar-2\/\" title=\"Spirit Mar\" target=\"_self\" rel=\"bookmark\">Spirit Mar<\/a><\/h3><\/div><\/article><!-- .hentry --><\/div><!-- .lsow-posts-carousel-item --><div data-id=\"id-8948\" class=\"lsow-posts-carousel-item\"><article id=\"post-8948\" class=\"post-8948 post type-post status-publish format-standard has-post-thumbnail hentry category-activities tag-almerimar tag-family-friendly tag-outdoors tag-sports tag-water entry has-media\"><div class=\"lsow-project-image\"><a href=\"https:\/\/turismo.elejido.es\/index.php\/en\/learn-to-sail-in-almerimar\/\" target=\"_self\"><img loading=\"lazy\" decoding=\"async\" width=\"500\" height=\"499\" src=\"https:\/\/turismo.elejido.es\/wp-content\/uploads\/2021\/02\/clubnauticoalmerimarportada.jpg\" class=\"attachment-awb_sm size-awb_sm wp-post-image\" alt=\"\" srcset=\"https:\/\/turismo.elejido.es\/wp-content\/uploads\/2021\/02\/clubnauticoalmerimarportada.jpg 500w, https:\/\/turismo.elejido.es\/wp-content\/uploads\/2021\/02\/clubnauticoalmerimarportada-300x300.jpg 300w, https:\/\/turismo.elejido.es\/wp-content\/uploads\/2021\/02\/clubnauticoalmerimarportada-150x150.jpg 150w\" sizes=\"auto, (max-width: 500px) 100vw, 500px\" \/><\/a><div class=\"lsow-image-info\"><div class=\"lsow-entry-info\"><h3 class=\"lsow-post-title\"><a href=\"https:\/\/turismo.elejido.es\/index.php\/en\/learn-to-sail-in-almerimar\/\" title=\"Learn to sail in Almerimar\" target=\"_self\" rel=\"bookmark\">Learn to sail in Almerimar<\/a><\/h3><\/div><\/div><!-- .lsow-image-info --><\/div><div class=\"lsow-entry-text-wrap \"><h3 class=\"entry-title\"><a href=\"https:\/\/turismo.elejido.es\/index.php\/en\/learn-to-sail-in-almerimar\/\" title=\"Learn to sail in Almerimar\" target=\"_self\" rel=\"bookmark\">Learn to sail in Almerimar<\/a><\/h3><\/div><\/article><!-- .hentry --><\/div><!-- .lsow-posts-carousel-item --><div data-id=\"id-8944\" class=\"lsow-posts-carousel-item\"><article id=\"post-8944\" class=\"post-8944 post type-post status-publish format-standard has-post-thumbnail hentry category-activities tag-adrenaline tag-almerimar tag-outdoors tag-sports tag-water entry has-media\"><div class=\"lsow-project-image\"><a href=\"https:\/\/turismo.elejido.es\/index.php\/en\/explore-the-seabed-of-el-ejido\/\" target=\"_self\"><img loading=\"lazy\" decoding=\"async\" width=\"500\" height=\"499\" src=\"https:\/\/turismo.elejido.es\/wp-content\/uploads\/2021\/02\/buceoportada.jpg\" class=\"attachment-awb_sm size-awb_sm wp-post-image\" alt=\"\" srcset=\"https:\/\/turismo.elejido.es\/wp-content\/uploads\/2021\/02\/buceoportada.jpg 500w, https:\/\/turismo.elejido.es\/wp-content\/uploads\/2021\/02\/buceoportada-300x300.jpg 300w, https:\/\/turismo.elejido.es\/wp-content\/uploads\/2021\/02\/buceoportada-150x150.jpg 150w\" sizes=\"auto, (max-width: 500px) 100vw, 500px\" \/><\/a><div class=\"lsow-image-info\"><div class=\"lsow-entry-info\"><h3 class=\"lsow-post-title\"><a href=\"https:\/\/turismo.elejido.es\/index.php\/en\/explore-the-seabed-of-el-ejido\/\" title=\"Explore the seabed of El Ejido\" target=\"_self\" rel=\"bookmark\">Explore the seabed of El Ejido<\/a><\/h3><\/div><\/div><!-- .lsow-image-info --><\/div><div class=\"lsow-entry-text-wrap \"><h3 class=\"entry-title\"><a href=\"https:\/\/turismo.elejido.es\/index.php\/en\/explore-the-seabed-of-el-ejido\/\" title=\"Explore the seabed of El Ejido\" target=\"_self\" rel=\"bookmark\">Explore the seabed of El Ejido<\/a><\/h3><\/div><\/article><!-- .hentry --><\/div><!-- .lsow-posts-carousel-item --><\/div><!-- .lsow-posts-carousel --><\/div>\n\n\n<p><\/p>\n<\/div><\/div>\n\n\n\n<div style=\"height:100px\" aria-hidden=\"true\" class=\"wp-block-spacer\"><\/div>\n\n\n\n<p><\/p>\n","protected":false},"excerpt":{"rendered":"<p>El Ejido destino SICTED SICTED El SICTED (Sistema Integral de Calidad Tur\u00edstica en Destino), es un proyecto impulsado por la Secretar\u00eda Estado de Turismo (SET), junto con la Federaci\u00f3n Espa\u00f1ola de Municipios y Provincias (FEMP) y financiado \u00edntegramente por el Ayuntamiento de El Ejido. Est\u00e1 dirigido a empresas y servicios tur\u00edsticos, bas\u00e1ndose en unos Manuales [&hellip;]<\/p>\n","protected":false},"author":5,"featured_media":7206,"parent":1678,"menu_order":0,"comment_status":"closed","ping_status":"closed","template":"","meta":{"ocean_post_layout":"","ocean_both_sidebars_style":"","ocean_both_sidebars_content_width":0,"ocean_both_sidebars_sidebars_width":0,"ocean_sidebar":"0","ocean_second_sidebar":"0","ocean_disable_margins":"enable","ocean_add_body_class":"","ocean_shortcode_before_top_bar":"","ocean_shortcode_after_top_bar":"","ocean_shortcode_before_header":"","ocean_shortcode_after_header":"","ocean_has_shortcode":"","ocean_shortcode_after_title":"","ocean_shortcode_before_footer_widgets":"","ocean_shortcode_after_footer_widgets":"","ocean_shortcode_before_footer_bottom":"","ocean_shortcode_after_footer_bottom":"","ocean_display_top_bar":"default","ocean_display_header":"default","ocean_header_style":"","ocean_center_header_left_menu":"0","ocean_custom_header_template":"0","ocean_custom_logo":0,"ocean_custom_retina_logo":0,"ocean_custom_logo_max_width":0,"ocean_custom_logo_tablet_max_width":0,"ocean_custom_logo_mobile_max_width":0,"ocean_custom_logo_max_height":0,"ocean_custom_logo_tablet_max_height":0,"ocean_custom_logo_mobile_max_height":0,"ocean_header_custom_menu":"0","ocean_menu_typo_font_family":"0","ocean_menu_typo_font_subset":"","ocean_menu_typo_font_size":0,"ocean_menu_typo_font_size_tablet":0,"ocean_menu_typo_font_size_mobile":0,"ocean_menu_typo_font_size_unit":"px","ocean_menu_typo_font_weight":"","ocean_menu_typo_font_weight_tablet":"","ocean_menu_typo_font_weight_mobile":"","ocean_menu_typo_transform":"","ocean_menu_typo_transform_tablet":"","ocean_menu_typo_transform_mobile":"","ocean_menu_typo_line_height":0,"ocean_menu_typo_line_height_tablet":0,"ocean_menu_typo_line_height_mobile":0,"ocean_menu_typo_line_height_unit":"","ocean_menu_typo_spacing":0,"ocean_menu_typo_spacing_tablet":0,"ocean_menu_typo_spacing_mobile":0,"ocean_menu_typo_spacing_unit":"","ocean_menu_link_color":"","ocean_menu_link_color_hover":"","ocean_menu_link_color_active":"","ocean_menu_link_background":"","ocean_menu_link_hover_background":"","ocean_menu_link_active_background":"","ocean_menu_social_links_bg":"","ocean_menu_social_hover_links_bg":"","ocean_menu_social_links_color":"","ocean_menu_social_hover_links_color":"","ocean_disable_title":"default","ocean_disable_heading":"default","ocean_post_title":"","ocean_post_subheading":"","ocean_post_title_style":"","ocean_post_title_background_color":"","ocean_post_title_background":0,"ocean_post_title_bg_image_position":"","ocean_post_title_bg_image_attachment":"","ocean_post_title_bg_image_repeat":"","ocean_post_title_bg_image_size":"","ocean_post_title_height":0,"ocean_post_title_bg_overlay":0.5,"ocean_post_title_bg_overlay_color":"","ocean_disable_breadcrumbs":"default","ocean_breadcrumbs_color":"","ocean_breadcrumbs_separator_color":"","ocean_breadcrumbs_links_color":"","ocean_breadcrumbs_links_hover_color":"","ocean_display_footer_widgets":"default","ocean_display_footer_bottom":"default","ocean_custom_footer_template":"0","footnotes":""},"class_list":["post-10969","page","type-page","status-publish","has-post-thumbnail","hentry","entry","has-media"],"yoast_head":"<!-- This site is optimized with the Yoast SEO plugin v27.4 - https:\/\/yoast.com\/product\/yoast-seo-wordpress\/ -->\n<title>El Ejido destino SICTED - Turismo El Ejido<\/title>\n<meta name=\"description\" content=\"El SICTED es un proyecto de mejora continua, supone actualizaci\u00f3n y progreso y garantiza el asesoramiento y la colaboraci\u00f3n en El Ejido.\" \/>\n<meta name=\"robots\" content=\"index, follow, max-snippet:-1, max-image-preview:large, max-video-preview:-1\" \/>\n<link rel=\"canonical\" href=\"https:\/\/turismo.elejido.es\/index.php\/profesional\/el-ejido-destino-sicted\/\" \/>\n<meta property=\"og:locale\" content=\"es_ES\" \/>\n<meta property=\"og:type\" content=\"article\" \/>\n<meta property=\"og:title\" content=\"El Ejido destino SICTED - Turismo El Ejido\" \/>\n<meta property=\"og:description\" content=\"El SICTED es un proyecto de mejora continua, supone actualizaci\u00f3n y progreso y garantiza el asesoramiento y la colaboraci\u00f3n en El Ejido.\" \/>\n<meta property=\"og:url\" content=\"https:\/\/turismo.elejido.es\/index.php\/profesional\/el-ejido-destino-sicted\/\" \/>\n<meta property=\"og:site_name\" content=\"Turismo El Ejido\" \/>\n<meta property=\"article:modified_time\" content=\"2026-03-30T08:42:55+00:00\" \/>\n<meta property=\"og:image\" content=\"https:\/\/turismo.elejido.es\/wp-content\/uploads\/2021\/02\/logoSICTED.jpeg\" \/>\n\t<meta property=\"og:image:width\" content=\"459\" \/>\n\t<meta property=\"og:image:height\" content=\"459\" \/>\n\t<meta property=\"og:image:type\" content=\"image\/jpeg\" \/>\n<meta name=\"twitter:card\" content=\"summary_large_image\" \/>\n<meta name=\"twitter:label1\" content=\"Tiempo de lectura\" \/>\n\t<meta name=\"twitter:data1\" content=\"3 minutos\" \/>\n<script type=\"application\/ld+json\" class=\"yoast-schema-graph\">{\"@context\":\"https:\\\/\\\/schema.org\",\"@graph\":[{\"@type\":\"WebPage\",\"@id\":\"https:\\\/\\\/turismo.elejido.es\\\/index.php\\\/profesional\\\/el-ejido-destino-sicted\\\/\",\"url\":\"https:\\\/\\\/turismo.elejido.es\\\/index.php\\\/profesional\\\/el-ejido-destino-sicted\\\/\",\"name\":\"El Ejido destino SICTED - Turismo El Ejido\",\"isPartOf\":{\"@id\":\"https:\\\/\\\/turismo.elejido.es\\\/#website\"},\"primaryImageOfPage\":{\"@id\":\"https:\\\/\\\/turismo.elejido.es\\\/index.php\\\/profesional\\\/el-ejido-destino-sicted\\\/#primaryimage\"},\"image\":{\"@id\":\"https:\\\/\\\/turismo.elejido.es\\\/index.php\\\/profesional\\\/el-ejido-destino-sicted\\\/#primaryimage\"},\"thumbnailUrl\":\"https:\\\/\\\/turismo.elejido.es\\\/wp-content\\\/uploads\\\/2021\\\/02\\\/logoSICTED.jpeg\",\"datePublished\":\"2021-04-28T06:05:14+00:00\",\"dateModified\":\"2026-03-30T08:42:55+00:00\",\"description\":\"El SICTED es un proyecto de mejora continua, supone actualizaci\u00f3n y progreso y garantiza el asesoramiento y la colaboraci\u00f3n en El Ejido.\",\"breadcrumb\":{\"@id\":\"https:\\\/\\\/turismo.elejido.es\\\/index.php\\\/profesional\\\/el-ejido-destino-sicted\\\/#breadcrumb\"},\"inLanguage\":\"es\",\"potentialAction\":[{\"@type\":\"ReadAction\",\"target\":[\"https:\\\/\\\/turismo.elejido.es\\\/index.php\\\/profesional\\\/el-ejido-destino-sicted\\\/\"]}]},{\"@type\":\"ImageObject\",\"inLanguage\":\"es\",\"@id\":\"https:\\\/\\\/turismo.elejido.es\\\/index.php\\\/profesional\\\/el-ejido-destino-sicted\\\/#primaryimage\",\"url\":\"https:\\\/\\\/turismo.elejido.es\\\/wp-content\\\/uploads\\\/2021\\\/02\\\/logoSICTED.jpeg\",\"contentUrl\":\"https:\\\/\\\/turismo.elejido.es\\\/wp-content\\\/uploads\\\/2021\\\/02\\\/logoSICTED.jpeg\",\"width\":459,\"height\":459},{\"@type\":\"BreadcrumbList\",\"@id\":\"https:\\\/\\\/turismo.elejido.es\\\/index.php\\\/profesional\\\/el-ejido-destino-sicted\\\/#breadcrumb\",\"itemListElement\":[{\"@type\":\"ListItem\",\"position\":1,\"name\":\"Inicio\",\"item\":\"https:\\\/\\\/turismo.elejido.es\\\/\"},{\"@type\":\"ListItem\",\"position\":2,\"name\":\"Profesional\",\"item\":\"https:\\\/\\\/turismo.elejido.es\\\/index.php\\\/profesional\\\/\"},{\"@type\":\"ListItem\",\"position\":3,\"name\":\"El Ejido destino SICTED\"}]},{\"@type\":\"WebSite\",\"@id\":\"https:\\\/\\\/turismo.elejido.es\\\/#website\",\"url\":\"https:\\\/\\\/turismo.elejido.es\\\/\",\"name\":\"Turismo El Ejido\",\"description\":\"Portal Oficial de Turismo del Municipio de El Ejido, Almerimar y Balerma situado en la costa de Almer\u00eda.\",\"publisher\":{\"@id\":\"https:\\\/\\\/turismo.elejido.es\\\/#organization\"},\"potentialAction\":[{\"@type\":\"SearchAction\",\"target\":{\"@type\":\"EntryPoint\",\"urlTemplate\":\"https:\\\/\\\/turismo.elejido.es\\\/?s={search_term_string}\"},\"query-input\":{\"@type\":\"PropertyValueSpecification\",\"valueRequired\":true,\"valueName\":\"search_term_string\"}}],\"inLanguage\":\"es\"},{\"@type\":\"Organization\",\"@id\":\"https:\\\/\\\/turismo.elejido.es\\\/#organization\",\"name\":\"Turismo El Ejido\",\"url\":\"https:\\\/\\\/turismo.elejido.es\\\/\",\"logo\":{\"@type\":\"ImageObject\",\"inLanguage\":\"es\",\"@id\":\"https:\\\/\\\/turismo.elejido.es\\\/#\\\/schema\\\/logo\\\/image\\\/\",\"url\":\"https:\\\/\\\/turismo.elejido.es\\\/wp-content\\\/uploads\\\/2020\\\/12\\\/elejidoNaranja.png\",\"contentUrl\":\"https:\\\/\\\/turismo.elejido.es\\\/wp-content\\\/uploads\\\/2020\\\/12\\\/elejidoNaranja.png\",\"width\":163,\"height\":92,\"caption\":\"Turismo El Ejido\"},\"image\":{\"@id\":\"https:\\\/\\\/turismo.elejido.es\\\/#\\\/schema\\\/logo\\\/image\\\/\"}}]}<\/script>\n<!-- \/ Yoast SEO plugin. -->","yoast_head_json":{"title":"El Ejido destino SICTED - Turismo El Ejido","description":"El SICTED es un proyecto de mejora continua, supone actualizaci\u00f3n y progreso y garantiza el asesoramiento y la colaboraci\u00f3n en El Ejido.","robots":{"index":"index","follow":"follow","max-snippet":"max-snippet:-1","max-image-preview":"max-image-preview:large","max-video-preview":"max-video-preview:-1"},"canonical":"https:\/\/turismo.elejido.es\/index.php\/profesional\/el-ejido-destino-sicted\/","og_locale":"es_ES","og_type":"article","og_title":"El Ejido destino SICTED - Turismo El Ejido","og_description":"El SICTED es un proyecto de mejora continua, supone actualizaci\u00f3n y progreso y garantiza el asesoramiento y la colaboraci\u00f3n en El Ejido.","og_url":"https:\/\/turismo.elejido.es\/index.php\/profesional\/el-ejido-destino-sicted\/","og_site_name":"Turismo El Ejido","article_modified_time":"2026-03-30T08:42:55+00:00","og_image":[{"width":459,"height":459,"url":"https:\/\/turismo.elejido.es\/wp-content\/uploads\/2021\/02\/logoSICTED.jpeg","type":"image\/jpeg"}],"twitter_card":"summary_large_image","twitter_misc":{"Tiempo de lectura":"3 minutos"},"schema":{"@context":"https:\/\/schema.org","@graph":[{"@type":"WebPage","@id":"https:\/\/turismo.elejido.es\/index.php\/profesional\/el-ejido-destino-sicted\/","url":"https:\/\/turismo.elejido.es\/index.php\/profesional\/el-ejido-destino-sicted\/","name":"El Ejido destino SICTED - Turismo El Ejido","isPartOf":{"@id":"https:\/\/turismo.elejido.es\/#website"},"primaryImageOfPage":{"@id":"https:\/\/turismo.elejido.es\/index.php\/profesional\/el-ejido-destino-sicted\/#primaryimage"},"image":{"@id":"https:\/\/turismo.elejido.es\/index.php\/profesional\/el-ejido-destino-sicted\/#primaryimage"},"thumbnailUrl":"https:\/\/turismo.elejido.es\/wp-content\/uploads\/2021\/02\/logoSICTED.jpeg","datePublished":"2021-04-28T06:05:14+00:00","dateModified":"2026-03-30T08:42:55+00:00","description":"El SICTED es un proyecto de mejora continua, supone actualizaci\u00f3n y progreso y garantiza el asesoramiento y la colaboraci\u00f3n en El Ejido.","breadcrumb":{"@id":"https:\/\/turismo.elejido.es\/index.php\/profesional\/el-ejido-destino-sicted\/#breadcrumb"},"inLanguage":"es","potentialAction":[{"@type":"ReadAction","target":["https:\/\/turismo.elejido.es\/index.php\/profesional\/el-ejido-destino-sicted\/"]}]},{"@type":"ImageObject","inLanguage":"es","@id":"https:\/\/turismo.elejido.es\/index.php\/profesional\/el-ejido-destino-sicted\/#primaryimage","url":"https:\/\/turismo.elejido.es\/wp-content\/uploads\/2021\/02\/logoSICTED.jpeg","contentUrl":"https:\/\/turismo.elejido.es\/wp-content\/uploads\/2021\/02\/logoSICTED.jpeg","width":459,"height":459},{"@type":"BreadcrumbList","@id":"https:\/\/turismo.elejido.es\/index.php\/profesional\/el-ejido-destino-sicted\/#breadcrumb","itemListElement":[{"@type":"ListItem","position":1,"name":"Inicio","item":"https:\/\/turismo.elejido.es\/"},{"@type":"ListItem","position":2,"name":"Profesional","item":"https:\/\/turismo.elejido.es\/index.php\/profesional\/"},{"@type":"ListItem","position":3,"name":"El Ejido destino SICTED"}]},{"@type":"WebSite","@id":"https:\/\/turismo.elejido.es\/#website","url":"https:\/\/turismo.elejido.es\/","name":"Turismo El Ejido","description":"Portal Oficial de Turismo del Municipio de El Ejido, Almerimar y Balerma situado en la costa de Almer\u00eda.","publisher":{"@id":"https:\/\/turismo.elejido.es\/#organization"},"potentialAction":[{"@type":"SearchAction","target":{"@type":"EntryPoint","urlTemplate":"https:\/\/turismo.elejido.es\/?s={search_term_string}"},"query-input":{"@type":"PropertyValueSpecification","valueRequired":true,"valueName":"search_term_string"}}],"inLanguage":"es"},{"@type":"Organization","@id":"https:\/\/turismo.elejido.es\/#organization","name":"Turismo El Ejido","url":"https:\/\/turismo.elejido.es\/","logo":{"@type":"ImageObject","inLanguage":"es","@id":"https:\/\/turismo.elejido.es\/#\/schema\/logo\/image\/","url":"https:\/\/turismo.elejido.es\/wp-content\/uploads\/2020\/12\/elejidoNaranja.png","contentUrl":"https:\/\/turismo.elejido.es\/wp-content\/uploads\/2020\/12\/elejidoNaranja.png","width":163,"height":92,"caption":"Turismo El Ejido"},"image":{"@id":"https:\/\/turismo.elejido.es\/#\/schema\/logo\/image\/"}}]}},"_links":{"self":[{"href":"https:\/\/turismo.elejido.es\/index.php\/wp-json\/wp\/v2\/pages\/10969","targetHints":{"allow":["GET"]}}],"collection":[{"href":"https:\/\/turismo.elejido.es\/index.php\/wp-json\/wp\/v2\/pages"}],"about":[{"href":"https:\/\/turismo.elejido.es\/index.php\/wp-json\/wp\/v2\/types\/page"}],"author":[{"embeddable":true,"href":"https:\/\/turismo.elejido.es\/index.php\/wp-json\/wp\/v2\/users\/5"}],"replies":[{"embeddable":true,"href":"https:\/\/turismo.elejido.es\/index.php\/wp-json\/wp\/v2\/comments?post=10969"}],"version-history":[{"count":1,"href":"https:\/\/turismo.elejido.es\/index.php\/wp-json\/wp\/v2\/pages\/10969\/revisions"}],"predecessor-version":[{"id":25850,"href":"https:\/\/turismo.elejido.es\/index.php\/wp-json\/wp\/v2\/pages\/10969\/revisions\/25850"}],"up":[{"embeddable":true,"href":"https:\/\/turismo.elejido.es\/index.php\/wp-json\/wp\/v2\/pages\/1678"}],"wp:featuredmedia":[{"embeddable":true,"href":"https:\/\/turismo.elejido.es\/index.php\/wp-json\/wp\/v2\/media\/7206"}],"wp:attachment":[{"href":"https:\/\/turismo.elejido.es\/index.php\/wp-json\/wp\/v2\/media?parent=10969"}],"curies":[{"name":"wp","href":"https:\/\/api.w.org\/{rel}","templated":true}]}}