{"id":14036,"date":"2021-07-02T13:18:23","date_gmt":"2021-07-02T11:18:23","guid":{"rendered":"https:\/\/turismo.elejido.es\/?page_id=14036"},"modified":"2022-04-27T14:17:20","modified_gmt":"2022-04-27T12:17:20","slug":"informacion-covid-19","status":"publish","type":"page","link":"https:\/\/turismo.elejido.es\/index.php\/informacion-covid-19\/","title":{"rendered":"Informaci\u00f3n COVID-19"},"content":{"rendered":"\n<div style=\"height:100px\" aria-hidden=\"true\" class=\"wp-block-spacer\"><\/div>\n\n\n\n<p class=\"has-text-align-center has-small-font-size\"><\/p>\n\n\n\n<div class=\"wp-block-group container\"><div class=\"wp-block-group__inner-container is-layout-flow wp-block-group-is-layout-flow\">\n<h3 class=\"wp-block-heading\">Medidas de prevenci\u00f3n:<\/h3>\n\n\n\n<p class=\"has-small-font-size\">\u00daltima actualizaci\u00f3n: 27 de abril, 2022<\/p>\n\n\n\n<p>Para m\u00e1s informaci\u00f3n sobre los niveles de alerta sanitaria y las medidas de prevenci\u00f3n en Andaluc\u00eda, puedes consultar este&nbsp;<a href=\"https:\/\/www.mapacovid.es\/detail\/El%20Ejido\" target=\"_blank\" rel=\"noreferrer noopener\">mapa<\/a>.<\/p>\n\n\n\n<p>\u00bfViajas a Espa\u00f1a? Podr\u00e1s encontrar m\u00e1s informaci\u00f3n con consejos para viajar seguro, restricciones y requisitos necesarios para entrar en el pa\u00eds en la web oficial de<a href=\"https:\/\/travelsafe.spain.info\/es\/\" target=\"_blank\" rel=\"noreferrer noopener\">&nbsp;Turismo de Espa\u00f1a<\/a>.<\/p>\n\n\n\n<h3 class=\"wp-block-heading\">Pasos a seguir si tienes s\u00edntomas de COVID-19<\/h3>\n\n\n\n<p>Si tienes s\u00edntomas compatibles como fiebre, tos y\/o dificultad respiratoria, sigue estos pasos:<\/p>\n\n\n\n<ol class=\"wp-block-list\" type=\"1\"><li>A\u00edslate : Siempre que sea posible a\u00edslate en una habitaci\u00f3n con la puerta cerrada. Si no es posible, mant\u00e9n la distancia de seguridad con los dem\u00e1s convivientes y extrema la higiene hasta que tengas m\u00e1s indicaciones sobre c\u00f3mo actuar.<\/li><li>Pide Ayuda : Pide ayuda en la recepci\u00f3n del establecimiento o a la persona de contacto del apartamento que hab\u00e9is alquilado, dispondr\u00e1n de toda la informaci\u00f3n necesaria.<\/li><li>Respeta las indicaciones : Es importante que sigas las indicaciones de las autoridades sanitarias o aquellas que te den en vuestro establecimiento.<\/li><\/ol>\n\n\n\n<h3 class=\"wp-block-heading\">N\u00fameros de contacto<\/h3>\n\n\n\n<p>Coronavirus:<\/p>\n\n\n\n<p>Para dudas sobre s\u00edntomas, recomendaciones generales o protocolos a seguir: 900 400 061<\/p>\n\n\n\n<p>Si tienes s\u00edntomas compatibles con el COVID-19: 955 545 060<\/p>\n\n\n\n<p>Emergencias sanitarias: 061 \/ 112<\/p>\n\n\n\n<p>Por favor, recuerda que estos n\u00fameros son solo para emergencias, evita su uso si no requieres asistencia sanitaria urgente.<\/p>\n\n\n\n<div style=\"height:100px\" aria-hidden=\"true\" class=\"wp-block-spacer\"><\/div>\n<\/div><\/div>\n","protected":false},"excerpt":{"rendered":"<p>Medidas de prevenci\u00f3n: \u00daltima actualizaci\u00f3n: 27 de abril, 2022 Para m\u00e1s informaci\u00f3n sobre los niveles de alerta sanitaria y las medidas de prevenci\u00f3n en Andaluc\u00eda, puedes consultar este&nbsp;mapa. \u00bfViajas a Espa\u00f1a? Podr\u00e1s encontrar m\u00e1s informaci\u00f3n con consejos para viajar seguro, restricciones y requisitos necesarios para entrar en el pa\u00eds en la web oficial de&nbsp;Turismo de [&hellip;]<\/p>\n","protected":false},"author":5,"featured_media":0,"parent":0,"menu_order":0,"comment_status":"closed","ping_status":"closed","template":"","meta":{"ocean_post_layout":"","ocean_both_sidebars_style":"","ocean_both_sidebars_content_width":0,"ocean_both_sidebars_sidebars_width":0,"ocean_sidebar":"0","ocean_second_sidebar":"0","ocean_disable_margins":"enable","ocean_add_body_class":"","ocean_shortcode_before_top_bar":"","ocean_shortcode_after_top_bar":"","ocean_shortcode_before_header":"","ocean_shortcode_after_header":"","ocean_has_shortcode":"","ocean_shortcode_after_title":"","ocean_shortcode_before_footer_widgets":"","ocean_shortcode_after_footer_widgets":"","ocean_shortcode_before_footer_bottom":"","ocean_shortcode_after_footer_bottom":"","ocean_display_top_bar":"default","ocean_display_header":"default","ocean_header_style":"","ocean_center_header_left_menu":"0","ocean_custom_header_template":"0","ocean_custom_logo":0,"ocean_custom_retina_logo":0,"ocean_custom_logo_max_width":0,"ocean_custom_logo_tablet_max_width":0,"ocean_custom_logo_mobile_max_width":0,"ocean_custom_logo_max_height":0,"ocean_custom_logo_tablet_max_height":0,"ocean_custom_logo_mobile_max_height":0,"ocean_header_custom_menu":"0","ocean_menu_typo_font_family":"0","ocean_menu_typo_font_subset":"","ocean_menu_typo_font_size":0,"ocean_menu_typo_font_size_tablet":0,"ocean_menu_typo_font_size_mobile":0,"ocean_menu_typo_font_size_unit":"px","ocean_menu_typo_font_weight":"","ocean_menu_typo_font_weight_tablet":"","ocean_menu_typo_font_weight_mobile":"","ocean_menu_typo_transform":"","ocean_menu_typo_transform_tablet":"","ocean_menu_typo_transform_mobile":"","ocean_menu_typo_line_height":0,"ocean_menu_typo_line_height_tablet":0,"ocean_menu_typo_line_height_mobile":0,"ocean_menu_typo_line_height_unit":"","ocean_menu_typo_spacing":0,"ocean_menu_typo_spacing_tablet":0,"ocean_menu_typo_spacing_mobile":0,"ocean_menu_typo_spacing_unit":"","ocean_menu_link_color":"","ocean_menu_link_color_hover":"","ocean_menu_link_color_active":"","ocean_menu_link_background":"","ocean_menu_link_hover_background":"","ocean_menu_link_active_background":"","ocean_menu_social_links_bg":"","ocean_menu_social_hover_links_bg":"","ocean_menu_social_links_color":"","ocean_menu_social_hover_links_color":"","ocean_disable_title":"default","ocean_disable_heading":"default","ocean_post_title":"","ocean_post_subheading":"","ocean_post_title_style":"","ocean_post_title_background_color":"","ocean_post_title_background":0,"ocean_post_title_bg_image_position":"","ocean_post_title_bg_image_attachment":"","ocean_post_title_bg_image_repeat":"","ocean_post_title_bg_image_size":"","ocean_post_title_height":0,"ocean_post_title_bg_overlay":0.5,"ocean_post_title_bg_overlay_color":"","ocean_disable_breadcrumbs":"default","ocean_breadcrumbs_color":"","ocean_breadcrumbs_separator_color":"","ocean_breadcrumbs_links_color":"","ocean_breadcrumbs_links_hover_color":"","ocean_display_footer_widgets":"default","ocean_display_footer_bottom":"default","ocean_custom_footer_template":"0","footnotes":""},"class_list":["post-14036","page","type-page","status-publish","hentry","entry"],"yoast_head":"<!-- This site is optimized with the Yoast SEO plugin v27.4 - https:\/\/yoast.com\/product\/yoast-seo-wordpress\/ -->\n<title>Informaci\u00f3n COVID-19 - Turismo El Ejido<\/title>\n<meta name=\"robots\" content=\"index, follow, max-snippet:-1, max-image-preview:large, max-video-preview:-1\" \/>\n<link rel=\"canonical\" href=\"https:\/\/turismo.elejido.es\/index.php\/informacion-covid-19\/\" \/>\n<meta property=\"og:locale\" content=\"es_ES\" \/>\n<meta property=\"og:type\" content=\"article\" \/>\n<meta property=\"og:title\" content=\"Informaci\u00f3n COVID-19 - Turismo El Ejido\" \/>\n<meta property=\"og:description\" content=\"Medidas de prevenci\u00f3n: \u00daltima actualizaci\u00f3n: 27 de abril, 2022 Para m\u00e1s informaci\u00f3n sobre los niveles de alerta sanitaria y las medidas de prevenci\u00f3n en Andaluc\u00eda, puedes consultar este&nbsp;mapa. \u00bfViajas a Espa\u00f1a? Podr\u00e1s encontrar m\u00e1s informaci\u00f3n con consejos para viajar seguro, restricciones y requisitos necesarios para entrar en el pa\u00eds en la web oficial de&nbsp;Turismo de [&hellip;]\" \/>\n<meta property=\"og:url\" content=\"https:\/\/turismo.elejido.es\/index.php\/informacion-covid-19\/\" \/>\n<meta property=\"og:site_name\" content=\"Turismo El Ejido\" \/>\n<meta property=\"article:modified_time\" content=\"2022-04-27T12:17:20+00:00\" \/>\n<meta name=\"twitter:card\" content=\"summary_large_image\" \/>\n<meta name=\"twitter:label1\" content=\"Tiempo de lectura\" \/>\n\t<meta name=\"twitter:data1\" content=\"1 minuto\" \/>\n<script type=\"application\/ld+json\" class=\"yoast-schema-graph\">{\"@context\":\"https:\\\/\\\/schema.org\",\"@graph\":[{\"@type\":\"WebPage\",\"@id\":\"https:\\\/\\\/turismo.elejido.es\\\/index.php\\\/informacion-covid-19\\\/\",\"url\":\"https:\\\/\\\/turismo.elejido.es\\\/index.php\\\/informacion-covid-19\\\/\",\"name\":\"Informaci\u00f3n COVID-19 - Turismo El Ejido\",\"isPartOf\":{\"@id\":\"https:\\\/\\\/turismo.elejido.es\\\/#website\"},\"datePublished\":\"2021-07-02T11:18:23+00:00\",\"dateModified\":\"2022-04-27T12:17:20+00:00\",\"breadcrumb\":{\"@id\":\"https:\\\/\\\/turismo.elejido.es\\\/index.php\\\/informacion-covid-19\\\/#breadcrumb\"},\"inLanguage\":\"es\",\"potentialAction\":[{\"@type\":\"ReadAction\",\"target\":[\"https:\\\/\\\/turismo.elejido.es\\\/index.php\\\/informacion-covid-19\\\/\"]}]},{\"@type\":\"BreadcrumbList\",\"@id\":\"https:\\\/\\\/turismo.elejido.es\\\/index.php\\\/informacion-covid-19\\\/#breadcrumb\",\"itemListElement\":[{\"@type\":\"ListItem\",\"position\":1,\"name\":\"Inicio\",\"item\":\"https:\\\/\\\/turismo.elejido.es\\\/\"},{\"@type\":\"ListItem\",\"position\":2,\"name\":\"Informaci\u00f3n COVID-19\"}]},{\"@type\":\"WebSite\",\"@id\":\"https:\\\/\\\/turismo.elejido.es\\\/#website\",\"url\":\"https:\\\/\\\/turismo.elejido.es\\\/\",\"name\":\"Turismo El Ejido\",\"description\":\"Portal Oficial de Turismo del Municipio de El Ejido, Almerimar y Balerma situado en la costa de Almer\u00eda.\",\"publisher\":{\"@id\":\"https:\\\/\\\/turismo.elejido.es\\\/#organization\"},\"potentialAction\":[{\"@type\":\"SearchAction\",\"target\":{\"@type\":\"EntryPoint\",\"urlTemplate\":\"https:\\\/\\\/turismo.elejido.es\\\/?s={search_term_string}\"},\"query-input\":{\"@type\":\"PropertyValueSpecification\",\"valueRequired\":true,\"valueName\":\"search_term_string\"}}],\"inLanguage\":\"es\"},{\"@type\":\"Organization\",\"@id\":\"https:\\\/\\\/turismo.elejido.es\\\/#organization\",\"name\":\"Turismo El Ejido\",\"url\":\"https:\\\/\\\/turismo.elejido.es\\\/\",\"logo\":{\"@type\":\"ImageObject\",\"inLanguage\":\"es\",\"@id\":\"https:\\\/\\\/turismo.elejido.es\\\/#\\\/schema\\\/logo\\\/image\\\/\",\"url\":\"https:\\\/\\\/turismo.elejido.es\\\/wp-content\\\/uploads\\\/2020\\\/12\\\/elejidoNaranja.png\",\"contentUrl\":\"https:\\\/\\\/turismo.elejido.es\\\/wp-content\\\/uploads\\\/2020\\\/12\\\/elejidoNaranja.png\",\"width\":163,\"height\":92,\"caption\":\"Turismo El Ejido\"},\"image\":{\"@id\":\"https:\\\/\\\/turismo.elejido.es\\\/#\\\/schema\\\/logo\\\/image\\\/\"}}]}<\/script>\n<!-- \/ Yoast SEO plugin. -->","yoast_head_json":{"title":"Informaci\u00f3n COVID-19 - Turismo El Ejido","robots":{"index":"index","follow":"follow","max-snippet":"max-snippet:-1","max-image-preview":"max-image-preview:large","max-video-preview":"max-video-preview:-1"},"canonical":"https:\/\/turismo.elejido.es\/index.php\/informacion-covid-19\/","og_locale":"es_ES","og_type":"article","og_title":"Informaci\u00f3n COVID-19 - Turismo El Ejido","og_description":"Medidas de prevenci\u00f3n: \u00daltima actualizaci\u00f3n: 27 de abril, 2022 Para m\u00e1s informaci\u00f3n sobre los niveles de alerta sanitaria y las medidas de prevenci\u00f3n en Andaluc\u00eda, puedes consultar este&nbsp;mapa. \u00bfViajas a Espa\u00f1a? Podr\u00e1s encontrar m\u00e1s informaci\u00f3n con consejos para viajar seguro, restricciones y requisitos necesarios para entrar en el pa\u00eds en la web oficial de&nbsp;Turismo de [&hellip;]","og_url":"https:\/\/turismo.elejido.es\/index.php\/informacion-covid-19\/","og_site_name":"Turismo El Ejido","article_modified_time":"2022-04-27T12:17:20+00:00","twitter_card":"summary_large_image","twitter_misc":{"Tiempo de lectura":"1 minuto"},"schema":{"@context":"https:\/\/schema.org","@graph":[{"@type":"WebPage","@id":"https:\/\/turismo.elejido.es\/index.php\/informacion-covid-19\/","url":"https:\/\/turismo.elejido.es\/index.php\/informacion-covid-19\/","name":"Informaci\u00f3n COVID-19 - Turismo El Ejido","isPartOf":{"@id":"https:\/\/turismo.elejido.es\/#website"},"datePublished":"2021-07-02T11:18:23+00:00","dateModified":"2022-04-27T12:17:20+00:00","breadcrumb":{"@id":"https:\/\/turismo.elejido.es\/index.php\/informacion-covid-19\/#breadcrumb"},"inLanguage":"es","potentialAction":[{"@type":"ReadAction","target":["https:\/\/turismo.elejido.es\/index.php\/informacion-covid-19\/"]}]},{"@type":"BreadcrumbList","@id":"https:\/\/turismo.elejido.es\/index.php\/informacion-covid-19\/#breadcrumb","itemListElement":[{"@type":"ListItem","position":1,"name":"Inicio","item":"https:\/\/turismo.elejido.es\/"},{"@type":"ListItem","position":2,"name":"Informaci\u00f3n COVID-19"}]},{"@type":"WebSite","@id":"https:\/\/turismo.elejido.es\/#website","url":"https:\/\/turismo.elejido.es\/","name":"Turismo El Ejido","description":"Portal Oficial de Turismo del Municipio de El Ejido, Almerimar y Balerma situado en la costa de Almer\u00eda.","publisher":{"@id":"https:\/\/turismo.elejido.es\/#organization"},"potentialAction":[{"@type":"SearchAction","target":{"@type":"EntryPoint","urlTemplate":"https:\/\/turismo.elejido.es\/?s={search_term_string}"},"query-input":{"@type":"PropertyValueSpecification","valueRequired":true,"valueName":"search_term_string"}}],"inLanguage":"es"},{"@type":"Organization","@id":"https:\/\/turismo.elejido.es\/#organization","name":"Turismo El Ejido","url":"https:\/\/turismo.elejido.es\/","logo":{"@type":"ImageObject","inLanguage":"es","@id":"https:\/\/turismo.elejido.es\/#\/schema\/logo\/image\/","url":"https:\/\/turismo.elejido.es\/wp-content\/uploads\/2020\/12\/elejidoNaranja.png","contentUrl":"https:\/\/turismo.elejido.es\/wp-content\/uploads\/2020\/12\/elejidoNaranja.png","width":163,"height":92,"caption":"Turismo El Ejido"},"image":{"@id":"https:\/\/turismo.elejido.es\/#\/schema\/logo\/image\/"}}]}},"_links":{"self":[{"href":"https:\/\/turismo.elejido.es\/index.php\/wp-json\/wp\/v2\/pages\/14036","targetHints":{"allow":["GET"]}}],"collection":[{"href":"https:\/\/turismo.elejido.es\/index.php\/wp-json\/wp\/v2\/pages"}],"about":[{"href":"https:\/\/turismo.elejido.es\/index.php\/wp-json\/wp\/v2\/types\/page"}],"author":[{"embeddable":true,"href":"https:\/\/turismo.elejido.es\/index.php\/wp-json\/wp\/v2\/users\/5"}],"replies":[{"embeddable":true,"href":"https:\/\/turismo.elejido.es\/index.php\/wp-json\/wp\/v2\/comments?post=14036"}],"version-history":[{"count":0,"href":"https:\/\/turismo.elejido.es\/index.php\/wp-json\/wp\/v2\/pages\/14036\/revisions"}],"wp:attachment":[{"href":"https:\/\/turismo.elejido.es\/index.php\/wp-json\/wp\/v2\/media?parent=14036"}],"curies":[{"name":"wp","href":"https:\/\/api.w.org\/{rel}","templated":true}]}}