{"id":23641,"date":"2024-10-18T08:00:00","date_gmt":"2024-10-18T06:00:00","guid":{"rendered":"https:\/\/turismo.elejido.es\/?page_id=23641"},"modified":"2026-04-28T09:14:23","modified_gmt":"2026-04-28T07:14:23","slug":"viaje-gastronomico","status":"publish","type":"page","link":"https:\/\/turismo.elejido.es\/index.php\/viaje-gastronomico\/","title":{"rendered":"Viaje Gastron\u00f3mico El Ejido"},"content":{"rendered":"\n<figure class=\"wp-block-image size-full\"><img loading=\"lazy\" decoding=\"async\" width=\"1920\" height=\"1080\" src=\"https:\/\/app.elejido.es\/turismo\/wp-content\/uploads\/2025\/10\/ViajeGastronomico2025.jpg\" alt=\"\" class=\"wp-image-25219\" srcset=\"https:\/\/turismo.elejido.es\/wp-content\/uploads\/2025\/10\/ViajeGastronomico2025.jpg 1920w, https:\/\/turismo.elejido.es\/wp-content\/uploads\/2025\/10\/ViajeGastronomico2025-500x281.jpg 500w, https:\/\/turismo.elejido.es\/wp-content\/uploads\/2025\/10\/ViajeGastronomico2025-768x432.jpg 768w, https:\/\/turismo.elejido.es\/wp-content\/uploads\/2025\/10\/ViajeGastronomico2025-1536x864.jpg 1536w, https:\/\/turismo.elejido.es\/wp-content\/uploads\/2025\/10\/ViajeGastronomico2025-800x450.jpg 800w, https:\/\/turismo.elejido.es\/wp-content\/uploads\/2025\/10\/ViajeGastronomico2025-1280x720.jpg 1280w\" sizes=\"auto, (max-width: 1920px) 100vw, 1920px\" \/><\/figure>\n\n\n\n<div class=\"wp-block-group container\"><div class=\"wp-block-group__inner-container is-layout-flow wp-block-group-is-layout-flow\">\n<div style=\"height:50px\" aria-hidden=\"true\" class=\"wp-block-spacer\"><\/div>\n\n\n\n<h1 class=\"wp-block-heading has-text-align-center\">De la Naturaleza al Plato<\/h1>\n\n\n\n<h3 class=\"wp-block-heading has-text-align-center\"><strong>Del 14 al 23 de noviembre<\/strong><\/h3>\n\n\n\n<p class=\"has-text-align-center\">El viaje gastron\u00f3mico que transforma los productos de la agricultura sostenible de El Ejido en platos de autor.<br><strong>Participa. Prueba. Vota<\/strong>. <\/p>\n\n\n\n<div style=\"height:50px\" aria-hidden=\"true\" class=\"wp-block-spacer\"><\/div>\n\n\n\n<h2 class=\"wp-block-heading has-text-align-center\">Ganadores 2025<\/h2>\n\n\n\n<div style=\"height:50px\" aria-hidden=\"true\" class=\"wp-block-spacer\"><\/div>\n\n\n<div id=\"pl-gb23641-69f2b77253b29\"  class=\"panel-layout wp-block-siteorigin-panels-layout-block\" ><div id=\"pg-gb23641-69f2b77253b29-0\"  class=\"panel-grid panel-no-style\" ><div id=\"pgc-gb23641-69f2b77253b29-0-0\"  class=\"panel-grid-cell\" ><div id=\"panel-gb23641-69f2b77253b29-0-0-0\" class=\"so-panel widget widget_sow-image panel-first-child panel-last-child\" data-index=\"0\" ><div\n\t\t\t\n\t\t\tclass=\"so-widget-sow-image so-widget-sow-image-default-89f16426b92c-23641\"\n\t\t\t\n\t\t>\n<div class=\"sow-image-container\">\n\t\t\t<a href=\"https:\/\/bodeboka.com\/\"\n\t\t\t\t\t>\n\t\t\t<img \n\tsrc=\"https:\/\/turismo.elejido.es\/wp-content\/uploads\/2025\/12\/1.png\" width=\"1080\" height=\"1350\" srcset=\"https:\/\/turismo.elejido.es\/wp-content\/uploads\/2025\/12\/1.png 1080w, https:\/\/turismo.elejido.es\/wp-content\/uploads\/2025\/12\/1-400x500.png 400w, https:\/\/turismo.elejido.es\/wp-content\/uploads\/2025\/12\/1-864x1080.png 864w, https:\/\/turismo.elejido.es\/wp-content\/uploads\/2025\/12\/1-768x960.png 768w, https:\/\/turismo.elejido.es\/wp-content\/uploads\/2025\/12\/1-500x625.png 500w, https:\/\/turismo.elejido.es\/wp-content\/uploads\/2025\/12\/1-800x1000.png 800w\" sizes=\"(max-width: 1080px) 100vw, 1080px\" title=\"Premio del jurado\" alt=\"\" \t\tclass=\"so-widget-image\"\/>\n\t\t\t<\/a><\/div>\n\n<\/div><\/div><\/div><div id=\"pgc-gb23641-69f2b77253b29-0-1\"  class=\"panel-grid-cell\" ><div id=\"panel-gb23641-69f2b77253b29-0-1-0\" class=\"so-panel widget widget_sow-image panel-first-child panel-last-child\" data-index=\"1\" ><div\n\t\t\t\n\t\t\tclass=\"so-widget-sow-image so-widget-sow-image-default-8b5b6f678277-23641\"\n\t\t\t\n\t\t>\n<div class=\"sow-image-container\">\n\t\t\t<a href=\"https:\/\/bodeboka.com\/\"\n\t\t\t\t\t>\n\t\t\t<img \n\tsrc=\"https:\/\/turismo.elejido.es\/wp-content\/uploads\/2025\/12\/2.png\" width=\"1080\" height=\"1350\" srcset=\"https:\/\/turismo.elejido.es\/wp-content\/uploads\/2025\/12\/2.png 1080w, https:\/\/turismo.elejido.es\/wp-content\/uploads\/2025\/12\/2-400x500.png 400w, https:\/\/turismo.elejido.es\/wp-content\/uploads\/2025\/12\/2-864x1080.png 864w, https:\/\/turismo.elejido.es\/wp-content\/uploads\/2025\/12\/2-768x960.png 768w, https:\/\/turismo.elejido.es\/wp-content\/uploads\/2025\/12\/2-500x625.png 500w, https:\/\/turismo.elejido.es\/wp-content\/uploads\/2025\/12\/2-800x1000.png 800w\" sizes=\"(max-width: 1080px) 100vw, 1080px\" title=\"Primer premio\" alt=\"\" \t\tclass=\"so-widget-image\"\/>\n\t\t\t<\/a><\/div>\n\n<\/div><\/div><\/div><div id=\"pgc-gb23641-69f2b77253b29-0-2\"  class=\"panel-grid-cell\" ><div id=\"panel-gb23641-69f2b77253b29-0-2-0\" class=\"so-panel widget widget_sow-image panel-first-child panel-last-child\" data-index=\"2\" ><div\n\t\t\t\n\t\t\tclass=\"so-widget-sow-image so-widget-sow-image-default-8b5b6f678277-23641\"\n\t\t\t\n\t\t>\n<div class=\"sow-image-container\">\n\t\t\t<a href=\"https:\/\/www.facebook.com\/CasaRaquelElEjido\/?locale=es_ES\"\n\t\t\t\t\t>\n\t\t\t<img \n\tsrc=\"https:\/\/turismo.elejido.es\/wp-content\/uploads\/2025\/12\/3.png\" width=\"1080\" height=\"1350\" srcset=\"https:\/\/turismo.elejido.es\/wp-content\/uploads\/2025\/12\/3.png 1080w, https:\/\/turismo.elejido.es\/wp-content\/uploads\/2025\/12\/3-400x500.png 400w, https:\/\/turismo.elejido.es\/wp-content\/uploads\/2025\/12\/3-864x1080.png 864w, https:\/\/turismo.elejido.es\/wp-content\/uploads\/2025\/12\/3-768x960.png 768w, https:\/\/turismo.elejido.es\/wp-content\/uploads\/2025\/12\/3-500x625.png 500w, https:\/\/turismo.elejido.es\/wp-content\/uploads\/2025\/12\/3-800x1000.png 800w\" sizes=\"(max-width: 1080px) 100vw, 1080px\" alt=\"\" \t\tclass=\"so-widget-image\"\/>\n\t\t\t<\/a><\/div>\n\n<\/div><\/div><\/div><div id=\"pgc-gb23641-69f2b77253b29-0-3\"  class=\"panel-grid-cell\" ><div id=\"panel-gb23641-69f2b77253b29-0-3-0\" class=\"so-panel widget widget_sow-image panel-first-child panel-last-child\" data-index=\"3\" ><div\n\t\t\t\n\t\t\tclass=\"so-widget-sow-image so-widget-sow-image-default-8b5b6f678277-23641\"\n\t\t\t\n\t\t>\n<div class=\"sow-image-container\">\n\t\t\t<a href=\"https:\/\/datotoalmerimar.es\/\"\n\t\t\t\t\t>\n\t\t\t<img \n\tsrc=\"https:\/\/turismo.elejido.es\/wp-content\/uploads\/2025\/12\/4.png\" width=\"1080\" height=\"1350\" srcset=\"https:\/\/turismo.elejido.es\/wp-content\/uploads\/2025\/12\/4.png 1080w, https:\/\/turismo.elejido.es\/wp-content\/uploads\/2025\/12\/4-400x500.png 400w, https:\/\/turismo.elejido.es\/wp-content\/uploads\/2025\/12\/4-864x1080.png 864w, https:\/\/turismo.elejido.es\/wp-content\/uploads\/2025\/12\/4-768x960.png 768w, https:\/\/turismo.elejido.es\/wp-content\/uploads\/2025\/12\/4-500x625.png 500w, https:\/\/turismo.elejido.es\/wp-content\/uploads\/2025\/12\/4-800x1000.png 800w\" sizes=\"(max-width: 1080px) 100vw, 1080px\" title=\"Tercer premio\" alt=\"\" \t\tclass=\"so-widget-image\"\/>\n\t\t\t<\/a><\/div>\n\n<\/div><\/div><\/div><\/div><\/div>\n\n\n<div style=\"height:100px\" aria-hidden=\"true\" class=\"wp-block-spacer\"><\/div>\n\n\n\n<h2 class=\"wp-block-heading has-text-align-center\">\u00bfC\u00f3mo funciona?<\/h2>\n\n\n\n<div style=\"height:50px\" aria-hidden=\"true\" class=\"wp-block-spacer\"><\/div>\n\n\n<div id=\"pl-gb23641-69f2b77256732\"  class=\"panel-layout wp-block-siteorigin-panels-layout-block\" ><div id=\"pg-gb23641-69f2b77256732-0\"  class=\"panel-grid panel-no-style\" ><div id=\"pgc-gb23641-69f2b77256732-0-0\"  class=\"panel-grid-cell\" ><div id=\"panel-gb23641-69f2b77256732-0-0-0\" class=\"so-panel widget widget_sow-features panel-first-child panel-last-child\" data-index=\"0\" ><div\n\t\t\t\n\t\t\tclass=\"so-widget-sow-features so-widget-sow-features-default-4b8118e9998c-23641\"\n\t\t\t\n\t\t><ul\n\tclass=\"sow-features-list\n\tsow-features-responsive\">\n\n\t\t\t<li\n\t\t\tclass=\"sow-features-feature sow-icon-container-position-top\"\n\t\t\tstyle=\"display: flex; flex-direction: column; width: calc(33.333% - 25px);\"\n\t\t>\n\t\t\t\n\t\t\t\t\t\t<div\t\t\t\tclass=\"sow-icon-container sow-container-round\"\n\t\t\t\tstyle=\"color: #ffffff; \"\n\t\t\t\t\n\t\t\t\t\t\t\t>\n\t\t\t\t<span class=\"sow-icon-fontawesome sow-fas\" data-sow-icon=\"&#xf816;\"\n\t\tstyle=\"font-size: 50px; color: #404040\" \n\t\taria-hidden=\"true\"><\/span>\t\t\t<\/div>\n\n\t\t\t<div class=\"textwidget\">\n\t\t\t\t\n\t\t\t\t\t\t\t\t\t<h3 class=\"sow-features-feature-title\">\n\t\t\t\t\t\tPaso 1\t\t\t\t\t<\/h3>\n\t\t\t\t\n\t\t\t\t\t\t\t\t\t<div class=\"sow-features-feature-text\">\n\t\t\t\t\t<p style=\"text-align: center\">Los establecimientos crean un plato basado en producto local.<\/p>\n\t\t\t\t\t<\/div>\n\t\t\t\t\t\t\t\t<\/div>\n\t\t\t\t\t\t\t\t<\/li>\n\n\t\t\t<li\n\t\t\tclass=\"sow-features-feature sow-icon-container-position-top\"\n\t\t\tstyle=\"display: flex; flex-direction: column; width: calc(33.333% - 25px);\"\n\t\t>\n\t\t\t\n\t\t\t\t\t\t<div\t\t\t\tclass=\"sow-icon-container sow-container-round\"\n\t\t\t\tstyle=\"color: #ffffff; \"\n\t\t\t\t\n\t\t\t\t\t\t\t>\n\t\t\t\t<span class=\"sow-icon-fontawesome sow-fas\" data-sow-icon=\"&#xf135;\"\n\t\tstyle=\"font-size: 50px; color: #404040\" \n\t\taria-hidden=\"true\"><\/span>\t\t\t<\/div>\n\n\t\t\t<div class=\"textwidget\">\n\t\t\t\t\n\t\t\t\t\t\t\t\t\t<h3 class=\"sow-features-feature-title\">\n\t\t\t\t\t\tPaso 2\t\t\t\t\t<\/h3>\n\t\t\t\t\n\t\t\t\t\t\t\t\t\t<div class=\"sow-features-feature-text\">\n\t\t\t\t\t<p style=\"text-align: center\">El p\u00fablico hace el viaje, prueba los platos y descubre sitios nuevos.<\/p>\n\t\t\t\t\t<\/div>\n\t\t\t\t\t\t\t\t<\/div>\n\t\t\t\t\t\t\t\t<\/li>\n\n\t\t\t<li\n\t\t\tclass=\"sow-features-feature sow-icon-container-position-top\"\n\t\t\tstyle=\"display: flex; flex-direction: column; width: calc(33.333% - 25px);\"\n\t\t>\n\t\t\t\n\t\t\t\t\t\t<div\t\t\t\tclass=\"sow-icon-container sow-container-round\"\n\t\t\t\tstyle=\"color: #ffffff; \"\n\t\t\t\t\n\t\t\t\t\t\t\t>\n\t\t\t\t<span class=\"sow-icon-fontawesome sow-fas\" data-sow-icon=\"&#xf091;\"\n\t\tstyle=\"font-size: 50px; color: #404040\" \n\t\taria-hidden=\"true\"><\/span>\t\t\t<\/div>\n\n\t\t\t<div class=\"textwidget\">\n\t\t\t\t\n\t\t\t\t\t\t\t\t\t<h3 class=\"sow-features-feature-title\">\n\t\t\t\t\t\tPaso 3\t\t\t\t\t<\/h3>\n\t\t\t\t\n\t\t\t\t\t\t\t\t\t<div class=\"sow-features-feature-text\">\n\t\t\t\t\t<p style=\"text-align: center\">El p\u00fablico vota por sus favoritos y participa en un sorteo de premios.<\/p>\n\t\t\t\t\t<\/div>\n\t\t\t\t\t\t\t\t<\/div>\n\t\t\t\t\t\t\t\t<\/li>\n\n\t<\/ul>\n<\/div><\/div><\/div><\/div><\/div>\n\n\n<div style=\"height:100px\" aria-hidden=\"true\" class=\"wp-block-spacer\"><\/div>\n\n\n<div id=\"pl-gb23641-69f2b772599bf\"  class=\"panel-layout wp-block-siteorigin-panels-layout-block\" ><div id=\"pg-gb23641-69f2b772599bf-0\"  class=\"panel-grid panel-no-style\" ><div id=\"pgc-gb23641-69f2b772599bf-0-0\"  class=\"panel-grid-cell\" ><div class=\"panel-cell-style panel-cell-style-for-gb23641-69f2b772599bf-0-0\" ><div id=\"panel-gb23641-69f2b772599bf-0-0-0\" class=\"so-panel widget widget_siteorigin-panels-builder panel-first-child panel-last-child\" data-index=\"0\" ><div id=\"pl-w691eca65791f5\"  class=\"panel-layout wp-block-siteorigin-panels-layout-block\" ><div id=\"pg-w691eca65791f5-0\"  class=\"panel-grid panel-no-style\" ><div id=\"pgc-w691eca65791f5-0-0\"  class=\"panel-grid-cell\" ><div id=\"panel-w691eca65791f5-0-0-0\" class=\"so-panel widget widget_sow-features panel-first-child\" data-index=\"0\" ><div\n\t\t\t\n\t\t\tclass=\"so-widget-sow-features so-widget-sow-features-default-98a18950134a\"\n\t\t\t\n\t\t><ul\n\tclass=\"sow-features-list\n\tsow-features-responsive\">\n\n\t\t\t<li\n\t\t\tclass=\"sow-features-feature sow-icon-container-position-top\"\n\t\t\tstyle=\"display: flex; flex-direction: column; width: calc(100% - 25px);\"\n\t\t>\n\t\t\t\n\t\t\t\t\t\t<div\t\t\t\tclass=\"sow-icon-container sow-container-round\"\n\t\t\t\tstyle=\"color: #798829; \"\n\t\t\t\t\n\t\t\t\t\t\t\t>\n\t\t\t\t<span class=\"sow-icon-fontawesome sow-fas\" data-sow-icon=\"&#xf2e7;\"\n\t\tstyle=\"font-size: 80px; color: #FFFFFF\" \n\t\taria-hidden=\"true\"><\/span>\t\t\t<\/div>\n\n\t\t\t<div class=\"textwidget\">\n\t\t\t\t\n\t\t\t\t\t\t\t\t\t<h2 class=\"sow-features-feature-title\">\n\t\t\t\t\t\tEstablecimientos\t\t\t\t\t<\/h2>\n\t\t\t\t\n\t\t\t\t\t\t\t\t\t<div class=\"sow-features-feature-text\">\n\t\t\t\t\t<p style=\"text-align: center\">Descubre los establecimientos participantes.<\/p>\n\t\t\t\t\t<\/div>\n\t\t\t\t\t\t\t\t<\/div>\n\t\t\t\t\t\t\t\t<\/li>\n\n\t<\/ul>\n<\/div><\/div><div id=\"panel-w691eca65791f5-0-0-1\" class=\"so-panel widget widget_sow-button panel-last-child\" data-index=\"1\" ><div\n\t\t\t\n\t\t\tclass=\"so-widget-sow-button so-widget-sow-button-wire-3200f9186797\"\n\t\t\t\n\t\t><div class=\"ow-button-base ow-button-align-center\"\n>\n\t\t\t<a\n\t\t\t\t\thref=\"https:\/\/app.elejido.es\/turismo\/index.php\/viaje-gastronomico\/establecimientos-viaje-gastronomico-2\/\"\n\t\t\t\t\tclass=\"sowb-button ow-icon-placement-right ow-button-hover\" \t>\n\t\t<span>\n\t\t\t\n\t\t\tVer m\u00e1s\t\t<\/span>\n\t\t\t<\/a>\n\t<\/div>\n<\/div><\/div><\/div><\/div><\/div><\/div><\/div><\/div><div id=\"pgc-gb23641-69f2b772599bf-0-1\"  class=\"panel-grid-cell\" ><div class=\"panel-cell-style panel-cell-style-for-gb23641-69f2b772599bf-0-1\" ><div id=\"panel-gb23641-69f2b772599bf-0-1-0\" class=\"so-panel widget widget_siteorigin-panels-builder panel-first-child panel-last-child\" data-index=\"1\" ><div id=\"pl-w6903312d0ddb0\"  class=\"panel-layout wp-block-siteorigin-panels-layout-block\" ><div id=\"pg-w6903312d0ddb0-0\"  class=\"panel-grid panel-no-style\" ><div id=\"pgc-w6903312d0ddb0-0-0\"  class=\"panel-grid-cell\" ><div id=\"panel-w6903312d0ddb0-0-0-0\" class=\"so-panel widget widget_sow-features panel-first-child\" data-index=\"0\" ><div\n\t\t\t\n\t\t\tclass=\"so-widget-sow-features so-widget-sow-features-default-98a18950134a\"\n\t\t\t\n\t\t><ul\n\tclass=\"sow-features-list\n\tsow-features-responsive\">\n\n\t\t\t<li\n\t\t\tclass=\"sow-features-feature sow-icon-container-position-top\"\n\t\t\tstyle=\"display: flex; flex-direction: column; width: calc(100% - 25px);\"\n\t\t>\n\t\t\t\n\t\t\t\t\t\t<div\t\t\t\tclass=\"sow-icon-container sow-container-round\"\n\t\t\t\tstyle=\"color: #d04155; \"\n\t\t\t\t\n\t\t\t\t\t\t\t>\n\t\t\t\t<span class=\"sow-icon-fontawesome sow-fas\" data-sow-icon=\"&#xf007;\"\n\t\tstyle=\"font-size: 80px; color: #FFFFFF\" \n\t\taria-hidden=\"true\"><\/span>\t\t\t<\/div>\n\n\t\t\t<div class=\"textwidget\">\n\t\t\t\t\n\t\t\t\t\t\t\t\t\t<h2 class=\"sow-features-feature-title\">\n\t\t\t\t\t\tClientes\t\t\t\t\t<\/h2>\n\t\t\t\t\n\t\t\t\t\t\t\t\t\t<div class=\"sow-features-feature-text\">\n\t\t\t\t\t<p style=\"text-align: center\">Prueba los platos, elige tus favoritos y participa en un sorteo de premios.<\/p>\n\t\t\t\t\t<\/div>\n\t\t\t\t\t\t\t\t<\/div>\n\t\t\t\t\t\t\t\t<\/li>\n\n\t<\/ul>\n<\/div><\/div><div id=\"panel-w6903312d0ddb0-0-0-1\" class=\"so-panel widget widget_sow-button panel-last-child\" data-index=\"1\" ><div\n\t\t\t\n\t\t\tclass=\"so-widget-sow-button so-widget-sow-button-wire-9b8eb2ba65bf\"\n\t\t\t\n\t\t><div class=\"ow-button-base ow-button-align-center\"\n>\n\t\t\t<a\n\t\t\t\t\thref=\"https:\/\/app.elejido.es\/turismo\/index.php\/viaje-gastronomico\/clientes-viaje-gastronomico\/\"\n\t\t\t\t\tclass=\"sowb-button ow-icon-placement-left ow-button-hover\" \t>\n\t\t<span>\n\t\t\t\n\t\t\tVer m\u00e1s\t\t<\/span>\n\t\t\t<\/a>\n\t<\/div>\n<\/div><\/div><\/div><\/div><\/div><\/div><\/div><\/div><\/div><\/div>\n\n\n<div style=\"height:50px\" aria-hidden=\"true\" class=\"wp-block-spacer\"><\/div>\n\n\n<div class=\"wp-block-image\">\n<figure class=\"aligncenter size-full\"><a href=\"https:\/\/capitaldelturismoagrario.com\/\"><img loading=\"lazy\" decoding=\"async\" width=\"970\" height=\"250\" src=\"https:\/\/app.elejido.es\/turismo\/wp-content\/uploads\/2025\/10\/970x250.png\" alt=\"\" class=\"wp-image-25272\" srcset=\"https:\/\/turismo.elejido.es\/wp-content\/uploads\/2025\/10\/970x250.png 970w, https:\/\/turismo.elejido.es\/wp-content\/uploads\/2025\/10\/970x250-500x129.png 500w, https:\/\/turismo.elejido.es\/wp-content\/uploads\/2025\/10\/970x250-768x198.png 768w, https:\/\/turismo.elejido.es\/wp-content\/uploads\/2025\/10\/970x250-800x206.png 800w\" sizes=\"auto, (max-width: 970px) 100vw, 970px\" \/><\/a><\/figure>\n<\/div>\n\n\n<div style=\"height:75px\" aria-hidden=\"true\" class=\"wp-block-spacer\"><\/div>\n\n\n\n<h2 class=\"wp-block-heading has-text-align-center\">V\u00eddeo promocional<\/h2>\n\n\n\n<p class=\"has-text-align-center\">No te pierdas el v\u00eddeo con el que ganamos el premio especial de la \u00ab<strong>Promoci\u00f3n del Territorio<\/strong>\u00bb <strong>2024<\/strong> de Hosteler\u00eda de Espa\u00f1a.<\/p>\n\n\n\n<figure class=\"wp-block-video\"><video height=\"1080\" style=\"aspect-ratio: 1920 \/ 1080;\" width=\"1920\" controls src=\"https:\/\/app.elejido.es\/turismo\/wp-content\/uploads\/2024\/01\/spot-el-ejido-2024-fitur-baja-resolucion.mp4\"><\/video><\/figure>\n\n\n\n<div style=\"height:50px\" aria-hidden=\"true\" class=\"wp-block-spacer\"><\/div>\n\n\n\n<h2 class=\"wp-block-heading has-text-align-center\">Bases<\/h2>\n\n\n\n<p class=\"has-text-align-center\">Consulta las bases, las condiciones de participaci\u00f3n y votaci\u00f3n. <\/p>\n\n\n\n<p class=\"has-text-align-center\"><a href=\"https:\/\/app.elejido.es\/turismo\/wp-content\/uploads\/2025\/11\/BASES-VIAJE-GASTRONOMICO-2025.pdf\">Ver bases aqu\u00ed<\/a><\/p>\n\n\n\n<div style=\"height:100px\" aria-hidden=\"true\" class=\"wp-block-spacer\"><\/div>\n\n\n<div id=\"pl-gb23641-69f2b7725de09\"  class=\"panel-layout wp-block-siteorigin-panels-layout-block\" ><div id=\"pg-gb23641-69f2b7725de09-0\"  class=\"panel-grid panel-no-style\" ><div id=\"pgc-gb23641-69f2b7725de09-0-0\"  class=\"panel-grid-cell\" ><div id=\"panel-gb23641-69f2b7725de09-0-0-0\" class=\"so-panel widget widget_siteorigin-panels-builder panel-first-child panel-last-child\" data-index=\"0\" ><div id=\"pl-w693136e1d9717\"  class=\"panel-layout wp-block-siteorigin-panels-layout-block\" ><div id=\"pg-w693136e1d9717-0\"  class=\"panel-grid panel-no-style\" ><div id=\"pgc-w693136e1d9717-0-0\"  class=\"panel-grid-cell\" ><div id=\"panel-w693136e1d9717-0-0-0\" class=\"so-panel widget widget_sow-headline panel-first-child panel-last-child\" data-index=\"0\" ><div\n\t\t\t\n\t\t\tclass=\"so-widget-sow-headline so-widget-sow-headline-default-97b314198770\"\n\t\t\t\n\t\t><div class=\"sow-headline-container \">\n\t\t\t\t\t\t\t<h2 class=\"sow-headline\">\n\t\t\t\t\t\tPalmar\u00e9s &#8211; I Viaje Gastron\u00f3mico 2024\t\t\t\t\t\t<\/h2>\n\t\t\t\t\t\t\t\t\t\t\t<div class=\"decoration\">\n\t\t\t\t\t\t<div class=\"decoration-inside\"><\/div>\n\t\t\t\t\t<\/div>\n\t\t\t\t\t<\/div>\n<\/div><\/div><\/div><\/div><div id=\"pg-w693136e1d9717-1\"  class=\"panel-grid panel-no-style\" ><div id=\"pgc-w693136e1d9717-1-0\"  class=\"panel-grid-cell\" ><div id=\"panel-w693136e1d9717-1-0-0\" class=\"so-panel widget widget_sow-features panel-first-child panel-last-child\" data-index=\"1\" ><div\n\t\t\t\n\t\t\tclass=\"so-widget-sow-features so-widget-sow-features-default-9de626686ee4\"\n\t\t\t\n\t\t><ul\n\tclass=\"sow-features-list\n\tsow-features-responsive\">\n\n\t\t\t<li\n\t\t\tclass=\"sow-features-feature sow-icon-container-position-top\"\n\t\t\tstyle=\"display: flex; flex-direction: column; width: calc(33.333% - 25px);\"\n\t\t>\n\t\t\t\n\t\t\t\t\t\t<div\t\t\t\tclass=\"sow-icon-container sow-container-round\"\n\t\t\t\tstyle=\"color: #ffffff; \"\n\t\t\t\ttitle=\"Entrante\"\n\t\t\t\t\t\t\t>\n\t\t\t\t\t\t\t\t\t\t<div class=\"sow-icon-image\" style=\"background-image: url(https:\/\/turismo.elejido.es\/wp-content\/uploads\/2025\/01\/Mejor-entrante.png); font-size: 200px\"><\/div>\n\t\t\t\t\t\t\t\t\t<\/div>\n\n\t\t\t<div class=\"textwidget\">\n\t\t\t\t\n\t\t\t\t\t\t\t\t\t<h3 class=\"sow-features-feature-title\">\n\t\t\t\t\t\tMejor Entrante\t\t\t\t\t<\/h3>\n\t\t\t\t\n\t\t\t\t\t\t\t\t\t<div class=\"sow-features-feature-text\">\n\t\t\t\t\t<p style=\"text-align: center\"><a href=\"https:\/\/laplazaalmerimar.es\/\">La Plaza Almerimar<\/a><\/p>\n\t\t\t\t\t<\/div>\n\t\t\t\t\t\t\t\t<\/div>\n\t\t\t\t\t\t\t\t<\/li>\n\n\t\t\t<li\n\t\t\tclass=\"sow-features-feature sow-icon-container-position-top\"\n\t\t\tstyle=\"display: flex; flex-direction: column; width: calc(33.333% - 25px);\"\n\t\t>\n\t\t\t\n\t\t\t\t\t\t<div\t\t\t\tclass=\"sow-icon-container sow-container-round\"\n\t\t\t\tstyle=\"color: #ffffff; \"\n\t\t\t\ttitle=\"Principal\"\n\t\t\t\t\t\t\t>\n\t\t\t\t\t\t\t\t\t\t<div class=\"sow-icon-image\" style=\"background-image: url(https:\/\/turismo.elejido.es\/wp-content\/uploads\/2025\/01\/mejor-plato-principal.png); font-size: 200px\"><\/div>\n\t\t\t\t\t\t\t\t\t<\/div>\n\n\t\t\t<div class=\"textwidget\">\n\t\t\t\t\n\t\t\t\t\t\t\t\t\t<h3 class=\"sow-features-feature-title\">\n\t\t\t\t\t\tMejor Plato Principal\t\t\t\t\t<\/h3>\n\t\t\t\t\n\t\t\t\t\t\t\t\t\t<div class=\"sow-features-feature-text\">\n\t\t\t\t\t<p style=\"text-align: center\"><a href=\"https:\/\/www.facebook.com\/p\/Osteria-Italiana-Plaza-Batel-61553743435882\/?locale=es_ES\">Osteria Pizzeria Da Tot\u00f3<\/a><\/p>\n\t\t\t\t\t<\/div>\n\t\t\t\t\t\t\t\t<\/div>\n\t\t\t\t\t\t\t\t<\/li>\n\n\t\t\t<li\n\t\t\tclass=\"sow-features-feature sow-icon-container-position-top\"\n\t\t\tstyle=\"display: flex; flex-direction: column; width: calc(33.333% - 25px);\"\n\t\t>\n\t\t\t\n\t\t\t\t\t\t<div\t\t\t\tclass=\"sow-icon-container sow-container-round\"\n\t\t\t\tstyle=\"color: #ffffff; \"\n\t\t\t\ttitle=\"Postre\"\n\t\t\t\t\t\t\t>\n\t\t\t\t\t\t\t\t\t\t<div class=\"sow-icon-image\" style=\"background-image: url(https:\/\/turismo.elejido.es\/wp-content\/uploads\/2025\/01\/mejor-postre.png); font-size: 200px\"><\/div>\n\t\t\t\t\t\t\t\t\t<\/div>\n\n\t\t\t<div class=\"textwidget\">\n\t\t\t\t\n\t\t\t\t\t\t\t\t\t<h3 class=\"sow-features-feature-title\">\n\t\t\t\t\t\tMejor Postre\t\t\t\t\t<\/h3>\n\t\t\t\t\n\t\t\t\t\t\t\t\t\t<div class=\"sow-features-feature-text\">\n\t\t\t\t\t<p style=\"text-align: center\"><a href=\"https:\/\/layayaheladeria.com\/\">La Yaya Helader\u00eda<\/a><\/p>\n\t\t\t\t\t<\/div>\n\t\t\t\t\t\t\t\t<\/div>\n\t\t\t\t\t\t\t\t<\/li>\n\n\t<\/ul>\n<\/div><\/div><\/div><\/div><\/div><\/div><\/div><\/div><\/div>\n\n\n<div style=\"height:100px\" aria-hidden=\"true\" class=\"wp-block-spacer\"><\/div>\n\n\n<div id=\"pl-gb23641-69f2b77261a61\"  class=\"panel-layout wp-block-siteorigin-panels-layout-block container\" ><div id=\"pg-gb23641-69f2b77261a61-0\"  class=\"panel-grid panel-no-style\" ><div id=\"pgc-gb23641-69f2b77261a61-0-0\"  class=\"panel-grid-cell\" ><div id=\"panel-gb23641-69f2b77261a61-0-0-0\" class=\"so-panel widget widget_sow-headline panel-first-child panel-last-child\" data-index=\"0\" ><div\n\t\t\t\n\t\t\tclass=\"so-widget-sow-headline so-widget-sow-headline-default-b9133c9cd317-23641\"\n\t\t\t\n\t\t><div class=\"sow-headline-container \">\n\t\t\t\t\t\t\t<h2 class=\"sow-headline\">\n\t\t\t\t\t\tSigue el evento\t\t\t\t\t\t<\/h2>\n\t\t\t\t\t\t\t\t\t\t\t<div class=\"decoration\">\n\t\t\t\t\t\t<div class=\"decoration-inside\"><\/div>\n\t\t\t\t\t<\/div>\n\t\t\t\t\t\t\t\t\t\t\t<p class=\"sow-sub-headline\">\n\t\t\t\t\t\tNoticias, fechas y novedades\t\t\t\t\t\t<\/p>\n\t\t\t\t\t\t<\/div>\n<\/div><\/div><\/div><\/div><div id=\"pg-gb23641-69f2b77261a61-1\"  class=\"panel-grid panel-no-style\" ><div id=\"pgc-gb23641-69f2b77261a61-1-0\"  class=\"panel-grid-cell panel-grid-cell-empty\" ><div class=\" animated zoomIn duration1 eds-on-scroll panel-cell-style panel-cell-style-for-gb23641-69f2b77261a61-1-0\" ><\/div><\/div><div id=\"pgc-gb23641-69f2b77261a61-1-1\"  class=\"panel-grid-cell\" ><div class=\" animated zoomIn duration2 eds-on-scroll panel-cell-style panel-cell-style-for-gb23641-69f2b77261a61-1-1\" ><div id=\"panel-gb23641-69f2b77261a61-1-1-0\" class=\"so-panel widget widget_sow-icon panel-first-child panel-last-child\" data-index=\"1\" ><div\n\t\t\t\n\t\t\tclass=\"so-widget-sow-icon so-widget-sow-icon-default-83a044236589-23641\"\n\t\t\t\n\t\t>\n<div class=\"sow-icon-container sow-icon\">\n\t\t\t<a href=\"https:\/\/www.instagram.com\/turismoelejido\/?hl=es\" \n\t\ttarget=\"_blank\" rel=\"noopener noreferrer\"\t\t>\n\t\t\t<span class=\"sow-icon-icomoon\" data-sow-icon=\"&#xea92;\"\n\t\t \n\t\taria-hidden=\"true\"><\/span>\t\t\t<\/a>\n\t<\/div>\n<\/div><\/div><\/div><\/div><div id=\"pgc-gb23641-69f2b77261a61-1-2\"  class=\"panel-grid-cell panel-grid-cell-mobile-last\" ><div class=\" animated zoomIn duration3 eds-on-scroll panel-cell-style panel-cell-style-for-gb23641-69f2b77261a61-1-2\" ><div id=\"panel-gb23641-69f2b77261a61-1-2-0\" class=\"so-panel widget widget_sow-icon panel-first-child panel-last-child\" data-index=\"2\" ><div\n\t\t\t\n\t\t\tclass=\"so-widget-sow-icon so-widget-sow-icon-default-83a044236589-23641\"\n\t\t\t\n\t\t>\n<div class=\"sow-icon-container sow-icon\">\n\t\t\t<a href=\"https:\/\/es-es.facebook.com\/TurismoElEjido\/\" \n\t\ttarget=\"_blank\" rel=\"noopener noreferrer\"\t\t>\n\t\t\t<span class=\"sow-icon-icomoon\" data-sow-icon=\"&#xea91;\"\n\t\t \n\t\taria-hidden=\"true\"><\/span>\t\t\t<\/a>\n\t<\/div>\n<\/div><\/div><\/div><\/div><div id=\"pgc-gb23641-69f2b77261a61-1-3\"  class=\"panel-grid-cell panel-grid-cell-empty\" ><div class=\" animated zoomIn duration4 eds-on-scroll panel-cell-style panel-cell-style-for-gb23641-69f2b77261a61-1-3\" ><\/div><\/div><\/div><\/div>\n\n\n<div style=\"height:100px\" aria-hidden=\"true\" class=\"wp-block-spacer\"><\/div>\n\n\n<div id=\"pl-gb23641-69f2b7726361c\"  class=\"panel-layout wp-block-siteorigin-panels-layout-block\" ><div id=\"pg-gb23641-69f2b7726361c-0\"  class=\"panel-grid panel-no-style\" ><div id=\"pgc-gb23641-69f2b7726361c-0-0\"  class=\"panel-grid-cell\" ><div id=\"panel-gb23641-69f2b7726361c-0-0-0\" class=\"so-panel widget widget_sow-image panel-first-child panel-last-child\" data-index=\"0\" ><div\n\t\t\t\n\t\t\tclass=\"so-widget-sow-image so-widget-sow-image-default-c67d20f9f743-23641\"\n\t\t\t\n\t\t>\n<div class=\"sow-image-container\">\n\t\t<img \n\tsrc=\"https:\/\/turismo.elejido.es\/wp-content\/uploads\/2025\/10\/logo_turismo_elejido.jpg\" width=\"434\" height=\"245\" sizes=\"(max-width: 434px) 100vw, 434px\" alt=\"\" \t\tclass=\"so-widget-image\"\/>\n\t<\/div>\n\n<\/div><\/div><\/div><div id=\"pgc-gb23641-69f2b7726361c-0-1\"  class=\"panel-grid-cell panel-grid-cell-empty\" ><\/div><div id=\"pgc-gb23641-69f2b7726361c-0-2\"  class=\"panel-grid-cell\" ><div id=\"panel-gb23641-69f2b7726361c-0-2-0\" class=\"so-panel widget widget_sow-image panel-first-child panel-last-child\" data-index=\"1\" ><div\n\t\t\t\n\t\t\tclass=\"so-widget-sow-image so-widget-sow-image-default-c67d20f9f743-23641\"\n\t\t\t\n\t\t>\n<div class=\"sow-image-container\">\n\t\t<img \n\tsrc=\"https:\/\/turismo.elejido.es\/wp-content\/uploads\/2021\/07\/logo-ejido-gourmet-quality-e1625217559416.png\" width=\"300\" height=\"133\" sizes=\"(max-width: 300px) 100vw, 300px\" title=\"logo ejido gourmet quality\" alt=\"\" \t\tclass=\"so-widget-image\"\/>\n\t<\/div>\n\n<\/div><\/div><\/div><\/div><div id=\"pg-gb23641-69f2b7726361c-1\"  class=\"panel-grid panel-no-style\" ><div id=\"pgc-gb23641-69f2b7726361c-1-0\"  class=\"panel-grid-cell panel-grid-cell-empty\" ><\/div><div id=\"pgc-gb23641-69f2b7726361c-1-1\"  class=\"panel-grid-cell panel-grid-cell-mobile-last\" ><div id=\"panel-gb23641-69f2b7726361c-1-1-0\" class=\"so-panel widget widget_sow-image panel-first-child panel-last-child\" data-index=\"2\" ><div\n\t\t\t\n\t\t\tclass=\"so-widget-sow-image so-widget-sow-image-default-c67d20f9f743-23641\"\n\t\t\t\n\t\t>\n<div class=\"sow-image-container\">\n\t\t<img \n\tsrc=\"https:\/\/turismo.elejido.es\/wp-content\/uploads\/2024\/09\/rsz_logo_koppert.png\" width=\"113\" height=\"113\" sizes=\"(max-width: 113px) 100vw, 113px\" alt=\"\" \t\tclass=\"so-widget-image\"\/>\n\t<\/div>\n\n<\/div><\/div><\/div><div id=\"pgc-gb23641-69f2b7726361c-1-2\"  class=\"panel-grid-cell panel-grid-cell-empty\" ><\/div><\/div><\/div><\/div><\/div>\n\n\n\n<div style=\"height:100px\" aria-hidden=\"true\" class=\"wp-block-spacer\"><\/div>\n","protected":false},"excerpt":{"rendered":"<p>De la Naturaleza al Plato Del 14 al 23 de noviembre El viaje gastron\u00f3mico que transforma los productos de la agricultura sostenible de El Ejido en platos de autor.Participa. Prueba. Vota. Ganadores 2025 \u00bfC\u00f3mo funciona? V\u00eddeo promocional No te pierdas el v\u00eddeo con el que ganamos el premio especial de la \u00abPromoci\u00f3n del Territorio\u00bb 2024 [&hellip;]<\/p>\n","protected":false},"author":5,"featured_media":25293,"parent":0,"menu_order":0,"comment_status":"closed","ping_status":"closed","template":"","meta":{"ocean_post_layout":"","ocean_both_sidebars_style":"","ocean_both_sidebars_content_width":0,"ocean_both_sidebars_sidebars_width":0,"ocean_sidebar":"0","ocean_second_sidebar":"0","ocean_disable_margins":"enable","ocean_add_body_class":"","ocean_shortcode_before_top_bar":"","ocean_shortcode_after_top_bar":"","ocean_shortcode_before_header":"","ocean_shortcode_after_header":"","ocean_has_shortcode":"","ocean_shortcode_after_title":"","ocean_shortcode_before_footer_widgets":"","ocean_shortcode_after_footer_widgets":"","ocean_shortcode_before_footer_bottom":"","ocean_shortcode_after_footer_bottom":"","ocean_display_top_bar":"default","ocean_display_header":"default","ocean_header_style":"","ocean_center_header_left_menu":"0","ocean_custom_header_template":"0","ocean_custom_logo":0,"ocean_custom_retina_logo":0,"ocean_custom_logo_max_width":0,"ocean_custom_logo_tablet_max_width":0,"ocean_custom_logo_mobile_max_width":0,"ocean_custom_logo_max_height":0,"ocean_custom_logo_tablet_max_height":0,"ocean_custom_logo_mobile_max_height":0,"ocean_header_custom_menu":"0","ocean_menu_typo_font_family":"0","ocean_menu_typo_font_subset":"","ocean_menu_typo_font_size":0,"ocean_menu_typo_font_size_tablet":0,"ocean_menu_typo_font_size_mobile":0,"ocean_menu_typo_font_size_unit":"px","ocean_menu_typo_font_weight":"","ocean_menu_typo_font_weight_tablet":"","ocean_menu_typo_font_weight_mobile":"","ocean_menu_typo_transform":"","ocean_menu_typo_transform_tablet":"","ocean_menu_typo_transform_mobile":"","ocean_menu_typo_line_height":0,"ocean_menu_typo_line_height_tablet":0,"ocean_menu_typo_line_height_mobile":0,"ocean_menu_typo_line_height_unit":"","ocean_menu_typo_spacing":0,"ocean_menu_typo_spacing_tablet":0,"ocean_menu_typo_spacing_mobile":0,"ocean_menu_typo_spacing_unit":"","ocean_menu_link_color":"","ocean_menu_link_color_hover":"","ocean_menu_link_color_active":"","ocean_menu_link_background":"","ocean_menu_link_hover_background":"","ocean_menu_link_active_background":"","ocean_menu_social_links_bg":"","ocean_menu_social_hover_links_bg":"","ocean_menu_social_links_color":"","ocean_menu_social_hover_links_color":"","ocean_disable_title":"on","ocean_disable_heading":"default","ocean_post_title":"","ocean_post_subheading":"","ocean_post_title_style":"","ocean_post_title_background_color":"","ocean_post_title_background":0,"ocean_post_title_bg_image_position":"","ocean_post_title_bg_image_attachment":"","ocean_post_title_bg_image_repeat":"","ocean_post_title_bg_image_size":"","ocean_post_title_height":0,"ocean_post_title_bg_overlay":0.5,"ocean_post_title_bg_overlay_color":"","ocean_disable_breadcrumbs":"default","ocean_breadcrumbs_color":"","ocean_breadcrumbs_separator_color":"","ocean_breadcrumbs_links_color":"","ocean_breadcrumbs_links_hover_color":"","ocean_display_footer_widgets":"default","ocean_display_footer_bottom":"default","ocean_custom_footer_template":"0","footnotes":""},"class_list":["post-23641","page","type-page","status-publish","has-post-thumbnail","hentry","entry","has-media"],"yoast_head":"<!-- This site is optimized with the Yoast SEO plugin v27.4 - https:\/\/yoast.com\/product\/yoast-seo-wordpress\/ -->\n<title>Viaje Gastron\u00f3mico El Ejido<\/title>\n<meta name=\"description\" content=\"El viaje para comerse El Ejido: bares y restaurantes cocinan con producto local y t\u00fa eliges los mejores platos.\" \/>\n<meta name=\"robots\" content=\"index, follow, max-snippet:-1, max-image-preview:large, max-video-preview:-1\" \/>\n<link rel=\"canonical\" href=\"https:\/\/turismo.elejido.es\/index.php\/viaje-gastronomico\/\" \/>\n<meta property=\"og:locale\" content=\"es_ES\" \/>\n<meta property=\"og:type\" content=\"article\" \/>\n<meta property=\"og:title\" content=\"Viaje Gastron\u00f3mico El Ejido\" \/>\n<meta property=\"og:description\" content=\"El viaje para comerse El Ejido: bares y restaurantes cocinan con producto local y t\u00fa eliges los mejores platos.\" \/>\n<meta property=\"og:url\" content=\"https:\/\/turismo.elejido.es\/index.php\/viaje-gastronomico\/\" \/>\n<meta property=\"og:site_name\" content=\"Turismo El Ejido\" \/>\n<meta property=\"article:modified_time\" content=\"2026-04-28T07:14:23+00:00\" \/>\n<meta property=\"og:image\" content=\"https:\/\/turismo.elejido.es\/wp-content\/uploads\/2025\/10\/Delanaturalezaalplato_destacada.jpg\" \/>\n\t<meta property=\"og:image:width\" content=\"1684\" \/>\n\t<meta property=\"og:image:height\" content=\"1684\" \/>\n\t<meta property=\"og:image:type\" content=\"image\/jpeg\" \/>\n<meta name=\"twitter:card\" content=\"summary_large_image\" \/>\n<meta name=\"twitter:label1\" content=\"Tiempo de lectura\" \/>\n\t<meta name=\"twitter:data1\" content=\"12 minutos\" \/>\n<script type=\"application\/ld+json\" class=\"yoast-schema-graph\">{\"@context\":\"https:\\\/\\\/schema.org\",\"@graph\":[{\"@type\":\"WebPage\",\"@id\":\"https:\\\/\\\/turismo.elejido.es\\\/index.php\\\/viaje-gastronomico\\\/\",\"url\":\"https:\\\/\\\/turismo.elejido.es\\\/index.php\\\/viaje-gastronomico\\\/\",\"name\":\"Viaje Gastron\u00f3mico El Ejido\",\"isPartOf\":{\"@id\":\"https:\\\/\\\/turismo.elejido.es\\\/#website\"},\"primaryImageOfPage\":{\"@id\":\"https:\\\/\\\/turismo.elejido.es\\\/index.php\\\/viaje-gastronomico\\\/#primaryimage\"},\"image\":{\"@id\":\"https:\\\/\\\/turismo.elejido.es\\\/index.php\\\/viaje-gastronomico\\\/#primaryimage\"},\"thumbnailUrl\":\"https:\\\/\\\/turismo.elejido.es\\\/wp-content\\\/uploads\\\/2025\\\/10\\\/Delanaturalezaalplato_destacada.jpg\",\"datePublished\":\"2024-10-18T06:00:00+00:00\",\"dateModified\":\"2026-04-28T07:14:23+00:00\",\"description\":\"El viaje para comerse El Ejido: bares y restaurantes cocinan con producto local y t\u00fa eliges los mejores platos.\",\"breadcrumb\":{\"@id\":\"https:\\\/\\\/turismo.elejido.es\\\/index.php\\\/viaje-gastronomico\\\/#breadcrumb\"},\"inLanguage\":\"es\",\"potentialAction\":[{\"@type\":\"ReadAction\",\"target\":[\"https:\\\/\\\/turismo.elejido.es\\\/index.php\\\/viaje-gastronomico\\\/\"]}]},{\"@type\":\"ImageObject\",\"inLanguage\":\"es\",\"@id\":\"https:\\\/\\\/turismo.elejido.es\\\/index.php\\\/viaje-gastronomico\\\/#primaryimage\",\"url\":\"https:\\\/\\\/turismo.elejido.es\\\/wp-content\\\/uploads\\\/2025\\\/10\\\/Delanaturalezaalplato_destacada.jpg\",\"contentUrl\":\"https:\\\/\\\/turismo.elejido.es\\\/wp-content\\\/uploads\\\/2025\\\/10\\\/Delanaturalezaalplato_destacada.jpg\",\"width\":1684,\"height\":1684},{\"@type\":\"BreadcrumbList\",\"@id\":\"https:\\\/\\\/turismo.elejido.es\\\/index.php\\\/viaje-gastronomico\\\/#breadcrumb\",\"itemListElement\":[{\"@type\":\"ListItem\",\"position\":1,\"name\":\"Inicio\",\"item\":\"https:\\\/\\\/turismo.elejido.es\\\/\"},{\"@type\":\"ListItem\",\"position\":2,\"name\":\"Viaje Gastron\u00f3mico El Ejido\"}]},{\"@type\":\"WebSite\",\"@id\":\"https:\\\/\\\/turismo.elejido.es\\\/#website\",\"url\":\"https:\\\/\\\/turismo.elejido.es\\\/\",\"name\":\"Turismo El Ejido\",\"description\":\"Portal Oficial de Turismo del Municipio de El Ejido, Almerimar y Balerma situado en la costa de Almer\u00eda.\",\"publisher\":{\"@id\":\"https:\\\/\\\/turismo.elejido.es\\\/#organization\"},\"potentialAction\":[{\"@type\":\"SearchAction\",\"target\":{\"@type\":\"EntryPoint\",\"urlTemplate\":\"https:\\\/\\\/turismo.elejido.es\\\/?s={search_term_string}\"},\"query-input\":{\"@type\":\"PropertyValueSpecification\",\"valueRequired\":true,\"valueName\":\"search_term_string\"}}],\"inLanguage\":\"es\"},{\"@type\":\"Organization\",\"@id\":\"https:\\\/\\\/turismo.elejido.es\\\/#organization\",\"name\":\"Turismo El Ejido\",\"url\":\"https:\\\/\\\/turismo.elejido.es\\\/\",\"logo\":{\"@type\":\"ImageObject\",\"inLanguage\":\"es\",\"@id\":\"https:\\\/\\\/turismo.elejido.es\\\/#\\\/schema\\\/logo\\\/image\\\/\",\"url\":\"https:\\\/\\\/turismo.elejido.es\\\/wp-content\\\/uploads\\\/2020\\\/12\\\/elejidoNaranja.png\",\"contentUrl\":\"https:\\\/\\\/turismo.elejido.es\\\/wp-content\\\/uploads\\\/2020\\\/12\\\/elejidoNaranja.png\",\"width\":163,\"height\":92,\"caption\":\"Turismo El Ejido\"},\"image\":{\"@id\":\"https:\\\/\\\/turismo.elejido.es\\\/#\\\/schema\\\/logo\\\/image\\\/\"}}]}<\/script>\n<!-- \/ Yoast SEO plugin. -->","yoast_head_json":{"title":"Viaje Gastron\u00f3mico El Ejido","description":"El viaje para comerse El Ejido: bares y restaurantes cocinan con producto local y t\u00fa eliges los mejores platos.","robots":{"index":"index","follow":"follow","max-snippet":"max-snippet:-1","max-image-preview":"max-image-preview:large","max-video-preview":"max-video-preview:-1"},"canonical":"https:\/\/turismo.elejido.es\/index.php\/viaje-gastronomico\/","og_locale":"es_ES","og_type":"article","og_title":"Viaje Gastron\u00f3mico El Ejido","og_description":"El viaje para comerse El Ejido: bares y restaurantes cocinan con producto local y t\u00fa eliges los mejores platos.","og_url":"https:\/\/turismo.elejido.es\/index.php\/viaje-gastronomico\/","og_site_name":"Turismo El Ejido","article_modified_time":"2026-04-28T07:14:23+00:00","og_image":[{"width":1684,"height":1684,"url":"https:\/\/turismo.elejido.es\/wp-content\/uploads\/2025\/10\/Delanaturalezaalplato_destacada.jpg","type":"image\/jpeg"}],"twitter_card":"summary_large_image","twitter_misc":{"Tiempo de lectura":"12 minutos"},"schema":{"@context":"https:\/\/schema.org","@graph":[{"@type":"WebPage","@id":"https:\/\/turismo.elejido.es\/index.php\/viaje-gastronomico\/","url":"https:\/\/turismo.elejido.es\/index.php\/viaje-gastronomico\/","name":"Viaje Gastron\u00f3mico El Ejido","isPartOf":{"@id":"https:\/\/turismo.elejido.es\/#website"},"primaryImageOfPage":{"@id":"https:\/\/turismo.elejido.es\/index.php\/viaje-gastronomico\/#primaryimage"},"image":{"@id":"https:\/\/turismo.elejido.es\/index.php\/viaje-gastronomico\/#primaryimage"},"thumbnailUrl":"https:\/\/turismo.elejido.es\/wp-content\/uploads\/2025\/10\/Delanaturalezaalplato_destacada.jpg","datePublished":"2024-10-18T06:00:00+00:00","dateModified":"2026-04-28T07:14:23+00:00","description":"El viaje para comerse El Ejido: bares y restaurantes cocinan con producto local y t\u00fa eliges los mejores platos.","breadcrumb":{"@id":"https:\/\/turismo.elejido.es\/index.php\/viaje-gastronomico\/#breadcrumb"},"inLanguage":"es","potentialAction":[{"@type":"ReadAction","target":["https:\/\/turismo.elejido.es\/index.php\/viaje-gastronomico\/"]}]},{"@type":"ImageObject","inLanguage":"es","@id":"https:\/\/turismo.elejido.es\/index.php\/viaje-gastronomico\/#primaryimage","url":"https:\/\/turismo.elejido.es\/wp-content\/uploads\/2025\/10\/Delanaturalezaalplato_destacada.jpg","contentUrl":"https:\/\/turismo.elejido.es\/wp-content\/uploads\/2025\/10\/Delanaturalezaalplato_destacada.jpg","width":1684,"height":1684},{"@type":"BreadcrumbList","@id":"https:\/\/turismo.elejido.es\/index.php\/viaje-gastronomico\/#breadcrumb","itemListElement":[{"@type":"ListItem","position":1,"name":"Inicio","item":"https:\/\/turismo.elejido.es\/"},{"@type":"ListItem","position":2,"name":"Viaje Gastron\u00f3mico El Ejido"}]},{"@type":"WebSite","@id":"https:\/\/turismo.elejido.es\/#website","url":"https:\/\/turismo.elejido.es\/","name":"Turismo El Ejido","description":"Portal Oficial de Turismo del Municipio de El Ejido, Almerimar y Balerma situado en la costa de Almer\u00eda.","publisher":{"@id":"https:\/\/turismo.elejido.es\/#organization"},"potentialAction":[{"@type":"SearchAction","target":{"@type":"EntryPoint","urlTemplate":"https:\/\/turismo.elejido.es\/?s={search_term_string}"},"query-input":{"@type":"PropertyValueSpecification","valueRequired":true,"valueName":"search_term_string"}}],"inLanguage":"es"},{"@type":"Organization","@id":"https:\/\/turismo.elejido.es\/#organization","name":"Turismo El Ejido","url":"https:\/\/turismo.elejido.es\/","logo":{"@type":"ImageObject","inLanguage":"es","@id":"https:\/\/turismo.elejido.es\/#\/schema\/logo\/image\/","url":"https:\/\/turismo.elejido.es\/wp-content\/uploads\/2020\/12\/elejidoNaranja.png","contentUrl":"https:\/\/turismo.elejido.es\/wp-content\/uploads\/2020\/12\/elejidoNaranja.png","width":163,"height":92,"caption":"Turismo El Ejido"},"image":{"@id":"https:\/\/turismo.elejido.es\/#\/schema\/logo\/image\/"}}]}},"_links":{"self":[{"href":"https:\/\/turismo.elejido.es\/index.php\/wp-json\/wp\/v2\/pages\/23641","targetHints":{"allow":["GET"]}}],"collection":[{"href":"https:\/\/turismo.elejido.es\/index.php\/wp-json\/wp\/v2\/pages"}],"about":[{"href":"https:\/\/turismo.elejido.es\/index.php\/wp-json\/wp\/v2\/types\/page"}],"author":[{"embeddable":true,"href":"https:\/\/turismo.elejido.es\/index.php\/wp-json\/wp\/v2\/users\/5"}],"replies":[{"embeddable":true,"href":"https:\/\/turismo.elejido.es\/index.php\/wp-json\/wp\/v2\/comments?post=23641"}],"version-history":[{"count":2,"href":"https:\/\/turismo.elejido.es\/index.php\/wp-json\/wp\/v2\/pages\/23641\/revisions"}],"predecessor-version":[{"id":25990,"href":"https:\/\/turismo.elejido.es\/index.php\/wp-json\/wp\/v2\/pages\/23641\/revisions\/25990"}],"wp:featuredmedia":[{"embeddable":true,"href":"https:\/\/turismo.elejido.es\/index.php\/wp-json\/wp\/v2\/media\/25293"}],"wp:attachment":[{"href":"https:\/\/turismo.elejido.es\/index.php\/wp-json\/wp\/v2\/media?parent=23641"}],"curies":[{"name":"wp","href":"https:\/\/api.w.org\/{rel}","templated":true}]}}