{"id":24016,"date":"2024-09-30T12:33:21","date_gmt":"2024-09-30T10:33:21","guid":{"rendered":"https:\/\/turismo.elejido.es\/?page_id=24016"},"modified":"2025-10-24T08:59:14","modified_gmt":"2025-10-24T06:59:14","slug":"clientes-viaje-gastronomico","status":"publish","type":"page","link":"https:\/\/turismo.elejido.es\/index.php\/viaje-gastronomico\/clientes-viaje-gastronomico\/","title":{"rendered":"Clientes Viaje Gastron\u00f3mico"},"content":{"rendered":"<div class=\"wp-block-image\">\n<figure class=\"aligncenter size-full\"><img loading=\"lazy\" decoding=\"async\" width=\"1920\" height=\"1080\" src=\"https:\/\/app.elejido.es\/turismo\/wp-content\/uploads\/2025\/10\/ViajeGastronomico2025.jpg\" alt=\"\" class=\"wp-image-25219\" srcset=\"https:\/\/turismo.elejido.es\/wp-content\/uploads\/2025\/10\/ViajeGastronomico2025.jpg 1920w, https:\/\/turismo.elejido.es\/wp-content\/uploads\/2025\/10\/ViajeGastronomico2025-500x281.jpg 500w, https:\/\/turismo.elejido.es\/wp-content\/uploads\/2025\/10\/ViajeGastronomico2025-768x432.jpg 768w, https:\/\/turismo.elejido.es\/wp-content\/uploads\/2025\/10\/ViajeGastronomico2025-1536x864.jpg 1536w, https:\/\/turismo.elejido.es\/wp-content\/uploads\/2025\/10\/ViajeGastronomico2025-800x450.jpg 800w, https:\/\/turismo.elejido.es\/wp-content\/uploads\/2025\/10\/ViajeGastronomico2025-1280x720.jpg 1280w\" sizes=\"auto, (max-width: 1920px) 100vw, 1920px\" \/><\/figure>\n<\/div>\n\n\n<div style=\"height:50px\" aria-hidden=\"true\" class=\"wp-block-spacer\"><\/div>\n\n\n\n<div class=\"wp-block-group container\"><div class=\"wp-block-group__inner-container is-layout-flow wp-block-group-is-layout-flow\">\n<h2 class=\"wp-block-heading\">Clientes<\/h2>\n\n\n\n<p>Haz el viaje gastron\u00f3mico y vota los platos desde Rutappa.  <\/p>\n\n\n\n<div style=\"height:25px\" aria-hidden=\"true\" class=\"wp-block-spacer\"><\/div>\n\n\n\n<h3 class=\"wp-block-heading\">\u00a1Participa y gana!<\/h3>\n\n\n\n<p><strong>Vota al menos 2 platos<\/strong> y entra en el <strong>sorteo<\/strong> de:<\/p>\n\n\n\n<ul class=\"wp-block-list\">\n<li>Men\u00fa degustaci\u00f3n para 2 personas en el Restaurante La Costa.<\/li>\n\n\n\n<li>Bautismo de buceo para 2 personas.<\/li>\n\n\n\n<li>Circuito de spa para 2 personas. <\/li>\n<\/ul>\n\n\n\n<div style=\"height:25px\" aria-hidden=\"true\" class=\"wp-block-spacer\"><\/div>\n\n\n\n<h3 class=\"wp-block-heading\">C\u00f3mo valorar un plato<\/h3>\n\n\n\n<ol class=\"wp-block-list\">\n<li>Descarga la App Rutappa. <\/li>\n\n\n\n<li>Entra en la ruta \u00abDe la naturaleza al plato\u00bb.<\/li>\n\n\n\n<li>Elige el plato que has probado.<\/li>\n\n\n\n<li>Val\u00f3ralo del 1 al 5. <\/li>\n\n\n\n<li>Introduce el c\u00f3digo que te dar\u00e1 el local. <\/li>\n\n\n\n<li>Deja tu tel\u00e9fono si quieres entrar en el sorteo.  <\/li>\n<\/ol>\n\n\n\n<p><em>*Una votaci\u00f3n por plato. <\/em><\/p>\n\n\n\n<p><em>El tel\u00e9fono solo se usar\u00e1 para contactar en caso de premio. <\/em><\/p>\n\n\n\n<div style=\"height:50px\" aria-hidden=\"true\" class=\"wp-block-spacer\"><\/div>\n\n\n\n<div style=\"height:50px\" aria-hidden=\"true\" class=\"wp-block-spacer\"><\/div>\n\n\n<div id=\"pl-gb24016-69f2c5540e4e0\"  class=\"panel-layout\" ><div id=\"pg-gb24016-69f2c5540e4e0-0\"  class=\"panel-grid panel-no-style\" ><div id=\"pgc-gb24016-69f2c5540e4e0-0-0\"  class=\"panel-grid-cell\" ><div id=\"panel-gb24016-69f2c5540e4e0-0-0-0\" class=\"so-panel widget widget_siteorigin-panels-builder panel-first-child panel-last-child\" data-index=\"0\" ><div id=\"pl-w68f89885a9f16\"  class=\"panel-layout\" ><div id=\"pg-w68f89885a9f16-0\"  class=\"panel-grid panel-no-style\" ><div id=\"pgc-w68f89885a9f16-0-0\"  class=\"panel-grid-cell\" ><div id=\"panel-w68f89885a9f16-0-0-0\" class=\"so-panel widget widget_sow-headline panel-first-child\" data-index=\"0\" ><div\n\t\t\t\n\t\t\tclass=\"so-widget-sow-headline so-widget-sow-headline-default-9d44fe516546\"\n\t\t\t\n\t\t><div class=\"sow-headline-container \">\n\t\t\t\t\t\t\t<h2 class=\"sow-headline\">\n\t\t\t\t\t\tDescarga la App Rutappa\t\t\t\t\t\t<\/h2>\n\t\t\t\t\t\t\t\t\t\t\t<div class=\"decoration\">\n\t\t\t\t\t\t<div class=\"decoration-inside\"><\/div>\n\t\t\t\t\t<\/div>\n\t\t\t\t\t\t\t\t\t\t\t<p class=\"sow-sub-headline\">\n\t\t\t\t\t\tEscanea el c\u00f3digo QR en los locales para descargarla al momento.\t\t\t\t\t\t<\/p>\n\t\t\t\t\t\t<\/div>\n<\/div><\/div><div id=\"panel-w68f89885a9f16-0-0-1\" class=\"so-panel widget widget_sow-image\" data-index=\"1\" ><div\n\t\t\t\n\t\t\tclass=\"so-widget-sow-image so-widget-sow-image-default-c67d20f9f743\"\n\t\t\t\n\t\t>\n<div class=\"sow-image-container\">\n\t\t<img \n\tsrc=\"https:\/\/turismo.elejido.es\/wp-content\/uploads\/2024\/10\/rsz_1rsz_1bibi_rutappa-150x150.png\" width=\"150\" height=\"150\" srcset=\"https:\/\/turismo.elejido.es\/wp-content\/uploads\/2024\/10\/rsz_1rsz_1bibi_rutappa-150x150.png 150w, https:\/\/turismo.elejido.es\/wp-content\/uploads\/2024\/10\/rsz_1rsz_1bibi_rutappa-300x300.png 300w, https:\/\/turismo.elejido.es\/wp-content\/uploads\/2024\/10\/rsz_1rsz_1bibi_rutappa.png 410w\" sizes=\"(max-width: 150px) 100vw, 150px\" alt=\"\" \t\tclass=\"so-widget-image\"\/>\n\t<\/div>\n\n<\/div><\/div><div id=\"panel-w68f89885a9f16-0-0-2\" class=\"so-panel widget widget_sow-image panel-last-child\" data-index=\"2\" ><div\n\t\t\t\n\t\t\tclass=\"so-widget-sow-image so-widget-sow-image-default-c67d20f9f743\"\n\t\t\t\n\t\t>\n<div class=\"sow-image-container\">\n\t\t<img \n\tsrc=\"https:\/\/turismo.elejido.es\/wp-content\/uploads\/2024\/10\/LOGOS_APPLE_Y_GOOGLE-1-150x150.png\" width=\"150\" height=\"150\" sizes=\"(max-width: 150px) 100vw, 150px\" title=\"LOGOS_APPLE_Y_GOOGLE\" alt=\"\" \t\tclass=\"so-widget-image\"\/>\n\t<\/div>\n\n<\/div><\/div><\/div><div id=\"pgc-w68f89885a9f16-0-1\"  class=\"panel-grid-cell\" ><div id=\"panel-w68f89885a9f16-0-1-0\" class=\"so-panel widget widget_sow-image panel-first-child panel-last-child\" data-index=\"3\" ><div\n\t\t\t\n\t\t\tclass=\"so-widget-sow-image so-widget-sow-image-default-e4c2d9f6c920\"\n\t\t\t\n\t\t>\n<div class=\"sow-image-container\">\n\t\t<img \n\tsrc=\"https:\/\/turismo.elejido.es\/wp-content\/uploads\/2024\/10\/IMAGEN_RUTAPPA.jpg\" width=\"1500\" height=\"1500\" srcset=\"https:\/\/turismo.elejido.es\/wp-content\/uploads\/2024\/10\/IMAGEN_RUTAPPA.jpg 1500w, https:\/\/turismo.elejido.es\/wp-content\/uploads\/2024\/10\/IMAGEN_RUTAPPA-500x500.jpg 500w, https:\/\/turismo.elejido.es\/wp-content\/uploads\/2024\/10\/IMAGEN_RUTAPPA-1080x1080.jpg 1080w, https:\/\/turismo.elejido.es\/wp-content\/uploads\/2024\/10\/IMAGEN_RUTAPPA-150x150.jpg 150w, https:\/\/turismo.elejido.es\/wp-content\/uploads\/2024\/10\/IMAGEN_RUTAPPA-768x768.jpg 768w, https:\/\/turismo.elejido.es\/wp-content\/uploads\/2024\/10\/IMAGEN_RUTAPPA-300x300.jpg 300w, https:\/\/turismo.elejido.es\/wp-content\/uploads\/2024\/10\/IMAGEN_RUTAPPA-800x800.jpg 800w, https:\/\/turismo.elejido.es\/wp-content\/uploads\/2024\/10\/IMAGEN_RUTAPPA-1280x1280.jpg 1280w, https:\/\/turismo.elejido.es\/wp-content\/uploads\/2024\/10\/IMAGEN_RUTAPPA-600x600.jpg 600w\" sizes=\"(max-width: 1500px) 100vw, 1500px\" alt=\"\" \t\tclass=\"so-widget-image\"\/>\n\t<\/div>\n\n<\/div><\/div><\/div><\/div><\/div><\/div><\/div><\/div><\/div>\n\n\n<div style=\"height:50px\" aria-hidden=\"true\" class=\"wp-block-spacer\"><\/div>\n\n\n\n<div style=\"height:0px\" aria-hidden=\"true\" class=\"wp-block-spacer\"><\/div>\n\n\n\n<div style=\"height:100px\" aria-hidden=\"true\" class=\"wp-block-spacer\"><\/div>\n<\/div><\/div>\n","protected":false},"excerpt":{"rendered":"<p>Clientes Haz el viaje gastron\u00f3mico y vota los platos desde Rutappa. \u00a1Participa y gana! Vota al menos 2 platos y entra en el sorteo de: C\u00f3mo valorar un plato *Una votaci\u00f3n por plato. El tel\u00e9fono solo se usar\u00e1 para contactar en caso de premio.<\/p>\n","protected":false},"author":5,"featured_media":25293,"parent":23641,"menu_order":0,"comment_status":"closed","ping_status":"closed","template":"","meta":{"ocean_post_layout":"","ocean_both_sidebars_style":"","ocean_both_sidebars_content_width":0,"ocean_both_sidebars_sidebars_width":0,"ocean_sidebar":"0","ocean_second_sidebar":"0","ocean_disable_margins":"enable","ocean_add_body_class":"","ocean_shortcode_before_top_bar":"","ocean_shortcode_after_top_bar":"","ocean_shortcode_before_header":"","ocean_shortcode_after_header":"","ocean_has_shortcode":"","ocean_shortcode_after_title":"","ocean_shortcode_before_footer_widgets":"","ocean_shortcode_after_footer_widgets":"","ocean_shortcode_before_footer_bottom":"","ocean_shortcode_after_footer_bottom":"","ocean_display_top_bar":"default","ocean_display_header":"default","ocean_header_style":"","ocean_center_header_left_menu":"0","ocean_custom_header_template":"0","ocean_custom_logo":0,"ocean_custom_retina_logo":0,"ocean_custom_logo_max_width":0,"ocean_custom_logo_tablet_max_width":0,"ocean_custom_logo_mobile_max_width":0,"ocean_custom_logo_max_height":0,"ocean_custom_logo_tablet_max_height":0,"ocean_custom_logo_mobile_max_height":0,"ocean_header_custom_menu":"0","ocean_menu_typo_font_family":"0","ocean_menu_typo_font_subset":"","ocean_menu_typo_font_size":0,"ocean_menu_typo_font_size_tablet":0,"ocean_menu_typo_font_size_mobile":0,"ocean_menu_typo_font_size_unit":"px","ocean_menu_typo_font_weight":"","ocean_menu_typo_font_weight_tablet":"","ocean_menu_typo_font_weight_mobile":"","ocean_menu_typo_transform":"","ocean_menu_typo_transform_tablet":"","ocean_menu_typo_transform_mobile":"","ocean_menu_typo_line_height":0,"ocean_menu_typo_line_height_tablet":0,"ocean_menu_typo_line_height_mobile":0,"ocean_menu_typo_line_height_unit":"","ocean_menu_typo_spacing":0,"ocean_menu_typo_spacing_tablet":0,"ocean_menu_typo_spacing_mobile":0,"ocean_menu_typo_spacing_unit":"","ocean_menu_link_color":"","ocean_menu_link_color_hover":"","ocean_menu_link_color_active":"","ocean_menu_link_background":"","ocean_menu_link_hover_background":"","ocean_menu_link_active_background":"","ocean_menu_social_links_bg":"","ocean_menu_social_hover_links_bg":"","ocean_menu_social_links_color":"","ocean_menu_social_hover_links_color":"","ocean_disable_title":"on","ocean_disable_heading":"default","ocean_post_title":"","ocean_post_subheading":"","ocean_post_title_style":"","ocean_post_title_background_color":"","ocean_post_title_background":0,"ocean_post_title_bg_image_position":"","ocean_post_title_bg_image_attachment":"","ocean_post_title_bg_image_repeat":"","ocean_post_title_bg_image_size":"","ocean_post_title_height":0,"ocean_post_title_bg_overlay":0.5,"ocean_post_title_bg_overlay_color":"","ocean_disable_breadcrumbs":"default","ocean_breadcrumbs_color":"","ocean_breadcrumbs_separator_color":"","ocean_breadcrumbs_links_color":"","ocean_breadcrumbs_links_hover_color":"","ocean_display_footer_widgets":"default","ocean_display_footer_bottom":"default","ocean_custom_footer_template":"0","footnotes":""},"class_list":["post-24016","page","type-page","status-publish","has-post-thumbnail","hentry","entry","has-media"],"yoast_head":"<!-- This site is optimized with the Yoast SEO plugin v27.4 - https:\/\/yoast.com\/product\/yoast-seo-wordpress\/ -->\n<title>Clientes Viaje Gastron\u00f3mico<\/title>\n<meta name=\"description\" content=\"Haz el viaje gastron\u00f3mico &quot;De la naturaleza al plato&quot;, vota tus platos favoritos y entra en el sorteo de premios.\" \/>\n<meta name=\"robots\" content=\"index, follow, max-snippet:-1, max-image-preview:large, max-video-preview:-1\" \/>\n<link rel=\"canonical\" href=\"https:\/\/turismo.elejido.es\/index.php\/viaje-gastronomico\/clientes-viaje-gastronomico\/\" \/>\n<meta property=\"og:locale\" content=\"es_ES\" \/>\n<meta property=\"og:type\" content=\"article\" \/>\n<meta property=\"og:title\" content=\"Clientes Viaje Gastron\u00f3mico\" \/>\n<meta property=\"og:description\" content=\"Haz el viaje gastron\u00f3mico &quot;De la naturaleza al plato&quot;, vota tus platos favoritos y entra en el sorteo de premios.\" \/>\n<meta property=\"og:url\" content=\"https:\/\/turismo.elejido.es\/index.php\/viaje-gastronomico\/clientes-viaje-gastronomico\/\" \/>\n<meta property=\"og:site_name\" content=\"Turismo El Ejido\" \/>\n<meta property=\"article:modified_time\" content=\"2025-10-24T06:59:14+00:00\" \/>\n<meta property=\"og:image\" content=\"https:\/\/turismo.elejido.es\/wp-content\/uploads\/2025\/10\/Delanaturalezaalplato_destacada.jpg\" \/>\n\t<meta property=\"og:image:width\" content=\"1684\" \/>\n\t<meta property=\"og:image:height\" content=\"1684\" \/>\n\t<meta property=\"og:image:type\" content=\"image\/jpeg\" \/>\n<meta name=\"twitter:card\" content=\"summary_large_image\" \/>\n<meta name=\"twitter:label1\" content=\"Tiempo de lectura\" \/>\n\t<meta name=\"twitter:data1\" content=\"3 minutos\" \/>\n<script type=\"application\/ld+json\" class=\"yoast-schema-graph\">{\"@context\":\"https:\\\/\\\/schema.org\",\"@graph\":[{\"@type\":\"WebPage\",\"@id\":\"https:\\\/\\\/turismo.elejido.es\\\/index.php\\\/viaje-gastronomico\\\/clientes-viaje-gastronomico\\\/\",\"url\":\"https:\\\/\\\/turismo.elejido.es\\\/index.php\\\/viaje-gastronomico\\\/clientes-viaje-gastronomico\\\/\",\"name\":\"Clientes Viaje Gastron\u00f3mico\",\"isPartOf\":{\"@id\":\"https:\\\/\\\/turismo.elejido.es\\\/#website\"},\"primaryImageOfPage\":{\"@id\":\"https:\\\/\\\/turismo.elejido.es\\\/index.php\\\/viaje-gastronomico\\\/clientes-viaje-gastronomico\\\/#primaryimage\"},\"image\":{\"@id\":\"https:\\\/\\\/turismo.elejido.es\\\/index.php\\\/viaje-gastronomico\\\/clientes-viaje-gastronomico\\\/#primaryimage\"},\"thumbnailUrl\":\"https:\\\/\\\/turismo.elejido.es\\\/wp-content\\\/uploads\\\/2025\\\/10\\\/Delanaturalezaalplato_destacada.jpg\",\"datePublished\":\"2024-09-30T10:33:21+00:00\",\"dateModified\":\"2025-10-24T06:59:14+00:00\",\"description\":\"Haz el viaje gastron\u00f3mico \\\"De la naturaleza al plato\\\", vota tus platos favoritos y entra en el sorteo de premios.\",\"breadcrumb\":{\"@id\":\"https:\\\/\\\/turismo.elejido.es\\\/index.php\\\/viaje-gastronomico\\\/clientes-viaje-gastronomico\\\/#breadcrumb\"},\"inLanguage\":\"es\",\"potentialAction\":[{\"@type\":\"ReadAction\",\"target\":[\"https:\\\/\\\/turismo.elejido.es\\\/index.php\\\/viaje-gastronomico\\\/clientes-viaje-gastronomico\\\/\"]}]},{\"@type\":\"ImageObject\",\"inLanguage\":\"es\",\"@id\":\"https:\\\/\\\/turismo.elejido.es\\\/index.php\\\/viaje-gastronomico\\\/clientes-viaje-gastronomico\\\/#primaryimage\",\"url\":\"https:\\\/\\\/turismo.elejido.es\\\/wp-content\\\/uploads\\\/2025\\\/10\\\/Delanaturalezaalplato_destacada.jpg\",\"contentUrl\":\"https:\\\/\\\/turismo.elejido.es\\\/wp-content\\\/uploads\\\/2025\\\/10\\\/Delanaturalezaalplato_destacada.jpg\",\"width\":1684,\"height\":1684},{\"@type\":\"BreadcrumbList\",\"@id\":\"https:\\\/\\\/turismo.elejido.es\\\/index.php\\\/viaje-gastronomico\\\/clientes-viaje-gastronomico\\\/#breadcrumb\",\"itemListElement\":[{\"@type\":\"ListItem\",\"position\":1,\"name\":\"Inicio\",\"item\":\"https:\\\/\\\/turismo.elejido.es\\\/\"},{\"@type\":\"ListItem\",\"position\":2,\"name\":\"Viaje Gastron\u00f3mico El Ejido\",\"item\":\"https:\\\/\\\/turismo.elejido.es\\\/index.php\\\/viaje-gastronomico\\\/\"},{\"@type\":\"ListItem\",\"position\":3,\"name\":\"Clientes Viaje Gastron\u00f3mico\"}]},{\"@type\":\"WebSite\",\"@id\":\"https:\\\/\\\/turismo.elejido.es\\\/#website\",\"url\":\"https:\\\/\\\/turismo.elejido.es\\\/\",\"name\":\"Turismo El Ejido\",\"description\":\"Portal Oficial de Turismo del Municipio de El Ejido, Almerimar y Balerma situado en la costa de Almer\u00eda.\",\"publisher\":{\"@id\":\"https:\\\/\\\/turismo.elejido.es\\\/#organization\"},\"potentialAction\":[{\"@type\":\"SearchAction\",\"target\":{\"@type\":\"EntryPoint\",\"urlTemplate\":\"https:\\\/\\\/turismo.elejido.es\\\/?s={search_term_string}\"},\"query-input\":{\"@type\":\"PropertyValueSpecification\",\"valueRequired\":true,\"valueName\":\"search_term_string\"}}],\"inLanguage\":\"es\"},{\"@type\":\"Organization\",\"@id\":\"https:\\\/\\\/turismo.elejido.es\\\/#organization\",\"name\":\"Turismo El Ejido\",\"url\":\"https:\\\/\\\/turismo.elejido.es\\\/\",\"logo\":{\"@type\":\"ImageObject\",\"inLanguage\":\"es\",\"@id\":\"https:\\\/\\\/turismo.elejido.es\\\/#\\\/schema\\\/logo\\\/image\\\/\",\"url\":\"https:\\\/\\\/turismo.elejido.es\\\/wp-content\\\/uploads\\\/2020\\\/12\\\/elejidoNaranja.png\",\"contentUrl\":\"https:\\\/\\\/turismo.elejido.es\\\/wp-content\\\/uploads\\\/2020\\\/12\\\/elejidoNaranja.png\",\"width\":163,\"height\":92,\"caption\":\"Turismo El Ejido\"},\"image\":{\"@id\":\"https:\\\/\\\/turismo.elejido.es\\\/#\\\/schema\\\/logo\\\/image\\\/\"}}]}<\/script>\n<!-- \/ Yoast SEO plugin. -->","yoast_head_json":{"title":"Clientes Viaje Gastron\u00f3mico","description":"Haz el viaje gastron\u00f3mico \"De la naturaleza al plato\", vota tus platos favoritos y entra en el sorteo de premios.","robots":{"index":"index","follow":"follow","max-snippet":"max-snippet:-1","max-image-preview":"max-image-preview:large","max-video-preview":"max-video-preview:-1"},"canonical":"https:\/\/turismo.elejido.es\/index.php\/viaje-gastronomico\/clientes-viaje-gastronomico\/","og_locale":"es_ES","og_type":"article","og_title":"Clientes Viaje Gastron\u00f3mico","og_description":"Haz el viaje gastron\u00f3mico \"De la naturaleza al plato\", vota tus platos favoritos y entra en el sorteo de premios.","og_url":"https:\/\/turismo.elejido.es\/index.php\/viaje-gastronomico\/clientes-viaje-gastronomico\/","og_site_name":"Turismo El Ejido","article_modified_time":"2025-10-24T06:59:14+00:00","og_image":[{"width":1684,"height":1684,"url":"https:\/\/turismo.elejido.es\/wp-content\/uploads\/2025\/10\/Delanaturalezaalplato_destacada.jpg","type":"image\/jpeg"}],"twitter_card":"summary_large_image","twitter_misc":{"Tiempo de lectura":"3 minutos"},"schema":{"@context":"https:\/\/schema.org","@graph":[{"@type":"WebPage","@id":"https:\/\/turismo.elejido.es\/index.php\/viaje-gastronomico\/clientes-viaje-gastronomico\/","url":"https:\/\/turismo.elejido.es\/index.php\/viaje-gastronomico\/clientes-viaje-gastronomico\/","name":"Clientes Viaje Gastron\u00f3mico","isPartOf":{"@id":"https:\/\/turismo.elejido.es\/#website"},"primaryImageOfPage":{"@id":"https:\/\/turismo.elejido.es\/index.php\/viaje-gastronomico\/clientes-viaje-gastronomico\/#primaryimage"},"image":{"@id":"https:\/\/turismo.elejido.es\/index.php\/viaje-gastronomico\/clientes-viaje-gastronomico\/#primaryimage"},"thumbnailUrl":"https:\/\/turismo.elejido.es\/wp-content\/uploads\/2025\/10\/Delanaturalezaalplato_destacada.jpg","datePublished":"2024-09-30T10:33:21+00:00","dateModified":"2025-10-24T06:59:14+00:00","description":"Haz el viaje gastron\u00f3mico \"De la naturaleza al plato\", vota tus platos favoritos y entra en el sorteo de premios.","breadcrumb":{"@id":"https:\/\/turismo.elejido.es\/index.php\/viaje-gastronomico\/clientes-viaje-gastronomico\/#breadcrumb"},"inLanguage":"es","potentialAction":[{"@type":"ReadAction","target":["https:\/\/turismo.elejido.es\/index.php\/viaje-gastronomico\/clientes-viaje-gastronomico\/"]}]},{"@type":"ImageObject","inLanguage":"es","@id":"https:\/\/turismo.elejido.es\/index.php\/viaje-gastronomico\/clientes-viaje-gastronomico\/#primaryimage","url":"https:\/\/turismo.elejido.es\/wp-content\/uploads\/2025\/10\/Delanaturalezaalplato_destacada.jpg","contentUrl":"https:\/\/turismo.elejido.es\/wp-content\/uploads\/2025\/10\/Delanaturalezaalplato_destacada.jpg","width":1684,"height":1684},{"@type":"BreadcrumbList","@id":"https:\/\/turismo.elejido.es\/index.php\/viaje-gastronomico\/clientes-viaje-gastronomico\/#breadcrumb","itemListElement":[{"@type":"ListItem","position":1,"name":"Inicio","item":"https:\/\/turismo.elejido.es\/"},{"@type":"ListItem","position":2,"name":"Viaje Gastron\u00f3mico El Ejido","item":"https:\/\/turismo.elejido.es\/index.php\/viaje-gastronomico\/"},{"@type":"ListItem","position":3,"name":"Clientes Viaje Gastron\u00f3mico"}]},{"@type":"WebSite","@id":"https:\/\/turismo.elejido.es\/#website","url":"https:\/\/turismo.elejido.es\/","name":"Turismo El Ejido","description":"Portal Oficial de Turismo del Municipio de El Ejido, Almerimar y Balerma situado en la costa de Almer\u00eda.","publisher":{"@id":"https:\/\/turismo.elejido.es\/#organization"},"potentialAction":[{"@type":"SearchAction","target":{"@type":"EntryPoint","urlTemplate":"https:\/\/turismo.elejido.es\/?s={search_term_string}"},"query-input":{"@type":"PropertyValueSpecification","valueRequired":true,"valueName":"search_term_string"}}],"inLanguage":"es"},{"@type":"Organization","@id":"https:\/\/turismo.elejido.es\/#organization","name":"Turismo El Ejido","url":"https:\/\/turismo.elejido.es\/","logo":{"@type":"ImageObject","inLanguage":"es","@id":"https:\/\/turismo.elejido.es\/#\/schema\/logo\/image\/","url":"https:\/\/turismo.elejido.es\/wp-content\/uploads\/2020\/12\/elejidoNaranja.png","contentUrl":"https:\/\/turismo.elejido.es\/wp-content\/uploads\/2020\/12\/elejidoNaranja.png","width":163,"height":92,"caption":"Turismo El Ejido"},"image":{"@id":"https:\/\/turismo.elejido.es\/#\/schema\/logo\/image\/"}}]}},"_links":{"self":[{"href":"https:\/\/turismo.elejido.es\/index.php\/wp-json\/wp\/v2\/pages\/24016","targetHints":{"allow":["GET"]}}],"collection":[{"href":"https:\/\/turismo.elejido.es\/index.php\/wp-json\/wp\/v2\/pages"}],"about":[{"href":"https:\/\/turismo.elejido.es\/index.php\/wp-json\/wp\/v2\/types\/page"}],"author":[{"embeddable":true,"href":"https:\/\/turismo.elejido.es\/index.php\/wp-json\/wp\/v2\/users\/5"}],"replies":[{"embeddable":true,"href":"https:\/\/turismo.elejido.es\/index.php\/wp-json\/wp\/v2\/comments?post=24016"}],"version-history":[{"count":0,"href":"https:\/\/turismo.elejido.es\/index.php\/wp-json\/wp\/v2\/pages\/24016\/revisions"}],"up":[{"embeddable":true,"href":"https:\/\/turismo.elejido.es\/index.php\/wp-json\/wp\/v2\/pages\/23641"}],"wp:featuredmedia":[{"embeddable":true,"href":"https:\/\/turismo.elejido.es\/index.php\/wp-json\/wp\/v2\/media\/25293"}],"wp:attachment":[{"href":"https:\/\/turismo.elejido.es\/index.php\/wp-json\/wp\/v2\/media?parent=24016"}],"curies":[{"name":"wp","href":"https:\/\/api.w.org\/{rel}","templated":true}]}}