{"id":691,"date":"2020-12-03T13:59:28","date_gmt":"2020-12-03T13:59:28","guid":{"rendered":"http:\/\/localhost\/wordpress\/?page_id=691"},"modified":"2021-10-07T11:47:14","modified_gmt":"2021-10-07T09:47:14","slug":"inicio","status":"publish","type":"page","link":"https:\/\/turismo.elejido.es\/index.php\/inicio\/","title":{"rendered":"Portal de turismo de El Ejido (Inicio original)"},"content":{"rendered":"\n<div class=\"wp-block-nk-awb nk-awb alturaSliderPrincipal cajaTituloPrincipal\"><div class=\"nk-awb-wrap\" data-awb-type=\"video\" data-awb-video=\"mp4:https:\/\/app.elejido.es\/turismo\/wp-content\/uploads\/2021\/04\/PORTADA-TURISMO-EL-EJIDO.mp4\" data-awb-video-mobile=\"true\"><div class=\"nk-awb-overlay\" style=\"background-color: rgba(0, 0, 0, 0.3);\"><\/div><div class=\"nk-awb-inner is-layout-constrained wp-block-nk-awb-is-layout-constrained\"><\/div><\/div>\n<div class=\"contenedorTitulo\">\n    <div class=\"cajaTitulo\">\n        <h1 class=\"title1\">\n            <span class=\"spanTitulo\" style=\"color: #ffaf26;\">Hola:)<\/span>\n        <\/h1>\n        <h2 class=\"title2\">\n            <span class=\"spanTitulo\">Ven<\/span>\n            <span class=\"spanTitulo\" style=\"color: #ffaf26;\">a disfrutar<\/span>\n        <\/h2>\n        <h3 class=\"title3\">\n            <span class=\"spanTitulo\">D\u00e9jate<\/span>\n            <span class=\"spanTitulo\" style=\"color: #ffaf26;\">sorprender<\/span>\n        <\/h3>\n        <h4 class=\"title4\">\n            <span class=\"spanTitulo\">El Ejido<\/span>\n            <span class=\"spanTitulo\" style=\"color: #ffaf26;\">te espera<\/span>\n        <\/h4>\n    <\/div>\n<\/div>\n<\/div>\n\n\n\n<div style=\"height:100px\" aria-hidden=\"true\" class=\"wp-block-spacer\"><\/div>\n\n\n\n<h2 class=\"has-text-align-center animated zoomIn duration1 eds-on-scroll wp-block-heading\">Descubre nuestro destino<\/h2>\n\n\n\n<hr class=\"wp-block-separator has-text-color has-background animated slideInLeft duration2 eds-on-scroll\" style=\"background-color:#ffaf26;color:#ffaf26\"\/>\n\n\n\n<div style=\"height:25px\" aria-hidden=\"true\" class=\"wp-block-spacer\"><\/div>\n\n\n\n<div class=\"wp-block-group container carrouselPlaya animated zoomIn duration1 eds-on-scroll\"><div class=\"wp-block-group__inner-container is-layout-flow wp-block-group-is-layout-flow\"><div\n\t\t\t\n\t\t\tclass=\"so-widget-lsow-carousel so-widget-lsow-carousel-default-3dd089290af6\"\n\t\t\t\n\t\t><div id=\"lsow-carousel-lsow-carousel-1\" class=\"lsow-carousel lsow-container\" data-settings='{&quot;arrows&quot;:true,&quot;dots&quot;:false,&quot;autoplay&quot;:false,&quot;autoplay_speed&quot;:3000,&quot;animation_speed&quot;:300,&quot;pause_on_hover&quot;:true,&quot;display_columns&quot;:4,&quot;scroll_columns&quot;:3,&quot;gutter&quot;:10,&quot;so_field_container_state&quot;:&quot;open&quot;,&quot;tablet_width&quot;:800,&quot;tablet_display_columns&quot;:2,&quot;tablet_scroll_columns&quot;:1,&quot;mobile_width&quot;:480,&quot;mobile_display_columns&quot;:1,&quot;mobile_scroll_columns&quot;:1}'><div class=\"lsow-carousel-item\"><a href=\"https:\/\/app.elejido.es\/turismo\/?page_id=1165\">\n<div class=\"tarjeta\">\n<div class=\"imagenTarjeta fondo1\"><\/div>\n<div class=\"infoTarjeta\">\n<h3 class=\"entry-title\"><i class=\"fas fa-search\"><\/i> \u00bfQu\u00e9 ver?<\/h3>\n<\/div>\n<\/div>\n<\/a><\/div><!-- .lsow-carousel-item --><div class=\"lsow-carousel-item\"><a href=\"https:\/\/app.elejido.es\/turismo\/?page_id=1176\">\n<div class=\"tarjeta\">\n<div class=\"imagenTarjeta fondo2\"><\/div>\n<div class=\"infoTarjeta\">\n<h3 class=\"entry-title\"><i class=\"fas fa-hiking\"><\/i> Actividades<\/h3>\n<\/div>\n<\/div>\n<\/a><\/div><!-- .lsow-carousel-item --><div class=\"lsow-carousel-item\"><a href=\"https:\/\/app.elejido.es\/turismo\/?page_id=1170\">\n<div class=\"tarjeta\">\n<div class=\"imagenTarjeta fondo3\"><\/div>\n<div class=\"infoTarjeta\">\n<h3 class=\"entry-title\"><i class=\"fas fa-umbrella-beach\"><\/i> Playas<\/h3>\n<\/div>\n<\/div>\n<\/a><\/div><!-- .lsow-carousel-item --><div class=\"lsow-carousel-item\"><a href=\"https:\/\/app.elejido.es\/turismo\/?page_id=1180\">\n<div class=\"tarjeta\">\n<div class=\"imagenTarjeta fondo4\"><\/div>\n<div class=\"infoTarjeta\">\n<h3 class=\"entry-title\"><i class=\"fas fa-theater-masks\"><\/i> Eventos<\/h3>\n<\/div>\n<\/div>\n<\/a><\/div><!-- .lsow-carousel-item --><\/div><!-- .lsow-carousel --><\/div><\/div><\/div>\n\n\n\n<div style=\"height:100px\" aria-hidden=\"true\" class=\"wp-block-spacer\"><\/div>\n\n\n\n<div class=\"wp-block-nk-awb nk-awb nk-awb-fullheight nk-awb-content-valign-center\"><div class=\"nk-awb-wrap\" data-awb-type=\"image\" data-awb-image-background-size=\"cover\" data-awb-image-background-position=\"48% 51%\" data-awb-parallax=\"scroll\" data-awb-parallax-speed=\"0.5\" data-awb-parallax-mobile=\"false\"><div class=\"nk-awb-inner\"><img loading=\"lazy\" decoding=\"async\" src=\"https:\/\/app.elejido.es\/turismo\/wp-content\/uploads\/2021\/06\/Jardin-Botanico-La-Almuyna-del-Sur-Balerma-1920x1080.jpg\" class=\"wp-image-13880 jarallax-img is-layout-constrained wp-block-nk-awb-is-layout-constrained\" width=\"1200\" height=\"675\" \/><\/div><\/div>\n<div class=\"wp-block-group animated zoomIn duration1 eds-on-scroll lineaFuera\"><div class=\"wp-block-group__inner-container is-layout-flow wp-block-group-is-layout-flow\"><div id=\"pl-gb691-69f281f83a221\"  class=\"panel-layout cajaParallaxPortada\" ><div id=\"pg-gb691-69f281f83a221-0\"  class=\"panel-grid panel-no-style\" ><div id=\"pgc-gb691-69f281f83a221-0-0\"  class=\"panel-grid-cell\" ><div id=\"panel-gb691-69f281f83a221-0-0-0\" class=\"so-panel widget widget_sow-headline panel-first-child\" data-index=\"0\" ><div\n\t\t\t\n\t\t\tclass=\"so-widget-sow-headline so-widget-sow-headline-default-771b70f7f01f-691\"\n\t\t\t\n\t\t><div class=\"sow-headline-container \">\n\t\t\t\t\t\t\t<h2 class=\"sow-headline\">\n\t\t\t\t\t\t La Almunya del Sur\t\t\t\t\t\t<\/h2>\n\t\t\t\t\t\t<\/div>\n<\/div><\/div><div id=\"panel-gb691-69f281f83a221-0-0-1\" class=\"so-panel widget widget_text\" data-index=\"1\" >\t\t\t<div class=\"textwidget\"><p>Esta semana te invitamos a descubrir un peque\u00f1o oasis escondido, perfecto para respirar naturaleza y tranquilidad. Visita el Jard\u00edn Bot\u00e1nico La Almunya del Sur y conoce un lugar fascinante, lleno de vida. Dependiendo de la \u00e9poca del a\u00f1o, encontrar\u00e1s un jard\u00edn totalmente diferente.<\/p>\n<\/div>\n\t\t<\/div><div id=\"panel-gb691-69f281f83a221-0-0-2\" class=\"so-panel widget widget_sow-button panel-last-child\" data-index=\"2\" ><div class=\"panel-widget-style panel-widget-style-for-gb691-69f281f83a221-0-0-2\" ><div\n\t\t\t\n\t\t\tclass=\"so-widget-sow-button so-widget-sow-button-flat-4ef1eb16886f-691\"\n\t\t\t\n\t\t><div class=\"ow-button-base ow-button-align-center\"\n>\n\t\t\t<a\n\t\t\t\t\thref=\"https:\/\/app.elejido.es\/turismo\/?p=6824\"\n\t\t\t\t\tclass=\"sowb-button ow-icon-placement-right ow-button-hover\" target=\"_blank\" rel=\"noopener noreferrer\" \t>\n\t\t<span>\n\t\t\t<span class=\"sow-icon-ionicons\" data-sow-icon=\"&#xf363;\"\n\t\tstyle=\"\" \n\t\taria-hidden=\"true\"><\/span>\n\t\t\tM\u00e1s informaci\u00f3n sobre la actividad\t\t<\/span>\n\t\t\t<\/a>\n\t<\/div>\n<\/div><\/div><\/div><\/div><\/div><\/div><\/div><\/div>\n<\/div>\n\n\n\n<div style=\"height:100px\" aria-hidden=\"true\" class=\"wp-block-spacer\"><\/div>\n\n\n\n<div class=\"wp-block-group bloqueRecomendados container\"><div class=\"wp-block-group__inner-container is-layout-flow wp-block-group-is-layout-flow\">\n<div class=\"wp-block-group cuadroRecomendados animated rotateInUpLeft duration1 eds-on-scroll\"><div class=\"wp-block-group__inner-container is-layout-flow wp-block-group-is-layout-flow\">\n<h2 class=\"wp-block-heading\"><em>\u00bfQu\u00e9 te apetece hacer?<\/em><\/h2>\n<\/div><\/div>\n\n\n\n<div class=\"wp-block-group carrouselRecomendados\"><div class=\"wp-block-group__inner-container is-layout-flow wp-block-group-is-layout-flow\">\n<h2 class=\"has-text-align-center animated zoomIn delay1 duration2 eds-on-scroll has-black-color has-text-color wp-block-heading\">No te puedes perder<\/h2>\n\n\n\n<hr class=\"wp-block-separator has-text-color has-background animated slideInLeft duration2 eds-on-scroll\" style=\"background-color:#ffaf26;color:#ffaf26\"\/>\n\n\n\n<div style=\"height:55px\" aria-hidden=\"true\" class=\"wp-block-spacer\"><\/div>\n\n\n\n<div class=\"wp-block-group animated slideInRight duration1 eds-on-scroll\"><div class=\"wp-block-group__inner-container is-layout-flow wp-block-group-is-layout-flow\"><div\n\t\t\t\n\t\t\tclass=\"so-widget-lsow-posts-carousel so-widget-lsow-posts-carousel-default-3dd089290af6\"\n\t\t\t\n\t\t><div id=\"lsow-posts-carousel-69f281f844ec9\" class=\"lsow-posts-carousel lsow-container\" data-settings='{\"arrows\":true,\"dots\":false,\"autoplay\":true,\"autoplay_speed\":3000,\"animation_speed\":300,\"pause_on_hover\":true,\"display_columns\":3,\"scroll_columns\":2,\"gutter\":10,\"so_field_container_state\":\"open\",\"customize\":\"\",\"tablet_width\":800,\"tablet_display_columns\":2,\"tablet_scroll_columns\":2,\"mobile_width\":480,\"mobile_display_columns\":1,\"mobile_scroll_columns\":1}'><div data-id=\"id-24977\" class=\"lsow-posts-carousel-item\"><article id=\"post-24977\" class=\"post-24977 post type-post status-publish format-standard has-post-thumbnail hentry category-lugares entry has-media\"><div class=\"lsow-project-image\"><a href=\"https:\/\/turismo.elejido.es\/index.php\/centro-de-experiencias-gastronomicas-mar-tierra\/\" target=\"_self\"><img loading=\"lazy\" decoding=\"async\" width=\"500\" height=\"500\" src=\"https:\/\/turismo.elejido.es\/wp-content\/uploads\/2025\/07\/CentroExperienciasGastronomicas-1-500x500.png\" class=\"attachment-awb_sm size-awb_sm wp-post-image\" alt=\"\" srcset=\"https:\/\/turismo.elejido.es\/wp-content\/uploads\/2025\/07\/CentroExperienciasGastronomicas-1-500x500.png 500w, https:\/\/turismo.elejido.es\/wp-content\/uploads\/2025\/07\/CentroExperienciasGastronomicas-1-150x150.png 150w, https:\/\/turismo.elejido.es\/wp-content\/uploads\/2025\/07\/CentroExperienciasGastronomicas-1-768x768.png 768w, https:\/\/turismo.elejido.es\/wp-content\/uploads\/2025\/07\/CentroExperienciasGastronomicas-1-300x300.png 300w, https:\/\/turismo.elejido.es\/wp-content\/uploads\/2025\/07\/CentroExperienciasGastronomicas-1-800x800.png 800w, https:\/\/turismo.elejido.es\/wp-content\/uploads\/2025\/07\/CentroExperienciasGastronomicas-1-600x600.png 600w, https:\/\/turismo.elejido.es\/wp-content\/uploads\/2025\/07\/CentroExperienciasGastronomicas-1.png 1080w\" sizes=\"auto, (max-width: 500px) 100vw, 500px\" \/><\/a><div class=\"lsow-image-info\"><div class=\"lsow-entry-info\"><h3 class=\"lsow-post-title\"><a href=\"https:\/\/turismo.elejido.es\/index.php\/centro-de-experiencias-gastronomicas-mar-tierra\/\" title=\"Centro de experiencias gastron\u00f3micas Mar &#038; Tierra  (Apertura 2026)\" target=\"_self\" rel=\"bookmark\">Centro de experiencias gastron\u00f3micas Mar &#038; Tierra  (Apertura 2026)<\/a><\/h3><\/div><\/div><!-- .lsow-image-info --><\/div><div class=\"lsow-entry-text-wrap \"><h3 class=\"entry-title\"><a href=\"https:\/\/turismo.elejido.es\/index.php\/centro-de-experiencias-gastronomicas-mar-tierra\/\" title=\"Centro de experiencias gastron\u00f3micas Mar &#038; Tierra  (Apertura 2026)\" target=\"_self\" rel=\"bookmark\">Centro de experiencias gastron\u00f3micas Mar &#038; Tierra  (Apertura 2026)<\/a><\/h3><\/div><\/article><!-- .hentry --><\/div><!-- .lsow-posts-carousel-item --><div data-id=\"id-24935\" class=\"lsow-posts-carousel-item\"><article id=\"post-24935\" class=\"post-24935 post type-post status-publish format-standard has-post-thumbnail hentry category-lugares entry has-media\"><div class=\"lsow-project-image\"><a href=\"https:\/\/turismo.elejido.es\/index.php\/jardin-mediterraneo\/\" target=\"_self\"><img loading=\"lazy\" decoding=\"async\" width=\"500\" height=\"500\" src=\"https:\/\/turismo.elejido.es\/wp-content\/uploads\/2025\/07\/JardinMediterraneo-1-500x500.png\" class=\"attachment-awb_sm size-awb_sm wp-post-image\" alt=\"\" srcset=\"https:\/\/turismo.elejido.es\/wp-content\/uploads\/2025\/07\/JardinMediterraneo-1-500x500.png 500w, https:\/\/turismo.elejido.es\/wp-content\/uploads\/2025\/07\/JardinMediterraneo-1-150x150.png 150w, https:\/\/turismo.elejido.es\/wp-content\/uploads\/2025\/07\/JardinMediterraneo-1-768x768.png 768w, https:\/\/turismo.elejido.es\/wp-content\/uploads\/2025\/07\/JardinMediterraneo-1-300x300.png 300w, https:\/\/turismo.elejido.es\/wp-content\/uploads\/2025\/07\/JardinMediterraneo-1-800x800.png 800w, https:\/\/turismo.elejido.es\/wp-content\/uploads\/2025\/07\/JardinMediterraneo-1-600x600.png 600w, https:\/\/turismo.elejido.es\/wp-content\/uploads\/2025\/07\/JardinMediterraneo-1.png 1080w\" sizes=\"auto, (max-width: 500px) 100vw, 500px\" \/><\/a><div class=\"lsow-image-info\"><div class=\"lsow-entry-info\"><h3 class=\"lsow-post-title\"><a href=\"https:\/\/turismo.elejido.es\/index.php\/jardin-mediterraneo\/\" title=\"Jard\u00edn Mediterr\u00e1neo (Apertura 2026)\" target=\"_self\" rel=\"bookmark\">Jard\u00edn Mediterr\u00e1neo (Apertura 2026)<\/a><\/h3><\/div><\/div><!-- .lsow-image-info --><\/div><div class=\"lsow-entry-text-wrap \"><h3 class=\"entry-title\"><a href=\"https:\/\/turismo.elejido.es\/index.php\/jardin-mediterraneo\/\" title=\"Jard\u00edn Mediterr\u00e1neo (Apertura 2026)\" target=\"_self\" rel=\"bookmark\">Jard\u00edn Mediterr\u00e1neo (Apertura 2026)<\/a><\/h3><\/div><\/article><!-- .hentry --><\/div><!-- .lsow-posts-carousel-item --><div data-id=\"id-21415\" class=\"lsow-posts-carousel-item\"><article id=\"post-21415\" class=\"post-21415 post type-post status-publish format-standard has-post-thumbnail hentry category-actividades tag-al-aire-libre tag-almerimar tag-en-familia tag-ocio tag-playa-levante tag-playa-poniente entry has-media\"><div class=\"lsow-project-image\"><a href=\"https:\/\/turismo.elejido.es\/index.php\/recorre-almerimar-en-tren\/\" target=\"_self\"><img loading=\"lazy\" decoding=\"async\" width=\"500\" height=\"500\" src=\"https:\/\/turismo.elejido.es\/wp-content\/uploads\/2024\/08\/240804-TREN-TURISTICO-9-500x500.jpg\" class=\"attachment-awb_sm size-awb_sm wp-post-image\" alt=\"\" srcset=\"https:\/\/turismo.elejido.es\/wp-content\/uploads\/2024\/08\/240804-TREN-TURISTICO-9-500x500.jpg 500w, https:\/\/turismo.elejido.es\/wp-content\/uploads\/2024\/08\/240804-TREN-TURISTICO-9-1080x1080.jpg 1080w, https:\/\/turismo.elejido.es\/wp-content\/uploads\/2024\/08\/240804-TREN-TURISTICO-9-150x150.jpg 150w, https:\/\/turismo.elejido.es\/wp-content\/uploads\/2024\/08\/240804-TREN-TURISTICO-9-768x768.jpg 768w, https:\/\/turismo.elejido.es\/wp-content\/uploads\/2024\/08\/240804-TREN-TURISTICO-9-300x300.jpg 300w, https:\/\/turismo.elejido.es\/wp-content\/uploads\/2024\/08\/240804-TREN-TURISTICO-9-1536x1536.jpg 1536w, https:\/\/turismo.elejido.es\/wp-content\/uploads\/2024\/08\/240804-TREN-TURISTICO-9-2048x2048.jpg 2048w, https:\/\/turismo.elejido.es\/wp-content\/uploads\/2024\/08\/240804-TREN-TURISTICO-9-800x800.jpg 800w, https:\/\/turismo.elejido.es\/wp-content\/uploads\/2024\/08\/240804-TREN-TURISTICO-9-1280x1280.jpg 1280w, https:\/\/turismo.elejido.es\/wp-content\/uploads\/2024\/08\/240804-TREN-TURISTICO-9-1920x1920.jpg 1920w, https:\/\/turismo.elejido.es\/wp-content\/uploads\/2024\/08\/240804-TREN-TURISTICO-9-600x600.jpg 600w\" sizes=\"auto, (max-width: 500px) 100vw, 500px\" \/><\/a><div class=\"lsow-image-info\"><div class=\"lsow-entry-info\"><h3 class=\"lsow-post-title\"><a href=\"https:\/\/turismo.elejido.es\/index.php\/recorre-almerimar-en-tren\/\" title=\"Recorre Almerimar en tren\" target=\"_self\" rel=\"bookmark\">Recorre Almerimar en tren<\/a><\/h3><\/div><\/div><!-- .lsow-image-info --><\/div><div class=\"lsow-entry-text-wrap \"><h3 class=\"entry-title\"><a href=\"https:\/\/turismo.elejido.es\/index.php\/recorre-almerimar-en-tren\/\" title=\"Recorre Almerimar en tren\" target=\"_self\" rel=\"bookmark\">Recorre Almerimar en tren<\/a><\/h3><\/div><\/article><!-- .hentry --><\/div><!-- .lsow-posts-carousel-item --><div data-id=\"id-19165\" class=\"lsow-posts-carousel-item\"><article id=\"post-19165\" class=\"post-19165 post type-post status-publish format-standard has-post-thumbnail hentry category-lugares tag-almerimar tag-playa-levante tag-playa-punta-entinas entry has-media\"><div class=\"lsow-project-image\"><a href=\"https:\/\/turismo.elejido.es\/index.php\/centro-de-interpretacion-de-punta-entinas-sabinar\/\" target=\"_self\"><img loading=\"lazy\" decoding=\"async\" width=\"500\" height=\"500\" src=\"https:\/\/turismo.elejido.es\/wp-content\/uploads\/2022\/11\/destacada-centro-interpretacion-500x500.jpg\" class=\"attachment-awb_sm size-awb_sm wp-post-image\" alt=\"\" srcset=\"https:\/\/turismo.elejido.es\/wp-content\/uploads\/2022\/11\/destacada-centro-interpretacion-500x500.jpg 500w, https:\/\/turismo.elejido.es\/wp-content\/uploads\/2022\/11\/destacada-centro-interpretacion-150x150.jpg 150w, https:\/\/turismo.elejido.es\/wp-content\/uploads\/2022\/11\/destacada-centro-interpretacion-300x300.jpg 300w, https:\/\/turismo.elejido.es\/wp-content\/uploads\/2022\/11\/destacada-centro-interpretacion.jpg 600w\" sizes=\"auto, (max-width: 500px) 100vw, 500px\" \/><\/a><div class=\"lsow-image-info\"><div class=\"lsow-entry-info\"><h3 class=\"lsow-post-title\"><a href=\"https:\/\/turismo.elejido.es\/index.php\/centro-de-interpretacion-de-punta-entinas-sabinar\/\" title=\"Centro de Interpretaci\u00f3n de Punta Entinas-Sabinar\" target=\"_self\" rel=\"bookmark\">Centro de Interpretaci\u00f3n de Punta Entinas-Sabinar<\/a><\/h3><\/div><\/div><!-- .lsow-image-info --><\/div><div class=\"lsow-entry-text-wrap \"><h3 class=\"entry-title\"><a href=\"https:\/\/turismo.elejido.es\/index.php\/centro-de-interpretacion-de-punta-entinas-sabinar\/\" title=\"Centro de Interpretaci\u00f3n de Punta Entinas-Sabinar\" target=\"_self\" rel=\"bookmark\">Centro de Interpretaci\u00f3n de Punta Entinas-Sabinar<\/a><\/h3><\/div><\/article><!-- .hentry --><\/div><!-- .lsow-posts-carousel-item --><div data-id=\"id-14747\" class=\"lsow-posts-carousel-item\"><article id=\"post-14747\" class=\"post-14747 post type-post status-publish format-standard has-post-thumbnail hentry category-actividades tag-adrenalina tag-al-aire-libre tag-el-ejido tag-en-familia tag-ocio entry has-media\"><div class=\"lsow-project-image\"><a href=\"https:\/\/turismo.elejido.es\/index.php\/velocidad-y-diversion-en-estado-puro\/\" target=\"_self\"><img loading=\"lazy\" decoding=\"async\" width=\"500\" height=\"499\" src=\"https:\/\/turismo.elejido.es\/wp-content\/uploads\/2021\/01\/portadakartscopo.jpg\" class=\"attachment-awb_sm size-awb_sm wp-post-image\" alt=\"\" srcset=\"https:\/\/turismo.elejido.es\/wp-content\/uploads\/2021\/01\/portadakartscopo.jpg 500w, https:\/\/turismo.elejido.es\/wp-content\/uploads\/2021\/01\/portadakartscopo-300x300.jpg 300w, https:\/\/turismo.elejido.es\/wp-content\/uploads\/2021\/01\/portadakartscopo-150x150.jpg 150w\" sizes=\"auto, (max-width: 500px) 100vw, 500px\" \/><\/a><div class=\"lsow-image-info\"><div class=\"lsow-entry-info\"><h3 class=\"lsow-post-title\"><a href=\"https:\/\/turismo.elejido.es\/index.php\/velocidad-y-diversion-en-estado-puro\/\" title=\"Velocidad y diversi\u00f3n en estado puro\" target=\"_self\" rel=\"bookmark\">Velocidad y diversi\u00f3n en estado puro<\/a><\/h3><\/div><\/div><!-- .lsow-image-info --><\/div><div class=\"lsow-entry-text-wrap \"><h3 class=\"entry-title\"><a href=\"https:\/\/turismo.elejido.es\/index.php\/velocidad-y-diversion-en-estado-puro\/\" title=\"Velocidad y diversi\u00f3n en estado puro\" target=\"_self\" rel=\"bookmark\">Velocidad y diversi\u00f3n en estado puro<\/a><\/h3><\/div><\/article><!-- .hentry --><\/div><!-- .lsow-posts-carousel-item --><div data-id=\"id-9396\" class=\"lsow-posts-carousel-item\"><article id=\"post-9396\" class=\"post-9396 post type-post status-publish format-standard has-post-thumbnail hentry category-lugares tag-balerma tag-cultura entry has-media\"><div class=\"lsow-project-image\"><a href=\"https:\/\/turismo.elejido.es\/index.php\/torre-fortificada-de-balerma\/\" target=\"_self\"><img loading=\"lazy\" decoding=\"async\" width=\"500\" height=\"500\" src=\"https:\/\/turismo.elejido.es\/wp-content\/uploads\/2021\/04\/destacadoTorreBalerma-500x500.jpeg\" class=\"attachment-awb_sm size-awb_sm wp-post-image\" alt=\"\" srcset=\"https:\/\/turismo.elejido.es\/wp-content\/uploads\/2021\/04\/destacadoTorreBalerma-e1623324782676.jpeg 500w, https:\/\/turismo.elejido.es\/wp-content\/uploads\/2021\/04\/destacadoTorreBalerma-300x300.jpeg 300w, https:\/\/turismo.elejido.es\/wp-content\/uploads\/2021\/04\/destacadoTorreBalerma-150x150.jpeg 150w\" sizes=\"auto, (max-width: 500px) 100vw, 500px\" \/><\/a><div class=\"lsow-image-info\"><div class=\"lsow-entry-info\"><h3 class=\"lsow-post-title\"><a href=\"https:\/\/turismo.elejido.es\/index.php\/torre-fortificada-de-balerma\/\" title=\"Torre Fortificada de Balerma\" target=\"_self\" rel=\"bookmark\">Torre Fortificada de Balerma<\/a><\/h3><\/div><\/div><!-- .lsow-image-info --><\/div><div class=\"lsow-entry-text-wrap \"><h3 class=\"entry-title\"><a href=\"https:\/\/turismo.elejido.es\/index.php\/torre-fortificada-de-balerma\/\" title=\"Torre Fortificada de Balerma\" target=\"_self\" rel=\"bookmark\">Torre Fortificada de Balerma<\/a><\/h3><\/div><\/article><!-- .hentry --><\/div><!-- .lsow-posts-carousel-item --><div data-id=\"id-9386\" class=\"lsow-posts-carousel-item\"><article id=\"post-9386\" class=\"post-9386 post type-post status-publish format-standard has-post-thumbnail hentry category-lugares tag-almerimar tag-naturaleza tag-playa-levante tag-playa-punta-entinas entry has-media\"><div class=\"lsow-project-image\"><a href=\"https:\/\/turismo.elejido.es\/index.php\/punta-entinas-sabinar\/\" target=\"_self\"><img loading=\"lazy\" decoding=\"async\" width=\"500\" height=\"500\" src=\"https:\/\/turismo.elejido.es\/wp-content\/uploads\/2021\/04\/destacadaPuntaEntinas-500x500.jpeg\" class=\"attachment-awb_sm size-awb_sm wp-post-image\" alt=\"\" srcset=\"https:\/\/turismo.elejido.es\/wp-content\/uploads\/2021\/04\/destacadaPuntaEntinas-e1623324670268.jpeg 500w, https:\/\/turismo.elejido.es\/wp-content\/uploads\/2021\/04\/destacadaPuntaEntinas-300x300.jpeg 300w, https:\/\/turismo.elejido.es\/wp-content\/uploads\/2021\/04\/destacadaPuntaEntinas-150x150.jpeg 150w\" sizes=\"auto, (max-width: 500px) 100vw, 500px\" \/><\/a><div class=\"lsow-image-info\"><div class=\"lsow-entry-info\"><h3 class=\"lsow-post-title\"><a href=\"https:\/\/turismo.elejido.es\/index.php\/punta-entinas-sabinar\/\" title=\"Espacio Natural Punta Entinas-Sabinar\" target=\"_self\" rel=\"bookmark\">Espacio Natural Punta Entinas-Sabinar<\/a><\/h3><\/div><\/div><!-- .lsow-image-info --><\/div><div class=\"lsow-entry-text-wrap \"><h3 class=\"entry-title\"><a href=\"https:\/\/turismo.elejido.es\/index.php\/punta-entinas-sabinar\/\" title=\"Espacio Natural Punta Entinas-Sabinar\" target=\"_self\" rel=\"bookmark\">Espacio Natural Punta Entinas-Sabinar<\/a><\/h3><\/div><\/article><!-- .hentry --><\/div><!-- .lsow-posts-carousel-item --><div data-id=\"id-9378\" class=\"lsow-posts-carousel-item\"><article id=\"post-9378\" class=\"post-9378 post type-post status-publish format-standard has-post-thumbnail hentry category-lugares tag-almerimar tag-playa-levante tag-playa-poniente tag-puerto-deportivo entry has-media\"><div class=\"lsow-project-image\"><a href=\"https:\/\/turismo.elejido.es\/index.php\/puerto-deportivo\/\" target=\"_self\"><img loading=\"lazy\" decoding=\"async\" width=\"500\" height=\"500\" src=\"https:\/\/turismo.elejido.es\/wp-content\/uploads\/2021\/04\/destacadaPuestoDeportivo-500x500.jpeg\" class=\"attachment-awb_sm size-awb_sm wp-post-image\" alt=\"\" srcset=\"https:\/\/turismo.elejido.es\/wp-content\/uploads\/2021\/04\/destacadaPuestoDeportivo-e1623316727939.jpeg 500w, https:\/\/turismo.elejido.es\/wp-content\/uploads\/2021\/04\/destacadaPuestoDeportivo-300x300.jpeg 300w, https:\/\/turismo.elejido.es\/wp-content\/uploads\/2021\/04\/destacadaPuestoDeportivo-150x150.jpeg 150w\" sizes=\"auto, (max-width: 500px) 100vw, 500px\" \/><\/a><div class=\"lsow-image-info\"><div class=\"lsow-entry-info\"><h3 class=\"lsow-post-title\"><a href=\"https:\/\/turismo.elejido.es\/index.php\/puerto-deportivo\/\" title=\"Puerto Deportivo de Almerimar\" target=\"_self\" rel=\"bookmark\">Puerto Deportivo de Almerimar<\/a><\/h3><\/div><\/div><!-- .lsow-image-info --><\/div><div class=\"lsow-entry-text-wrap \"><h3 class=\"entry-title\"><a href=\"https:\/\/turismo.elejido.es\/index.php\/puerto-deportivo\/\" title=\"Puerto Deportivo de Almerimar\" target=\"_self\" rel=\"bookmark\">Puerto Deportivo de Almerimar<\/a><\/h3><\/div><\/article><!-- .hentry --><\/div><!-- .lsow-posts-carousel-item --><div data-id=\"id-9366\" class=\"lsow-posts-carousel-item\"><article id=\"post-9366\" class=\"post-9366 post type-post status-publish format-standard has-post-thumbnail hentry category-lugares tag-cultura tag-el-ejido entry has-media\"><div class=\"lsow-project-image\"><a href=\"https:\/\/turismo.elejido.es\/index.php\/el-daymun\/\" target=\"_self\"><img loading=\"lazy\" decoding=\"async\" width=\"500\" height=\"500\" src=\"https:\/\/turismo.elejido.es\/wp-content\/uploads\/2021\/04\/daymunDestacada-500x500.jpeg\" class=\"attachment-awb_sm size-awb_sm wp-post-image\" alt=\"\" srcset=\"https:\/\/turismo.elejido.es\/wp-content\/uploads\/2021\/04\/daymunDestacada-e1623315498452.jpeg 500w, https:\/\/turismo.elejido.es\/wp-content\/uploads\/2021\/04\/daymunDestacada-300x300.jpeg 300w, https:\/\/turismo.elejido.es\/wp-content\/uploads\/2021\/04\/daymunDestacada-150x150.jpeg 150w\" sizes=\"auto, (max-width: 500px) 100vw, 500px\" \/><\/a><div class=\"lsow-image-info\"><div class=\"lsow-entry-info\"><h3 class=\"lsow-post-title\"><a href=\"https:\/\/turismo.elejido.es\/index.php\/el-daymun\/\" title=\"El Daym\u00fan\" target=\"_self\" rel=\"bookmark\">El Daym\u00fan<\/a><\/h3><\/div><\/div><!-- .lsow-image-info --><\/div><div class=\"lsow-entry-text-wrap \"><h3 class=\"entry-title\"><a href=\"https:\/\/turismo.elejido.es\/index.php\/el-daymun\/\" title=\"El Daym\u00fan\" target=\"_self\" rel=\"bookmark\">El Daym\u00fan<\/a><\/h3><\/div><\/article><!-- .hentry --><\/div><!-- .lsow-posts-carousel-item --><div data-id=\"id-9353\" class=\"lsow-posts-carousel-item\"><article id=\"post-9353\" class=\"post-9353 post type-post status-publish format-standard has-post-thumbnail hentry category-lugares tag-cultura tag-el-ejido entry has-media\"><div class=\"lsow-project-image\"><a href=\"https:\/\/turismo.elejido.es\/index.php\/coleccion-arqueologica-el-ejido\/\" target=\"_self\"><img loading=\"lazy\" decoding=\"async\" width=\"500\" height=\"500\" src=\"https:\/\/turismo.elejido.es\/wp-content\/uploads\/2021\/04\/destacadaColeccionArqueologica-500x500.jpeg\" class=\"attachment-awb_sm size-awb_sm wp-post-image\" alt=\"\" srcset=\"https:\/\/turismo.elejido.es\/wp-content\/uploads\/2021\/04\/destacadaColeccionArqueologica-e1623324771981.jpeg 500w, https:\/\/turismo.elejido.es\/wp-content\/uploads\/2021\/04\/destacadaColeccionArqueologica-300x300.jpeg 300w, https:\/\/turismo.elejido.es\/wp-content\/uploads\/2021\/04\/destacadaColeccionArqueologica-150x150.jpeg 150w\" sizes=\"auto, (max-width: 500px) 100vw, 500px\" \/><\/a><div class=\"lsow-image-info\"><div class=\"lsow-entry-info\"><h3 class=\"lsow-post-title\"><a href=\"https:\/\/turismo.elejido.es\/index.php\/coleccion-arqueologica-el-ejido\/\" title=\"Colecci\u00f3n Arqueol\u00f3gica de El Ejido\" target=\"_self\" rel=\"bookmark\">Colecci\u00f3n Arqueol\u00f3gica de El Ejido<\/a><\/h3><\/div><\/div><!-- .lsow-image-info --><\/div><div class=\"lsow-entry-text-wrap \"><h3 class=\"entry-title\"><a href=\"https:\/\/turismo.elejido.es\/index.php\/coleccion-arqueologica-el-ejido\/\" title=\"Colecci\u00f3n Arqueol\u00f3gica de El Ejido\" target=\"_self\" rel=\"bookmark\">Colecci\u00f3n Arqueol\u00f3gica de El Ejido<\/a><\/h3><\/div><\/article><!-- .hentry --><\/div><!-- .lsow-posts-carousel-item --><\/div><!-- .lsow-posts-carousel --><\/div><\/div><\/div>\n\n\n\n<div style=\"height:100px\" aria-hidden=\"true\" class=\"wp-block-spacer\"><\/div>\n<\/div><\/div>\n<\/div><\/div>\n\n\n\n<div class=\"wp-block-nk-awb nk-awb alturaSliderPrincipal nk-awb-kKOWB\" data-ghostkit-styles=\".nk-awb-kKOWB { padding-top: 300px; padding-bottom: 300px; padding-right: 0px; padding-left: 0px; }\"><div class=\"nk-awb-wrap\" data-awb-type=\"image\" data-awb-image-background-size=\"cover\" data-awb-image-background-position=\"51% 46%\" data-awb-parallax=\"scroll\" data-awb-parallax-speed=\"0.5\" data-awb-parallax-mobile=\"false\"><div class=\"nk-awb-overlay\" style=\"background-color: rgba(0, 0, 0, 0.4);\"><\/div><div class=\"nk-awb-inner\"><img loading=\"lazy\" decoding=\"async\" src=\"https:\/\/app.elejido.es\/turismo\/wp-content\/uploads\/2020\/12\/flamencosparallax.jpg\" class=\"wp-image-3189 jarallax-img is-layout-constrained wp-block-nk-awb-is-layout-constrained\" width=\"1155\" height=\"650\" srcset=\"https:\/\/turismo.elejido.es\/wp-content\/uploads\/2020\/12\/flamencosparallax.jpg 1155w, https:\/\/turismo.elejido.es\/wp-content\/uploads\/2020\/12\/flamencosparallax-300x169.jpg 300w, https:\/\/turismo.elejido.es\/wp-content\/uploads\/2020\/12\/flamencosparallax-1024x576.jpg 1024w, https:\/\/turismo.elejido.es\/wp-content\/uploads\/2020\/12\/flamencosparallax-768x432.jpg 768w, https:\/\/turismo.elejido.es\/wp-content\/uploads\/2020\/12\/flamencosparallax-500x281.jpg 500w, https:\/\/turismo.elejido.es\/wp-content\/uploads\/2020\/12\/flamencosparallax-800x450.jpg 800w, https:\/\/turismo.elejido.es\/wp-content\/uploads\/2020\/12\/flamencosparallax-1280x720.jpg 1280w\" sizes=\"auto, (max-width: 1155px) 100vw, 1155px\" \/><\/div><\/div>\n<h1 class=\"has-text-align-center animated zoomIn duration2 eds-on-scroll has-white-color has-text-color wp-block-heading\"><strong>\u00abEsto es El Ejido, \u00a1v\u00edvelo!\u00bb<\/strong><span>&nbsp;<\/span><\/h1>\n<\/div>\n\n\n\n<div style=\"height:75px\" aria-hidden=\"true\" class=\"wp-block-spacer\"><\/div>\n\n\n\n<h2 class=\"has-text-align-center animated zoomIn duration2 eds-on-scroll wp-block-heading\">#ElEjidoVivelo<\/h2>\n\n\n<div id=\"pl-gb691-69f281f8496f2\"  class=\"panel-layout container\" ><div id=\"pg-gb691-69f281f8496f2-0\"  class=\"panel-grid panel-no-style\" ><div id=\"pgc-gb691-69f281f8496f2-0-0\"  class=\"panel-grid-cell\" ><div id=\"panel-gb691-69f281f8496f2-0-0-0\" class=\"so-panel widget widget_sow-headline panel-first-child panel-last-child\" data-index=\"0\" ><div\n\t\t\t\n\t\t\tclass=\"so-widget-sow-headline so-widget-sow-headline-default-83dc0f321c97-691\"\n\t\t\t\n\t\t><div class=\"sow-headline-container \">\n\t\t\t\t\t\t\t<h3 class=\"sow-headline\">\n\t\t\t\t\t\tS\u00edguenos\t\t\t\t\t\t<\/h3>\n\t\t\t\t\t\t\t\t\t\t\t<div class=\"decoration\">\n\t\t\t\t\t\t<div class=\"decoration-inside\"><\/div>\n\t\t\t\t\t<\/div>\n\t\t\t\t\t<\/div>\n<\/div><\/div><\/div><\/div><div id=\"pg-gb691-69f281f8496f2-1\"  class=\"panel-grid panel-no-style\" ><div id=\"pgc-gb691-69f281f8496f2-1-0\"  class=\"panel-grid-cell\" ><div class=\" animated zoomIn duration1 eds-on-scroll panel-cell-style panel-cell-style-for-gb691-69f281f8496f2-1-0\" ><div id=\"panel-gb691-69f281f8496f2-1-0-0\" class=\"so-panel widget widget_sow-icon panel-first-child panel-last-child\" data-index=\"1\" ><div\n\t\t\t\n\t\t\tclass=\"so-widget-sow-icon so-widget-sow-icon-default-83a044236589-691\"\n\t\t\t\n\t\t>\n<div class=\"sow-icon-container sow-icon\">\n\t\t\t<a href=\"https:\/\/www.instagram.com\/turismoelejido\/?hl=es\" \n\t\ttarget=\"_blank\" rel=\"noopener noreferrer\"\t\t>\n\t\t\t<span class=\"sow-icon-icomoon\" data-sow-icon=\"&#xea92;\"\n\t\t \n\t\taria-hidden=\"true\"><\/span>\t\t\t<\/a>\n\t<\/div>\n<\/div><\/div><\/div><\/div><div id=\"pgc-gb691-69f281f8496f2-1-1\"  class=\"panel-grid-cell\" ><div class=\" animated zoomIn duration2 eds-on-scroll panel-cell-style panel-cell-style-for-gb691-69f281f8496f2-1-1\" ><div id=\"panel-gb691-69f281f8496f2-1-1-0\" class=\"so-panel widget widget_sow-icon panel-first-child panel-last-child\" data-index=\"2\" ><div\n\t\t\t\n\t\t\tclass=\"so-widget-sow-icon so-widget-sow-icon-default-83a044236589-691\"\n\t\t\t\n\t\t>\n<div class=\"sow-icon-container sow-icon\">\n\t\t\t<a href=\"https:\/\/es-es.facebook.com\/TurismoElEjido\/\" \n\t\ttarget=\"_blank\" rel=\"noopener noreferrer\"\t\t>\n\t\t\t<span class=\"sow-icon-icomoon\" data-sow-icon=\"&#xea91;\"\n\t\t \n\t\taria-hidden=\"true\"><\/span>\t\t\t<\/a>\n\t<\/div>\n<\/div><\/div><\/div><\/div><div id=\"pgc-gb691-69f281f8496f2-1-2\"  class=\"panel-grid-cell\" ><div class=\" animated zoomIn duration3 eds-on-scroll panel-cell-style panel-cell-style-for-gb691-69f281f8496f2-1-2\" ><div id=\"panel-gb691-69f281f8496f2-1-2-0\" class=\"so-panel widget widget_sow-icon panel-first-child panel-last-child\" data-index=\"3\" ><div\n\t\t\t\n\t\t\tclass=\"so-widget-sow-icon so-widget-sow-icon-default-83a044236589-691\"\n\t\t\t\n\t\t>\n<div class=\"sow-icon-container sow-icon\">\n\t\t\t<a href=\"https:\/\/twitter.com\/turismoelejido\" \n\t\ttarget=\"_blank\" rel=\"noopener noreferrer\"\t\t>\n\t\t\t<span class=\"sow-icon-icomoon\" data-sow-icon=\"&#xea96;\"\n\t\t \n\t\taria-hidden=\"true\"><\/span>\t\t\t<\/a>\n\t<\/div>\n<\/div><\/div><\/div><\/div><div id=\"pgc-gb691-69f281f8496f2-1-3\"  class=\"panel-grid-cell\" ><div class=\" animated zoomIn duration4 eds-on-scroll panel-cell-style panel-cell-style-for-gb691-69f281f8496f2-1-3\" ><div id=\"panel-gb691-69f281f8496f2-1-3-0\" class=\"so-panel widget widget_sow-icon panel-first-child panel-last-child\" data-index=\"4\" ><div\n\t\t\t\n\t\t\tclass=\"so-widget-sow-icon so-widget-sow-icon-default-83a044236589-691\"\n\t\t\t\n\t\t>\n<div class=\"sow-icon-container sow-icon\">\n\t\t\t<a href=\"https:\/\/www.youtube.com\/c\/AyuntamientodeElEjido\/featured\" \n\t\ttarget=\"_blank\" rel=\"noopener noreferrer\"\t\t>\n\t\t\t<span class=\"sow-icon-icomoon\" data-sow-icon=\"&#xea9d;\"\n\t\t \n\t\taria-hidden=\"true\"><\/span>\t\t\t<\/a>\n\t<\/div>\n<\/div><\/div><\/div><\/div><div id=\"pgc-gb691-69f281f8496f2-1-4\"  class=\"panel-grid-cell\" ><div class=\" animated zoomIn duration5 eds-on-scroll panel-cell-style panel-cell-style-for-gb691-69f281f8496f2-1-4\" ><div id=\"panel-gb691-69f281f8496f2-1-4-0\" class=\"so-panel widget widget_sow-icon panel-first-child panel-last-child\" data-index=\"5\" ><div\n\t\t\t\n\t\t\tclass=\"so-widget-sow-icon so-widget-sow-icon-default-83a044236589-691\"\n\t\t\t\n\t\t>\n<div class=\"sow-icon-container sow-icon\">\n\t\t\t<a href=\"https:\/\/www.flickr.com\/photos\/126056245@N04\/albums\" \n\t\ttarget=\"_blank\" rel=\"noopener noreferrer\"\t\t>\n\t\t\t<span class=\"sow-icon-icomoon\" data-sow-icon=\"&#xeaa5;\"\n\t\t \n\t\taria-hidden=\"true\"><\/span>\t\t\t<\/a>\n\t<\/div>\n<\/div><\/div><\/div><\/div><\/div><\/div>\n\n\n<div style=\"height:31px\" aria-hidden=\"true\" class=\"wp-block-spacer\"><\/div>\n\n\n\n<p><\/p>\n","protected":false},"excerpt":{"rendered":"<p>Descubre nuestro destino \u00bfQu\u00e9 te apetece hacer? No te puedes perder #ElEjidoVivelo<\/p>\n","protected":false},"author":5,"featured_media":0,"parent":0,"menu_order":0,"comment_status":"closed","ping_status":"closed","template":"","meta":{"ocean_post_layout":"","ocean_both_sidebars_style":"","ocean_both_sidebars_content_width":0,"ocean_both_sidebars_sidebars_width":0,"ocean_sidebar":"0","ocean_second_sidebar":"0","ocean_disable_margins":"enable","ocean_add_body_class":"","ocean_shortcode_before_top_bar":"","ocean_shortcode_after_top_bar":"","ocean_shortcode_before_header":"","ocean_shortcode_after_header":"","ocean_has_shortcode":"","ocean_shortcode_after_title":"","ocean_shortcode_before_footer_widgets":"","ocean_shortcode_after_footer_widgets":"","ocean_shortcode_before_footer_bottom":"","ocean_shortcode_after_footer_bottom":"","ocean_display_top_bar":"default","ocean_display_header":"default","ocean_header_style":"","ocean_center_header_left_menu":"0","ocean_custom_header_template":"0","ocean_custom_logo":0,"ocean_custom_retina_logo":0,"ocean_custom_logo_max_width":0,"ocean_custom_logo_tablet_max_width":0,"ocean_custom_logo_mobile_max_width":0,"ocean_custom_logo_max_height":0,"ocean_custom_logo_tablet_max_height":0,"ocean_custom_logo_mobile_max_height":0,"ocean_header_custom_menu":"0","ocean_menu_typo_font_family":"0","ocean_menu_typo_font_subset":"","ocean_menu_typo_font_size":0,"ocean_menu_typo_font_size_tablet":0,"ocean_menu_typo_font_size_mobile":0,"ocean_menu_typo_font_size_unit":"px","ocean_menu_typo_font_weight":"","ocean_menu_typo_font_weight_tablet":"","ocean_menu_typo_font_weight_mobile":"","ocean_menu_typo_transform":"","ocean_menu_typo_transform_tablet":"","ocean_menu_typo_transform_mobile":"","ocean_menu_typo_line_height":0,"ocean_menu_typo_line_height_tablet":0,"ocean_menu_typo_line_height_mobile":0,"ocean_menu_typo_line_height_unit":"","ocean_menu_typo_spacing":0,"ocean_menu_typo_spacing_tablet":0,"ocean_menu_typo_spacing_mobile":0,"ocean_menu_typo_spacing_unit":"","ocean_menu_link_color":"","ocean_menu_link_color_hover":"","ocean_menu_link_color_active":"","ocean_menu_link_background":"","ocean_menu_link_hover_background":"","ocean_menu_link_active_background":"","ocean_menu_social_links_bg":"","ocean_menu_social_hover_links_bg":"","ocean_menu_social_links_color":"","ocean_menu_social_hover_links_color":"","ocean_disable_title":"on","ocean_disable_heading":"default","ocean_post_title":"","ocean_post_subheading":"","ocean_post_title_style":"","ocean_post_title_background_color":"","ocean_post_title_background":0,"ocean_post_title_bg_image_position":"","ocean_post_title_bg_image_attachment":"","ocean_post_title_bg_image_repeat":"","ocean_post_title_bg_image_size":"","ocean_post_title_height":0,"ocean_post_title_bg_overlay":0.5,"ocean_post_title_bg_overlay_color":"","ocean_disable_breadcrumbs":"default","ocean_breadcrumbs_color":"","ocean_breadcrumbs_separator_color":"","ocean_breadcrumbs_links_color":"","ocean_breadcrumbs_links_hover_color":"","ocean_display_footer_widgets":"default","ocean_display_footer_bottom":"default","ocean_custom_footer_template":"0","footnotes":""},"class_list":["post-691","page","type-page","status-publish","hentry","entry"],"yoast_head":"<!-- This site is optimized with the Yoast SEO plugin v27.4 - https:\/\/yoast.com\/product\/yoast-seo-wordpress\/ -->\n<title>Portal de turismo de El Ejido (Inicio original) - Turismo El Ejido<\/title>\n<meta name=\"description\" content=\"Portal oficial de turismo del municipio de El Ejido, Almerimar y Balerma situado en la costa de la provincia de Almer\u00eda.\" \/>\n<meta name=\"robots\" content=\"index, follow, max-snippet:-1, max-image-preview:large, max-video-preview:-1\" \/>\n<link rel=\"canonical\" href=\"https:\/\/turismo.elejido.es\/index.php\/inicio\/\" \/>\n<meta property=\"og:locale\" content=\"es_ES\" \/>\n<meta property=\"og:type\" content=\"article\" \/>\n<meta property=\"og:title\" content=\"Portal de turismo de El Ejido (Inicio original) - Turismo El Ejido\" \/>\n<meta property=\"og:description\" content=\"Portal oficial de turismo del municipio de El Ejido, Almerimar y Balerma situado en la costa de la provincia de Almer\u00eda.\" \/>\n<meta property=\"og:url\" content=\"https:\/\/turismo.elejido.es\/index.php\/inicio\/\" \/>\n<meta property=\"og:site_name\" content=\"Turismo El Ejido\" \/>\n<meta property=\"article:modified_time\" content=\"2021-10-07T09:47:14+00:00\" \/>\n<meta property=\"og:image\" content=\"https:\/\/app.elejido.es\/turismo\/wp-content\/uploads\/2021\/06\/Jardin-Botanico-La-Almuyna-del-Sur-Balerma-1920x1080.jpg\" \/>\n<meta name=\"twitter:card\" content=\"summary_large_image\" \/>\n<meta name=\"twitter:label1\" content=\"Tiempo de lectura\" \/>\n\t<meta name=\"twitter:data1\" content=\"2 minutos\" \/>\n<script type=\"application\/ld+json\" class=\"yoast-schema-graph\">{\"@context\":\"https:\\\/\\\/schema.org\",\"@graph\":[{\"@type\":\"WebPage\",\"@id\":\"https:\\\/\\\/turismo.elejido.es\\\/index.php\\\/inicio\\\/\",\"url\":\"https:\\\/\\\/turismo.elejido.es\\\/index.php\\\/inicio\\\/\",\"name\":\"Portal de turismo de El Ejido (Inicio original) - Turismo El Ejido\",\"isPartOf\":{\"@id\":\"https:\\\/\\\/turismo.elejido.es\\\/#website\"},\"primaryImageOfPage\":{\"@id\":\"https:\\\/\\\/turismo.elejido.es\\\/index.php\\\/inicio\\\/#primaryimage\"},\"image\":{\"@id\":\"https:\\\/\\\/turismo.elejido.es\\\/index.php\\\/inicio\\\/#primaryimage\"},\"thumbnailUrl\":\"https:\\\/\\\/app.elejido.es\\\/turismo\\\/wp-content\\\/uploads\\\/2021\\\/06\\\/Jardin-Botanico-La-Almuyna-del-Sur-Balerma-1920x1080.jpg\",\"datePublished\":\"2020-12-03T13:59:28+00:00\",\"dateModified\":\"2021-10-07T09:47:14+00:00\",\"description\":\"Portal oficial de turismo del municipio de El Ejido, Almerimar y Balerma situado en la costa de la provincia de Almer\u00eda.\",\"breadcrumb\":{\"@id\":\"https:\\\/\\\/turismo.elejido.es\\\/index.php\\\/inicio\\\/#breadcrumb\"},\"inLanguage\":\"es\",\"potentialAction\":[{\"@type\":\"ReadAction\",\"target\":[\"https:\\\/\\\/turismo.elejido.es\\\/index.php\\\/inicio\\\/\"]}]},{\"@type\":\"ImageObject\",\"inLanguage\":\"es\",\"@id\":\"https:\\\/\\\/turismo.elejido.es\\\/index.php\\\/inicio\\\/#primaryimage\",\"url\":\"https:\\\/\\\/app.elejido.es\\\/turismo\\\/wp-content\\\/uploads\\\/2021\\\/06\\\/Jardin-Botanico-La-Almuyna-del-Sur-Balerma-1920x1080.jpg\",\"contentUrl\":\"https:\\\/\\\/app.elejido.es\\\/turismo\\\/wp-content\\\/uploads\\\/2021\\\/06\\\/Jardin-Botanico-La-Almuyna-del-Sur-Balerma-1920x1080.jpg\"},{\"@type\":\"BreadcrumbList\",\"@id\":\"https:\\\/\\\/turismo.elejido.es\\\/index.php\\\/inicio\\\/#breadcrumb\",\"itemListElement\":[{\"@type\":\"ListItem\",\"position\":1,\"name\":\"Inicio\",\"item\":\"https:\\\/\\\/turismo.elejido.es\\\/\"},{\"@type\":\"ListItem\",\"position\":2,\"name\":\"Portal de turismo de El Ejido (Inicio original)\"}]},{\"@type\":\"WebSite\",\"@id\":\"https:\\\/\\\/turismo.elejido.es\\\/#website\",\"url\":\"https:\\\/\\\/turismo.elejido.es\\\/\",\"name\":\"Turismo El Ejido\",\"description\":\"Portal Oficial de Turismo del Municipio de El Ejido, Almerimar y Balerma situado en la costa de Almer\u00eda.\",\"publisher\":{\"@id\":\"https:\\\/\\\/turismo.elejido.es\\\/#organization\"},\"potentialAction\":[{\"@type\":\"SearchAction\",\"target\":{\"@type\":\"EntryPoint\",\"urlTemplate\":\"https:\\\/\\\/turismo.elejido.es\\\/?s={search_term_string}\"},\"query-input\":{\"@type\":\"PropertyValueSpecification\",\"valueRequired\":true,\"valueName\":\"search_term_string\"}}],\"inLanguage\":\"es\"},{\"@type\":\"Organization\",\"@id\":\"https:\\\/\\\/turismo.elejido.es\\\/#organization\",\"name\":\"Turismo El Ejido\",\"url\":\"https:\\\/\\\/turismo.elejido.es\\\/\",\"logo\":{\"@type\":\"ImageObject\",\"inLanguage\":\"es\",\"@id\":\"https:\\\/\\\/turismo.elejido.es\\\/#\\\/schema\\\/logo\\\/image\\\/\",\"url\":\"https:\\\/\\\/turismo.elejido.es\\\/wp-content\\\/uploads\\\/2020\\\/12\\\/elejidoNaranja.png\",\"contentUrl\":\"https:\\\/\\\/turismo.elejido.es\\\/wp-content\\\/uploads\\\/2020\\\/12\\\/elejidoNaranja.png\",\"width\":163,\"height\":92,\"caption\":\"Turismo El Ejido\"},\"image\":{\"@id\":\"https:\\\/\\\/turismo.elejido.es\\\/#\\\/schema\\\/logo\\\/image\\\/\"}}]}<\/script>\n<!-- \/ Yoast SEO plugin. -->","yoast_head_json":{"title":"Portal de turismo de El Ejido (Inicio original) - Turismo El Ejido","description":"Portal oficial de turismo del municipio de El Ejido, Almerimar y Balerma situado en la costa de la provincia de Almer\u00eda.","robots":{"index":"index","follow":"follow","max-snippet":"max-snippet:-1","max-image-preview":"max-image-preview:large","max-video-preview":"max-video-preview:-1"},"canonical":"https:\/\/turismo.elejido.es\/index.php\/inicio\/","og_locale":"es_ES","og_type":"article","og_title":"Portal de turismo de El Ejido (Inicio original) - Turismo El Ejido","og_description":"Portal oficial de turismo del municipio de El Ejido, Almerimar y Balerma situado en la costa de la provincia de Almer\u00eda.","og_url":"https:\/\/turismo.elejido.es\/index.php\/inicio\/","og_site_name":"Turismo El Ejido","article_modified_time":"2021-10-07T09:47:14+00:00","og_image":[{"url":"https:\/\/app.elejido.es\/turismo\/wp-content\/uploads\/2021\/06\/Jardin-Botanico-La-Almuyna-del-Sur-Balerma-1920x1080.jpg","type":"","width":"","height":""}],"twitter_card":"summary_large_image","twitter_misc":{"Tiempo de lectura":"2 minutos"},"schema":{"@context":"https:\/\/schema.org","@graph":[{"@type":"WebPage","@id":"https:\/\/turismo.elejido.es\/index.php\/inicio\/","url":"https:\/\/turismo.elejido.es\/index.php\/inicio\/","name":"Portal de turismo de El Ejido (Inicio original) - Turismo El Ejido","isPartOf":{"@id":"https:\/\/turismo.elejido.es\/#website"},"primaryImageOfPage":{"@id":"https:\/\/turismo.elejido.es\/index.php\/inicio\/#primaryimage"},"image":{"@id":"https:\/\/turismo.elejido.es\/index.php\/inicio\/#primaryimage"},"thumbnailUrl":"https:\/\/app.elejido.es\/turismo\/wp-content\/uploads\/2021\/06\/Jardin-Botanico-La-Almuyna-del-Sur-Balerma-1920x1080.jpg","datePublished":"2020-12-03T13:59:28+00:00","dateModified":"2021-10-07T09:47:14+00:00","description":"Portal oficial de turismo del municipio de El Ejido, Almerimar y Balerma situado en la costa de la provincia de Almer\u00eda.","breadcrumb":{"@id":"https:\/\/turismo.elejido.es\/index.php\/inicio\/#breadcrumb"},"inLanguage":"es","potentialAction":[{"@type":"ReadAction","target":["https:\/\/turismo.elejido.es\/index.php\/inicio\/"]}]},{"@type":"ImageObject","inLanguage":"es","@id":"https:\/\/turismo.elejido.es\/index.php\/inicio\/#primaryimage","url":"https:\/\/app.elejido.es\/turismo\/wp-content\/uploads\/2021\/06\/Jardin-Botanico-La-Almuyna-del-Sur-Balerma-1920x1080.jpg","contentUrl":"https:\/\/app.elejido.es\/turismo\/wp-content\/uploads\/2021\/06\/Jardin-Botanico-La-Almuyna-del-Sur-Balerma-1920x1080.jpg"},{"@type":"BreadcrumbList","@id":"https:\/\/turismo.elejido.es\/index.php\/inicio\/#breadcrumb","itemListElement":[{"@type":"ListItem","position":1,"name":"Inicio","item":"https:\/\/turismo.elejido.es\/"},{"@type":"ListItem","position":2,"name":"Portal de turismo de El Ejido (Inicio original)"}]},{"@type":"WebSite","@id":"https:\/\/turismo.elejido.es\/#website","url":"https:\/\/turismo.elejido.es\/","name":"Turismo El Ejido","description":"Portal Oficial de Turismo del Municipio de El Ejido, Almerimar y Balerma situado en la costa de Almer\u00eda.","publisher":{"@id":"https:\/\/turismo.elejido.es\/#organization"},"potentialAction":[{"@type":"SearchAction","target":{"@type":"EntryPoint","urlTemplate":"https:\/\/turismo.elejido.es\/?s={search_term_string}"},"query-input":{"@type":"PropertyValueSpecification","valueRequired":true,"valueName":"search_term_string"}}],"inLanguage":"es"},{"@type":"Organization","@id":"https:\/\/turismo.elejido.es\/#organization","name":"Turismo El Ejido","url":"https:\/\/turismo.elejido.es\/","logo":{"@type":"ImageObject","inLanguage":"es","@id":"https:\/\/turismo.elejido.es\/#\/schema\/logo\/image\/","url":"https:\/\/turismo.elejido.es\/wp-content\/uploads\/2020\/12\/elejidoNaranja.png","contentUrl":"https:\/\/turismo.elejido.es\/wp-content\/uploads\/2020\/12\/elejidoNaranja.png","width":163,"height":92,"caption":"Turismo El Ejido"},"image":{"@id":"https:\/\/turismo.elejido.es\/#\/schema\/logo\/image\/"}}]}},"_links":{"self":[{"href":"https:\/\/turismo.elejido.es\/index.php\/wp-json\/wp\/v2\/pages\/691","targetHints":{"allow":["GET"]}}],"collection":[{"href":"https:\/\/turismo.elejido.es\/index.php\/wp-json\/wp\/v2\/pages"}],"about":[{"href":"https:\/\/turismo.elejido.es\/index.php\/wp-json\/wp\/v2\/types\/page"}],"author":[{"embeddable":true,"href":"https:\/\/turismo.elejido.es\/index.php\/wp-json\/wp\/v2\/users\/5"}],"replies":[{"embeddable":true,"href":"https:\/\/turismo.elejido.es\/index.php\/wp-json\/wp\/v2\/comments?post=691"}],"version-history":[{"count":0,"href":"https:\/\/turismo.elejido.es\/index.php\/wp-json\/wp\/v2\/pages\/691\/revisions"}],"wp:attachment":[{"href":"https:\/\/turismo.elejido.es\/index.php\/wp-json\/wp\/v2\/media?parent=691"}],"curies":[{"name":"wp","href":"https:\/\/api.w.org\/{rel}","templated":true}]}}